{"version":"1.0","provider_name":"FjALA e LIR\u00cb - Arkivi","provider_url":"https:\/\/fjala.info\/2009-2015","author_name":"admin","author_url":"https:\/\/fjala.info\/2009-2015\/author\/admin\/","title":"Z\u00ebvend\u00ebsi - FjALA e LIR\u00cb - Arkivi","type":"rich","width":600,"height":338,"html":"<blockquote class=\"wp-embedded-content\" data-secret=\"xRO3vGWNrv\"><a href=\"https:\/\/fjala.info\/2009-2015\/zevendesi\/\">Z\u00ebvend\u00ebsi<\/a><\/blockquote><iframe sandbox=\"allow-scripts\" security=\"restricted\" src=\"https:\/\/fjala.info\/2009-2015\/zevendesi\/embed\/#?secret=xRO3vGWNrv\" width=\"600\" height=\"338\" title=\"&#8220;Z\u00ebvend\u00ebsi&#8221; &#8212; FjALA e LIR\u00cb - Arkivi\" data-secret=\"xRO3vGWNrv\" frameborder=\"0\" marginwidth=\"0\" marginheight=\"0\" scrolling=\"no\" class=\"wp-embedded-content\"><\/iframe><script type=\"text\/javascript\">\n\/* <![CDATA[ *\/\n\/*! This file is auto-generated *\/\n!function(d,l){\"use strict\";l.querySelector&&d.addEventListener&&\"undefined\"!=typeof URL&&(d.wp=d.wp||{},d.wp.receiveEmbedMessage||(d.wp.receiveEmbedMessage=function(e){var t=e.data;if((t||t.secret||t.message||t.value)&&!\/[^a-zA-Z0-9]\/.test(t.secret)){for(var s,r,n,a=l.querySelectorAll('iframe[data-secret=\"'+t.secret+'\"]'),o=l.querySelectorAll('blockquote[data-secret=\"'+t.secret+'\"]'),c=new RegExp(\"^https?:$\",\"i\"),i=0;i<o.length;i++)o[i].style.display=\"none\";for(i=0;i<a.length;i++)s=a[i],e.source===s.contentWindow&&(s.removeAttribute(\"style\"),\"height\"===t.message?(1e3<(r=parseInt(t.value,10))?r=1e3:~~r<200&&(r=200),s.height=r):\"link\"===t.message&&(r=new URL(s.getAttribute(\"src\")),n=new URL(t.value),c.test(n.protocol))&&n.host===r.host&&l.activeElement===s&&(d.top.location.href=t.value))}},d.addEventListener(\"message\",d.wp.receiveEmbedMessage,!1),l.addEventListener(\"DOMContentLoaded\",function(){for(var e,t,s=l.querySelectorAll(\"iframe.wp-embedded-content\"),r=0;r<s.length;r++)(t=(e=s[r]).getAttribute(\"data-secret\"))||(t=Math.random().toString(36).substring(2,12),e.src+=\"#?secret=\"+t,e.setAttribute(\"data-secret\",t)),e.contentWindow.postMessage({message:\"ready\",secret:t},\"*\")},!1)))}(window,document);\n\/\/# sourceURL=https:\/\/fjala.info\/2009-2015\/wp-includes\/js\/wp-embed.min.js\n\/* ]]> *\/\n<\/script>\n","description":"Albin Kurti, 14.04.2011 Z\u00ebvend\u00ebsit z\u00ebvend\u00ebsojn\u00eb. Z\u00ebvend\u00ebsit z\u00ebvend\u00ebsojn\u00eb at\u00eb q\u00eb duhet z\u00ebvend\u00ebsuar, n\u00eb rast t\u00eb munges\u00ebs ose pamund\u00ebsis\u00eb. Pra, z\u00ebvend\u00ebsohet ai q\u00eb mungon ose ai q\u00eb s\u2019mundet. Z\u00ebvend\u00ebsimi \u00ebsht\u00eb z\u00ebvend\u00ebsim n\u00eb kushtet e munges\u00ebs s\u00eb pranis\u00eb s\u00eb atij q\u00eb, p\u00ebr pasoj\u00eb, duhet z\u00ebvend\u00ebsuar. Ose: z\u00ebvend\u00ebsimi \u00ebsht\u00eb z\u00ebvend\u00ebsim kur \u00ebsht\u00eb b\u00ebr\u00eb e pamundur q\u00eb t\u00eb funksionoj\u00eb ai, [&hellip;]","thumbnail_url":"http:\/\/www.shkoder.net\/images\/fjala\/albin_kurti.jpg"}