{"version":"1.0","provider_name":"FjALA e LIR\u00cb - Arkivi","provider_url":"https:\/\/fjala.info\/2009-2015","author_name":"admin","author_url":"https:\/\/fjala.info\/2009-2015\/author\/admin\/","title":"Vila e ish-zv. kryeministrit - FjALA e LIR\u00cb - Arkivi","type":"rich","width":600,"height":338,"html":"<blockquote class=\"wp-embedded-content\" data-secret=\"Y2nrVaayO7\"><a href=\"https:\/\/fjala.info\/2009-2015\/vila-e-ish-zv-kryeministrit\/\">Vila e ish-zv. kryeministrit<\/a><\/blockquote><iframe sandbox=\"allow-scripts\" security=\"restricted\" src=\"https:\/\/fjala.info\/2009-2015\/vila-e-ish-zv-kryeministrit\/embed\/#?secret=Y2nrVaayO7\" width=\"600\" height=\"338\" title=\"&#8220;Vila e ish-zv. kryeministrit&#8221; &#8212; FjALA e LIR\u00cb - Arkivi\" data-secret=\"Y2nrVaayO7\" frameborder=\"0\" marginwidth=\"0\" marginheight=\"0\" scrolling=\"no\" class=\"wp-embedded-content\"><\/iframe><script type=\"text\/javascript\">\n\/* <![CDATA[ *\/\n\/*! This file is auto-generated *\/\n!function(d,l){\"use strict\";l.querySelector&&d.addEventListener&&\"undefined\"!=typeof URL&&(d.wp=d.wp||{},d.wp.receiveEmbedMessage||(d.wp.receiveEmbedMessage=function(e){var t=e.data;if((t||t.secret||t.message||t.value)&&!\/[^a-zA-Z0-9]\/.test(t.secret)){for(var s,r,n,a=l.querySelectorAll('iframe[data-secret=\"'+t.secret+'\"]'),o=l.querySelectorAll('blockquote[data-secret=\"'+t.secret+'\"]'),c=new RegExp(\"^https?:$\",\"i\"),i=0;i<o.length;i++)o[i].style.display=\"none\";for(i=0;i<a.length;i++)s=a[i],e.source===s.contentWindow&&(s.removeAttribute(\"style\"),\"height\"===t.message?(1e3<(r=parseInt(t.value,10))?r=1e3:~~r<200&&(r=200),s.height=r):\"link\"===t.message&&(r=new URL(s.getAttribute(\"src\")),n=new URL(t.value),c.test(n.protocol))&&n.host===r.host&&l.activeElement===s&&(d.top.location.href=t.value))}},d.addEventListener(\"message\",d.wp.receiveEmbedMessage,!1),l.addEventListener(\"DOMContentLoaded\",function(){for(var e,t,s=l.querySelectorAll(\"iframe.wp-embedded-content\"),r=0;r<s.length;r++)(t=(e=s[r]).getAttribute(\"data-secret\"))||(t=Math.random().toString(36).substring(2,12),e.src+=\"#?secret=\"+t,e.setAttribute(\"data-secret\",t)),e.contentWindow.postMessage({message:\"ready\",secret:t},\"*\")},!1)))}(window,document);\n\/\/# sourceURL=https:\/\/fjala.info\/2009-2015\/wp-includes\/js\/wp-embed.min.js\n\/* ]]> *\/\n<\/script>\n","description":"Shekulli, 26.02.2011 N\u00ebse hap faqen online n\u00eb firm\u00ebs nd\u00ebrtuese, sip\u00ebrfaqet e nd\u00ebrtimeve q\u00eb p\u00ebrb\u00ebjn\u00eb fshatin turistik prej 12 hektar\u00ebsh jan\u00eb me shifra &#8220;modeste&#8221;: nj\u00eb hotel turistik tre kat\u00ebsh me sip\u00ebrfaqe 8500 met\u00ebr katror\u00eb, restorante me sip\u00ebrfaqe 1500 met\u00ebr katror\u00eb, nj\u00eb supermarket 900 met\u00ebr katror\u00eb, nj\u00eb qend\u00ebr sh\u00ebrbimesh dhe nj\u00eb kulturore me 1500 met\u00ebr katror\u00eb. T\u00eb [&hellip;]","thumbnail_url":"http:\/\/fjala.shkoder.net\/wp-content\/uploads\/2011\/02\/vile_ilir_meta-300x177.jpg"}