{"version":"1.0","provider_name":"FjALA e LIR\u00cb - Arkivi","provider_url":"https:\/\/fjala.info\/2009-2015","author_name":"admin","author_url":"https:\/\/fjala.info\/2009-2015\/author\/admin\/","title":"TREGIM P\u00cbR BABAN\u00cb TIM - FjALA e LIR\u00cb - Arkivi","type":"rich","width":600,"height":338,"html":"<blockquote class=\"wp-embedded-content\" data-secret=\"oGh3D5mdSw\"><a href=\"https:\/\/fjala.info\/2009-2015\/tregim-per-babane-tim\/\">TREGIM P\u00cbR BABAN\u00cb TIM<\/a><\/blockquote><iframe sandbox=\"allow-scripts\" security=\"restricted\" src=\"https:\/\/fjala.info\/2009-2015\/tregim-per-babane-tim\/embed\/#?secret=oGh3D5mdSw\" width=\"600\" height=\"338\" title=\"&#8220;TREGIM P\u00cbR BABAN\u00cb TIM&#8221; &#8212; FjALA e LIR\u00cb - Arkivi\" data-secret=\"oGh3D5mdSw\" frameborder=\"0\" marginwidth=\"0\" marginheight=\"0\" scrolling=\"no\" class=\"wp-embedded-content\"><\/iframe><script type=\"text\/javascript\">\n\/* <![CDATA[ *\/\n\/*! This file is auto-generated *\/\n!function(d,l){\"use strict\";l.querySelector&&d.addEventListener&&\"undefined\"!=typeof URL&&(d.wp=d.wp||{},d.wp.receiveEmbedMessage||(d.wp.receiveEmbedMessage=function(e){var t=e.data;if((t||t.secret||t.message||t.value)&&!\/[^a-zA-Z0-9]\/.test(t.secret)){for(var s,r,n,a=l.querySelectorAll('iframe[data-secret=\"'+t.secret+'\"]'),o=l.querySelectorAll('blockquote[data-secret=\"'+t.secret+'\"]'),c=new RegExp(\"^https?:$\",\"i\"),i=0;i<o.length;i++)o[i].style.display=\"none\";for(i=0;i<a.length;i++)s=a[i],e.source===s.contentWindow&&(s.removeAttribute(\"style\"),\"height\"===t.message?(1e3<(r=parseInt(t.value,10))?r=1e3:~~r<200&&(r=200),s.height=r):\"link\"===t.message&&(r=new URL(s.getAttribute(\"src\")),n=new URL(t.value),c.test(n.protocol))&&n.host===r.host&&l.activeElement===s&&(d.top.location.href=t.value))}},d.addEventListener(\"message\",d.wp.receiveEmbedMessage,!1),l.addEventListener(\"DOMContentLoaded\",function(){for(var e,t,s=l.querySelectorAll(\"iframe.wp-embedded-content\"),r=0;r<s.length;r++)(t=(e=s[r]).getAttribute(\"data-secret\"))||(t=Math.random().toString(36).substring(2,12),e.src+=\"#?secret=\"+t,e.setAttribute(\"data-secret\",t)),e.contentWindow.postMessage({message:\"ready\",secret:t},\"*\")},!1)))}(window,document);\n\/\/# sourceURL=https:\/\/fjala.info\/2009-2015\/wp-includes\/js\/wp-embed.min.js\n\/* ]]> *\/\n<\/script>\n","description":"\u2013 Nga ALI PODRIMJA, voal.ch | 15 dusht 2015 Ndjes\u00eb past\u00eb babai im, \u00e7do gj\u00eb ndryshe e kuptonte dhe kurr\u00eb nuk munda ta bind se nuk \u00ebsht\u00eb ashtu. Ai vet\u00ebm ngrinte dor\u00ebn dhe thoshte \u201cTi je i vog\u00ebl, or bir!\u201d Si vet\u00ebtima shk\u00ebputej nga sht\u00ebpia. Dilte dikund n\u00eb breg t\u00eb Erenikut dhe kthehej n\u00eb mbr\u00ebmje [&hellip;]","thumbnail_url":"http:\/\/www.fjala.info\/2015\/ali_podrimja.jpg"}