{"version":"1.0","provider_name":"FjALA e LIR\u00cb - Arkivi","provider_url":"https:\/\/fjala.info\/2009-2015","author_name":"admin","author_url":"https:\/\/fjala.info\/2009-2015\/author\/admin\/","title":"Topi: Berish\u00ebn e ka larguar historia - FjALA e LIR\u00cb - Arkivi","type":"rich","width":600,"height":338,"html":"<blockquote class=\"wp-embedded-content\" data-secret=\"8izos3hReQ\"><a href=\"https:\/\/fjala.info\/2009-2015\/topi-berishen-e-ka-larguar-historia\/\">Topi: Berish\u00ebn e ka larguar historia<\/a><\/blockquote><iframe sandbox=\"allow-scripts\" security=\"restricted\" src=\"https:\/\/fjala.info\/2009-2015\/topi-berishen-e-ka-larguar-historia\/embed\/#?secret=8izos3hReQ\" width=\"600\" height=\"338\" title=\"&#8220;Topi: Berish\u00ebn e ka larguar historia&#8221; &#8212; FjALA e LIR\u00cb - Arkivi\" data-secret=\"8izos3hReQ\" frameborder=\"0\" marginwidth=\"0\" marginheight=\"0\" scrolling=\"no\" class=\"wp-embedded-content\"><\/iframe><script type=\"text\/javascript\">\n\/* <![CDATA[ *\/\n\/*! This file is auto-generated *\/\n!function(d,l){\"use strict\";l.querySelector&&d.addEventListener&&\"undefined\"!=typeof URL&&(d.wp=d.wp||{},d.wp.receiveEmbedMessage||(d.wp.receiveEmbedMessage=function(e){var t=e.data;if((t||t.secret||t.message||t.value)&&!\/[^a-zA-Z0-9]\/.test(t.secret)){for(var s,r,n,a=l.querySelectorAll('iframe[data-secret=\"'+t.secret+'\"]'),o=l.querySelectorAll('blockquote[data-secret=\"'+t.secret+'\"]'),c=new RegExp(\"^https?:$\",\"i\"),i=0;i<o.length;i++)o[i].style.display=\"none\";for(i=0;i<a.length;i++)s=a[i],e.source===s.contentWindow&&(s.removeAttribute(\"style\"),\"height\"===t.message?(1e3<(r=parseInt(t.value,10))?r=1e3:~~r<200&&(r=200),s.height=r):\"link\"===t.message&&(r=new URL(s.getAttribute(\"src\")),n=new URL(t.value),c.test(n.protocol))&&n.host===r.host&&l.activeElement===s&&(d.top.location.href=t.value))}},d.addEventListener(\"message\",d.wp.receiveEmbedMessage,!1),l.addEventListener(\"DOMContentLoaded\",function(){for(var e,t,s=l.querySelectorAll(\"iframe.wp-embedded-content\"),r=0;r<s.length;r++)(t=(e=s[r]).getAttribute(\"data-secret\"))||(t=Math.random().toString(36).substring(2,12),e.src+=\"#?secret=\"+t,e.setAttribute(\"data-secret\",t)),e.contentWindow.postMessage({message:\"ready\",secret:t},\"*\")},!1)))}(window,document);\n\/\/# sourceURL=https:\/\/fjala.info\/2009-2015\/wp-includes\/js\/wp-embed.min.js\n\/* ]]> *\/\n<\/script>\n","description":"Dita, 23 N\u00ebntor 2012 Kryetari i Frym\u00ebs s\u00eb Re Demokratike, Bamir Topi, gjat\u00eb p\u00ebrurimit t\u00eb deg\u00ebs s\u00eb partis\u00eb n\u00eb Shijak, l\u00ebshoi akuza t\u00eb reja t\u00eb ashpra ndaj kryeministrit Berisha, n\u00eb t\u00eb nj\u00ebjt\u00ebn koh\u00eb q\u00eb p\u00ebr her\u00eb t\u00eb par\u00eb b\u00ebri parashikimin ambicioz p\u00ebr \u201cfitimin e zgjedhjeve t\u00eb 2013-s\u201d. N\u00eb nj\u00eb fjalim t\u00eb mbajtur p\u00ebrpara publikut vendas, [&hellip;]","thumbnail_url":"http:\/\/www.fjala.info\/2012\/bamir_topi.jpg"}