{"version":"1.0","provider_name":"FjALA e LIR\u00cb - Arkivi","provider_url":"https:\/\/fjala.info\/2009-2015","author_name":"admin","author_url":"https:\/\/fjala.info\/2009-2015\/author\/admin\/","title":"Teodor Keko dhe vdekja - FjALA e LIR\u00cb - Arkivi","type":"rich","width":600,"height":338,"html":"<blockquote class=\"wp-embedded-content\" data-secret=\"F9tTwhQY4q\"><a href=\"https:\/\/fjala.info\/2009-2015\/teodor-keko-dhe-vdekja\/\">Teodor Keko dhe vdekja<\/a><\/blockquote><iframe sandbox=\"allow-scripts\" security=\"restricted\" src=\"https:\/\/fjala.info\/2009-2015\/teodor-keko-dhe-vdekja\/embed\/#?secret=F9tTwhQY4q\" width=\"600\" height=\"338\" title=\"&#8220;Teodor Keko dhe vdekja&#8221; &#8212; FjALA e LIR\u00cb - Arkivi\" data-secret=\"F9tTwhQY4q\" frameborder=\"0\" marginwidth=\"0\" marginheight=\"0\" scrolling=\"no\" class=\"wp-embedded-content\"><\/iframe><script type=\"text\/javascript\">\n\/* <![CDATA[ *\/\n\/*! This file is auto-generated *\/\n!function(d,l){\"use strict\";l.querySelector&&d.addEventListener&&\"undefined\"!=typeof URL&&(d.wp=d.wp||{},d.wp.receiveEmbedMessage||(d.wp.receiveEmbedMessage=function(e){var t=e.data;if((t||t.secret||t.message||t.value)&&!\/[^a-zA-Z0-9]\/.test(t.secret)){for(var s,r,n,a=l.querySelectorAll('iframe[data-secret=\"'+t.secret+'\"]'),o=l.querySelectorAll('blockquote[data-secret=\"'+t.secret+'\"]'),c=new RegExp(\"^https?:$\",\"i\"),i=0;i<o.length;i++)o[i].style.display=\"none\";for(i=0;i<a.length;i++)s=a[i],e.source===s.contentWindow&&(s.removeAttribute(\"style\"),\"height\"===t.message?(1e3<(r=parseInt(t.value,10))?r=1e3:~~r<200&&(r=200),s.height=r):\"link\"===t.message&&(r=new URL(s.getAttribute(\"src\")),n=new URL(t.value),c.test(n.protocol))&&n.host===r.host&&l.activeElement===s&&(d.top.location.href=t.value))}},d.addEventListener(\"message\",d.wp.receiveEmbedMessage,!1),l.addEventListener(\"DOMContentLoaded\",function(){for(var e,t,s=l.querySelectorAll(\"iframe.wp-embedded-content\"),r=0;r<s.length;r++)(t=(e=s[r]).getAttribute(\"data-secret\"))||(t=Math.random().toString(36).substring(2,12),e.src+=\"#?secret=\"+t,e.setAttribute(\"data-secret\",t)),e.contentWindow.postMessage({message:\"ready\",secret:t},\"*\")},!1)))}(window,document);\n\/\/# sourceURL=https:\/\/fjala.info\/2009-2015\/wp-includes\/js\/wp-embed.min.js\n\/* ]]> *\/\n<\/script>\n","description":"Nga Ilir Yzeiri, 21 gusht 2012 Nes\u00ebr b\u00ebhen dhjet\u00eb vjet nga dita kur nd\u00ebrroi jet\u00eb Teodor Keko. Kam dashur dhe m\u00eb par\u00eb t\u00eb hedh n\u00eb let\u00ebr dy apo tri rreshta p\u00ebr Dorin, madje sa her\u00eb q\u00eb ndeshesha n\u00eb rrug\u00eb me Ilirin, v\u00ebllain e Dorit, ndihesha si n\u00eb faj e shpeshher\u00eb m\u00eb dukej sikur m\u00eb thoshte, [&hellip;]","thumbnail_url":"http:\/\/www.fjala.info\/2012\/teodor_keko.jpg"}