{"version":"1.0","provider_name":"FjALA e LIR\u00cb - Arkivi","provider_url":"https:\/\/fjala.info\/2009-2015","author_name":"admin","author_url":"https:\/\/fjala.info\/2009-2015\/author\/admin\/","title":"T\u00eb gjitha rrug\u00ebt t\u00eb \u00e7ojn\u00eb n\u00eb zgjedhje - FjALA e LIR\u00cb - Arkivi","type":"rich","width":600,"height":338,"html":"<blockquote class=\"wp-embedded-content\" data-secret=\"lZR3VJupeQ\"><a href=\"https:\/\/fjala.info\/2009-2015\/te-gjitha-rruget-te-cojne-ne-zgjedhje\/\">T\u00eb gjitha rrug\u00ebt t\u00eb \u00e7ojn\u00eb n\u00eb zgjedhje<\/a><\/blockquote><iframe sandbox=\"allow-scripts\" security=\"restricted\" src=\"https:\/\/fjala.info\/2009-2015\/te-gjitha-rruget-te-cojne-ne-zgjedhje\/embed\/#?secret=lZR3VJupeQ\" width=\"600\" height=\"338\" title=\"&#8220;T\u00eb gjitha rrug\u00ebt t\u00eb \u00e7ojn\u00eb n\u00eb zgjedhje&#8221; &#8212; FjALA e LIR\u00cb - Arkivi\" data-secret=\"lZR3VJupeQ\" frameborder=\"0\" marginwidth=\"0\" marginheight=\"0\" scrolling=\"no\" class=\"wp-embedded-content\"><\/iframe><script type=\"text\/javascript\">\n\/* <![CDATA[ *\/\n\/*! This file is auto-generated *\/\n!function(d,l){\"use strict\";l.querySelector&&d.addEventListener&&\"undefined\"!=typeof URL&&(d.wp=d.wp||{},d.wp.receiveEmbedMessage||(d.wp.receiveEmbedMessage=function(e){var t=e.data;if((t||t.secret||t.message||t.value)&&!\/[^a-zA-Z0-9]\/.test(t.secret)){for(var s,r,n,a=l.querySelectorAll('iframe[data-secret=\"'+t.secret+'\"]'),o=l.querySelectorAll('blockquote[data-secret=\"'+t.secret+'\"]'),c=new RegExp(\"^https?:$\",\"i\"),i=0;i<o.length;i++)o[i].style.display=\"none\";for(i=0;i<a.length;i++)s=a[i],e.source===s.contentWindow&&(s.removeAttribute(\"style\"),\"height\"===t.message?(1e3<(r=parseInt(t.value,10))?r=1e3:~~r<200&&(r=200),s.height=r):\"link\"===t.message&&(r=new URL(s.getAttribute(\"src\")),n=new URL(t.value),c.test(n.protocol))&&n.host===r.host&&l.activeElement===s&&(d.top.location.href=t.value))}},d.addEventListener(\"message\",d.wp.receiveEmbedMessage,!1),l.addEventListener(\"DOMContentLoaded\",function(){for(var e,t,s=l.querySelectorAll(\"iframe.wp-embedded-content\"),r=0;r<s.length;r++)(t=(e=s[r]).getAttribute(\"data-secret\"))||(t=Math.random().toString(36).substring(2,12),e.src+=\"#?secret=\"+t,e.setAttribute(\"data-secret\",t)),e.contentWindow.postMessage({message:\"ready\",secret:t},\"*\")},!1)))}(window,document);\n\/\/# sourceURL=https:\/\/fjala.info\/2009-2015\/wp-includes\/js\/wp-embed.min.js\n\/* ]]> *\/\n<\/script>\n","description":"Shkruan : Lorenc Vangjeli, 31 Maj 2010 Dikur thuhej se t\u00eb gjitha rrug\u00ebt t\u00eb \u00e7ojn\u00eb n\u00eb Rom\u00eb. Tani, t\u00eb gjitha rrug\u00ebt q\u00eb mund t\u00eb ndjek\u00eb Shqip\u00ebria, t\u00eb \u00e7ojn\u00eb n\u00eb Bruksel. Pavar\u00ebsisht t\u00eb gjithave, n\u00eb mos sot, nes\u00ebr, nj\u00eb gj\u00eb e till\u00eb, do t\u00eb ndodh\u00eb. Edhe me liberalizimin e vizave, edhe me emancipimin e m\u00ebtejsh\u00ebm t\u00eb [&hellip;]","thumbnail_url":"http:\/\/www.shkoder.net\/images\/fjala\/lorenc_vangjeli.jpg"}