{"version":"1.0","provider_name":"FjALA e LIR\u00cb - Arkivi","provider_url":"https:\/\/fjala.info\/2009-2015","author_name":"admin","author_url":"https:\/\/fjala.info\/2009-2015\/author\/admin\/","title":"T\u00eb dal\u00ebsh mbi Ligjin - FjALA e LIR\u00cb - Arkivi","type":"rich","width":600,"height":338,"html":"<blockquote class=\"wp-embedded-content\" data-secret=\"sMUxrKU8Az\"><a href=\"https:\/\/fjala.info\/2009-2015\/te-dalesh-mbi-ligjin\/\">T\u00eb dal\u00ebsh mbi Ligjin<\/a><\/blockquote><iframe sandbox=\"allow-scripts\" security=\"restricted\" src=\"https:\/\/fjala.info\/2009-2015\/te-dalesh-mbi-ligjin\/embed\/#?secret=sMUxrKU8Az\" width=\"600\" height=\"338\" title=\"&#8220;T\u00eb dal\u00ebsh mbi Ligjin&#8221; &#8212; FjALA e LIR\u00cb - Arkivi\" data-secret=\"sMUxrKU8Az\" frameborder=\"0\" marginwidth=\"0\" marginheight=\"0\" scrolling=\"no\" class=\"wp-embedded-content\"><\/iframe><script type=\"text\/javascript\">\n\/* <![CDATA[ *\/\n\/*! This file is auto-generated *\/\n!function(d,l){\"use strict\";l.querySelector&&d.addEventListener&&\"undefined\"!=typeof URL&&(d.wp=d.wp||{},d.wp.receiveEmbedMessage||(d.wp.receiveEmbedMessage=function(e){var t=e.data;if((t||t.secret||t.message||t.value)&&!\/[^a-zA-Z0-9]\/.test(t.secret)){for(var s,r,n,a=l.querySelectorAll('iframe[data-secret=\"'+t.secret+'\"]'),o=l.querySelectorAll('blockquote[data-secret=\"'+t.secret+'\"]'),c=new RegExp(\"^https?:$\",\"i\"),i=0;i<o.length;i++)o[i].style.display=\"none\";for(i=0;i<a.length;i++)s=a[i],e.source===s.contentWindow&&(s.removeAttribute(\"style\"),\"height\"===t.message?(1e3<(r=parseInt(t.value,10))?r=1e3:~~r<200&&(r=200),s.height=r):\"link\"===t.message&&(r=new URL(s.getAttribute(\"src\")),n=new URL(t.value),c.test(n.protocol))&&n.host===r.host&&l.activeElement===s&&(d.top.location.href=t.value))}},d.addEventListener(\"message\",d.wp.receiveEmbedMessage,!1),l.addEventListener(\"DOMContentLoaded\",function(){for(var e,t,s=l.querySelectorAll(\"iframe.wp-embedded-content\"),r=0;r<s.length;r++)(t=(e=s[r]).getAttribute(\"data-secret\"))||(t=Math.random().toString(36).substring(2,12),e.src+=\"#?secret=\"+t,e.setAttribute(\"data-secret\",t)),e.contentWindow.postMessage({message:\"ready\",secret:t},\"*\")},!1)))}(window,document);\n\/\/# sourceURL=https:\/\/fjala.info\/2009-2015\/wp-includes\/js\/wp-embed.min.js\n\/* ]]> *\/\n<\/script>\n","description":"Nga Elira Canga, 25.11.2010 Ngjarja e 14 n\u00ebntorit, kur nj\u00eb deputete shqiptare l\u00ebshoi nj\u00eb bresh\u00ebri sharjesh ndaj nj\u00eb polici t\u00eb thjesht\u00eb n\u00eb kufi rin mes Shqip\u00ebris\u00eb dhe Kosov\u00ebs,vet\u00ebm sepse donte t\u00eb kalonte me nxitim, pa pritur n\u00eb radh\u00eb si t\u00eb tjer\u00ebt e pa respektuar procedurat, ishte tep\u00ebr banale p\u00ebr t\u2019u kujtuar gjat\u00eb. P\u00ebr moszbatim t\u00eb [&hellip;]","thumbnail_url":"http:\/\/fjala.shkoder.net\/wp-content\/uploads\/2010\/10\/albana_vokshi1.jpg"}