{"version":"1.0","provider_name":"FjALA e LIR\u00cb - Arkivi","provider_url":"https:\/\/fjala.info\/2009-2015","author_name":"admin","author_url":"https:\/\/fjala.info\/2009-2015\/author\/admin\/","title":"Ta heqim qafe m\u00eb 23 qershor - FjALA e LIR\u00cb - Arkivi","type":"rich","width":600,"height":338,"html":"<blockquote class=\"wp-embedded-content\" data-secret=\"JJSsEjn5Wo\"><a href=\"https:\/\/fjala.info\/2009-2015\/ta-heqim-qafe-me-23-qershor\/\">Ta heqim qafe m\u00eb 23 qershor<\/a><\/blockquote><iframe sandbox=\"allow-scripts\" security=\"restricted\" src=\"https:\/\/fjala.info\/2009-2015\/ta-heqim-qafe-me-23-qershor\/embed\/#?secret=JJSsEjn5Wo\" width=\"600\" height=\"338\" title=\"&#8220;Ta heqim qafe m\u00eb 23 qershor&#8221; &#8212; FjALA e LIR\u00cb - Arkivi\" data-secret=\"JJSsEjn5Wo\" frameborder=\"0\" marginwidth=\"0\" marginheight=\"0\" scrolling=\"no\" class=\"wp-embedded-content\"><\/iframe><script type=\"text\/javascript\">\n\/* <![CDATA[ *\/\n\/*! This file is auto-generated *\/\n!function(d,l){\"use strict\";l.querySelector&&d.addEventListener&&\"undefined\"!=typeof URL&&(d.wp=d.wp||{},d.wp.receiveEmbedMessage||(d.wp.receiveEmbedMessage=function(e){var t=e.data;if((t||t.secret||t.message||t.value)&&!\/[^a-zA-Z0-9]\/.test(t.secret)){for(var s,r,n,a=l.querySelectorAll('iframe[data-secret=\"'+t.secret+'\"]'),o=l.querySelectorAll('blockquote[data-secret=\"'+t.secret+'\"]'),c=new RegExp(\"^https?:$\",\"i\"),i=0;i<o.length;i++)o[i].style.display=\"none\";for(i=0;i<a.length;i++)s=a[i],e.source===s.contentWindow&&(s.removeAttribute(\"style\"),\"height\"===t.message?(1e3<(r=parseInt(t.value,10))?r=1e3:~~r<200&&(r=200),s.height=r):\"link\"===t.message&&(r=new URL(s.getAttribute(\"src\")),n=new URL(t.value),c.test(n.protocol))&&n.host===r.host&&l.activeElement===s&&(d.top.location.href=t.value))}},d.addEventListener(\"message\",d.wp.receiveEmbedMessage,!1),l.addEventListener(\"DOMContentLoaded\",function(){for(var e,t,s=l.querySelectorAll(\"iframe.wp-embedded-content\"),r=0;r<s.length;r++)(t=(e=s[r]).getAttribute(\"data-secret\"))||(t=Math.random().toString(36).substring(2,12),e.src+=\"#?secret=\"+t,e.setAttribute(\"data-secret\",t)),e.contentWindow.postMessage({message:\"ready\",secret:t},\"*\")},!1)))}(window,document);\n\/\/# sourceURL=https:\/\/fjala.info\/2009-2015\/wp-includes\/js\/wp-embed.min.js\n\/* ]]> *\/\n<\/script>\n","description":"Niko Doda\/Qytetar, 22.05.2013 Profili psikomoral i Kryeministrit sidomos kat\u00ebrvje\u00e7arin e fundit ka p\u00ebsuar shum\u00eb ndryshime dhe turbullimet n\u00eb personalitetin e tij jan\u00eb m\u00ebse t\u00eb dukshme nga t\u00eb gjith\u00eb, brenda dhe jasht\u00eb vendit. Kjo p\u00ebr arsye t\u00eb postit q\u00eb mban dhe detyr\u00ebs q\u00eb ushtron. Tre turbullimet kryesore t\u00eb personalitetit t\u00eb tij q\u00eb shprehen me forc\u00eb t\u00eb [&hellip;]","thumbnail_url":"http:\/\/www.fjala.info\/2013\/rrezimi_bustit.jpg"}