{"version":"1.0","provider_name":"FjALA e LIR\u00cb - Arkivi","provider_url":"https:\/\/fjala.info\/2009-2015","author_name":"admin","author_url":"https:\/\/fjala.info\/2009-2015\/author\/admin\/","title":"Strehimi i muxhahedin\u00ebve, Teherani paralajm\u00ebron Tiran\u00ebn - FjALA e LIR\u00cb - Arkivi","type":"rich","width":600,"height":338,"html":"<blockquote class=\"wp-embedded-content\" data-secret=\"00bi8EPlOd\"><a href=\"https:\/\/fjala.info\/2009-2015\/strehimi-i-muxhahedineve-teherani-paralajmeron-tiranen\/\">Strehimi i muxhahedin\u00ebve, Teherani paralajm\u00ebron Tiran\u00ebn<\/a><\/blockquote><iframe sandbox=\"allow-scripts\" security=\"restricted\" src=\"https:\/\/fjala.info\/2009-2015\/strehimi-i-muxhahedineve-teherani-paralajmeron-tiranen\/embed\/#?secret=00bi8EPlOd\" width=\"600\" height=\"338\" title=\"&#8220;Strehimi i muxhahedin\u00ebve, Teherani paralajm\u00ebron Tiran\u00ebn&#8221; &#8212; FjALA e LIR\u00cb - Arkivi\" data-secret=\"00bi8EPlOd\" frameborder=\"0\" marginwidth=\"0\" marginheight=\"0\" scrolling=\"no\" class=\"wp-embedded-content\"><\/iframe><script type=\"text\/javascript\">\n\/* <![CDATA[ *\/\n\/*! This file is auto-generated *\/\n!function(d,l){\"use strict\";l.querySelector&&d.addEventListener&&\"undefined\"!=typeof URL&&(d.wp=d.wp||{},d.wp.receiveEmbedMessage||(d.wp.receiveEmbedMessage=function(e){var t=e.data;if((t||t.secret||t.message||t.value)&&!\/[^a-zA-Z0-9]\/.test(t.secret)){for(var s,r,n,a=l.querySelectorAll('iframe[data-secret=\"'+t.secret+'\"]'),o=l.querySelectorAll('blockquote[data-secret=\"'+t.secret+'\"]'),c=new RegExp(\"^https?:$\",\"i\"),i=0;i<o.length;i++)o[i].style.display=\"none\";for(i=0;i<a.length;i++)s=a[i],e.source===s.contentWindow&&(s.removeAttribute(\"style\"),\"height\"===t.message?(1e3<(r=parseInt(t.value,10))?r=1e3:~~r<200&&(r=200),s.height=r):\"link\"===t.message&&(r=new URL(s.getAttribute(\"src\")),n=new URL(t.value),c.test(n.protocol))&&n.host===r.host&&l.activeElement===s&&(d.top.location.href=t.value))}},d.addEventListener(\"message\",d.wp.receiveEmbedMessage,!1),l.addEventListener(\"DOMContentLoaded\",function(){for(var e,t,s=l.querySelectorAll(\"iframe.wp-embedded-content\"),r=0;r<s.length;r++)(t=(e=s[r]).getAttribute(\"data-secret\"))||(t=Math.random().toString(36).substring(2,12),e.src+=\"#?secret=\"+t,e.setAttribute(\"data-secret\",t)),e.contentWindow.postMessage({message:\"ready\",secret:t},\"*\")},!1)))}(window,document);\n\/\/# sourceURL=https:\/\/fjala.info\/2009-2015\/wp-includes\/js\/wp-embed.min.js\n\/* ]]> *\/\n<\/script>\n","description":"TemA Online, 19 Maj 2013 Teherani ka paralajm\u00ebruar Tiran\u00ebn zyrtare se pranimi i i 14 prej 210 an\u00ebtar\u00ebve t\u00eb organizat\u00ebs Mojahedin-e-Khalq, ose si\u00e7 njihen ndryshe me emrin Muxhahedin\u00ebt e popullit iranian, do t\u00eb k\u00ebrc\u00ebnoj\u00eb sigurin\u00eb komb\u00ebtare t\u00eb vendit. Sipas agjensis\u00eb s\u00eb lajmeve iraaniane \u201cFars News\u201d, an\u00ebtari i Bordit Kryesues i Parlamentit iranian, Baqer Hosseini Seyed, [&hellip;]","thumbnail_url":"http:\/\/www.fjala.info\/2013\/muxhahedinet.jpg"}