{"version":"1.0","provider_name":"FjALA e LIR\u00cb - Arkivi","provider_url":"https:\/\/fjala.info\/2009-2015","author_name":"admin","author_url":"https:\/\/fjala.info\/2009-2015\/author\/admin\/","title":"SHQIPTAR\u00cbT \u2013 NJ\u00cb GJUH\u00cb, NJ\u00cb HISTORI, NJ\u00cb KOMB - FjALA e LIR\u00cb - Arkivi","type":"rich","width":600,"height":338,"html":"<blockquote class=\"wp-embedded-content\" data-secret=\"gDwf7IO6RX\"><a href=\"https:\/\/fjala.info\/2009-2015\/shqiptaret-nje-gjuhe-nje-histori-nje-komb\/\">SHQIPTAR\u00cbT \u2013 NJ\u00cb GJUH\u00cb, NJ\u00cb HISTORI, NJ\u00cb KOMB<\/a><\/blockquote><iframe sandbox=\"allow-scripts\" security=\"restricted\" src=\"https:\/\/fjala.info\/2009-2015\/shqiptaret-nje-gjuhe-nje-histori-nje-komb\/embed\/#?secret=gDwf7IO6RX\" width=\"600\" height=\"338\" title=\"&#8220;SHQIPTAR\u00cbT \u2013 NJ\u00cb GJUH\u00cb, NJ\u00cb HISTORI, NJ\u00cb KOMB&#8221; &#8212; FjALA e LIR\u00cb - Arkivi\" data-secret=\"gDwf7IO6RX\" frameborder=\"0\" marginwidth=\"0\" marginheight=\"0\" scrolling=\"no\" class=\"wp-embedded-content\"><\/iframe><script type=\"text\/javascript\">\n\/* <![CDATA[ *\/\n\/*! This file is auto-generated *\/\n!function(d,l){\"use strict\";l.querySelector&&d.addEventListener&&\"undefined\"!=typeof URL&&(d.wp=d.wp||{},d.wp.receiveEmbedMessage||(d.wp.receiveEmbedMessage=function(e){var t=e.data;if((t||t.secret||t.message||t.value)&&!\/[^a-zA-Z0-9]\/.test(t.secret)){for(var s,r,n,a=l.querySelectorAll('iframe[data-secret=\"'+t.secret+'\"]'),o=l.querySelectorAll('blockquote[data-secret=\"'+t.secret+'\"]'),c=new RegExp(\"^https?:$\",\"i\"),i=0;i<o.length;i++)o[i].style.display=\"none\";for(i=0;i<a.length;i++)s=a[i],e.source===s.contentWindow&&(s.removeAttribute(\"style\"),\"height\"===t.message?(1e3<(r=parseInt(t.value,10))?r=1e3:~~r<200&&(r=200),s.height=r):\"link\"===t.message&&(r=new URL(s.getAttribute(\"src\")),n=new URL(t.value),c.test(n.protocol))&&n.host===r.host&&l.activeElement===s&&(d.top.location.href=t.value))}},d.addEventListener(\"message\",d.wp.receiveEmbedMessage,!1),l.addEventListener(\"DOMContentLoaded\",function(){for(var e,t,s=l.querySelectorAll(\"iframe.wp-embedded-content\"),r=0;r<s.length;r++)(t=(e=s[r]).getAttribute(\"data-secret\"))||(t=Math.random().toString(36).substring(2,12),e.src+=\"#?secret=\"+t,e.setAttribute(\"data-secret\",t)),e.contentWindow.postMessage({message:\"ready\",secret:t},\"*\")},!1)))}(window,document);\n\/\/# sourceURL=https:\/\/fjala.info\/2009-2015\/wp-includes\/js\/wp-embed.min.js\n\/* ]]> *\/\n<\/script>\n","description":"Xhelal Zejneli Koh\u00ebt e fundit n\u00eb hap\u00ebsir\u00ebn shqiptare n\u00eb Ballkan paraqiten do ide, sipas t\u00eb cilave shqiptar\u00ebt nuk qenk\u00ebshin nj\u00eb komb por dy a m\u00eb shum\u00eb sish. Fatmir\u00ebsisht, numri i atyre q\u00eb thon\u00eb se nd\u00ebrmjet shqiptar\u00ebve t\u00eb Shqip\u00ebris\u00eb dhe shqiptar\u00ebve jasht\u00eb saj, ka dallime t\u00eb caktuara, \u00ebsht\u00eb tejet i vog\u00ebl dhe num\u00ebrohet n\u00eb gishta. Shqiptar\u00ebt [&hellip;]","thumbnail_url":"http:\/\/fjala.shkoder.net\/wp-content\/uploads\/2011\/03\/xhelal_zejneli1-150x150.jpg"}