{"version":"1.0","provider_name":"FjALA e LIR\u00cb - Arkivi","provider_url":"https:\/\/fjala.info\/2009-2015","author_name":"admin","author_url":"https:\/\/fjala.info\/2009-2015\/author\/admin\/","title":"SHQIP\u00cbRIA NE UDH\u00cbKRYQ APO POLITIKA E KRYQ\u00cbZUAR - FjALA e LIR\u00cb - Arkivi","type":"rich","width":600,"height":338,"html":"<blockquote class=\"wp-embedded-content\" data-secret=\"JjqApyZzwm\"><a href=\"https:\/\/fjala.info\/2009-2015\/shqiperia-ne-udhekryq-apo-politika-e-kryqezuar\/\">SHQIP\u00cbRIA NE UDH\u00cbKRYQ APO POLITIKA E KRYQ\u00cbZUAR<\/a><\/blockquote><iframe sandbox=\"allow-scripts\" security=\"restricted\" src=\"https:\/\/fjala.info\/2009-2015\/shqiperia-ne-udhekryq-apo-politika-e-kryqezuar\/embed\/#?secret=JjqApyZzwm\" width=\"600\" height=\"338\" title=\"&#8220;SHQIP\u00cbRIA NE UDH\u00cbKRYQ APO POLITIKA E KRYQ\u00cbZUAR&#8221; &#8212; FjALA e LIR\u00cb - Arkivi\" data-secret=\"JjqApyZzwm\" frameborder=\"0\" marginwidth=\"0\" marginheight=\"0\" scrolling=\"no\" class=\"wp-embedded-content\"><\/iframe><script type=\"text\/javascript\">\n\/* <![CDATA[ *\/\n\/*! This file is auto-generated *\/\n!function(d,l){\"use strict\";l.querySelector&&d.addEventListener&&\"undefined\"!=typeof URL&&(d.wp=d.wp||{},d.wp.receiveEmbedMessage||(d.wp.receiveEmbedMessage=function(e){var t=e.data;if((t||t.secret||t.message||t.value)&&!\/[^a-zA-Z0-9]\/.test(t.secret)){for(var s,r,n,a=l.querySelectorAll('iframe[data-secret=\"'+t.secret+'\"]'),o=l.querySelectorAll('blockquote[data-secret=\"'+t.secret+'\"]'),c=new RegExp(\"^https?:$\",\"i\"),i=0;i<o.length;i++)o[i].style.display=\"none\";for(i=0;i<a.length;i++)s=a[i],e.source===s.contentWindow&&(s.removeAttribute(\"style\"),\"height\"===t.message?(1e3<(r=parseInt(t.value,10))?r=1e3:~~r<200&&(r=200),s.height=r):\"link\"===t.message&&(r=new URL(s.getAttribute(\"src\")),n=new URL(t.value),c.test(n.protocol))&&n.host===r.host&&l.activeElement===s&&(d.top.location.href=t.value))}},d.addEventListener(\"message\",d.wp.receiveEmbedMessage,!1),l.addEventListener(\"DOMContentLoaded\",function(){for(var e,t,s=l.querySelectorAll(\"iframe.wp-embedded-content\"),r=0;r<s.length;r++)(t=(e=s[r]).getAttribute(\"data-secret\"))||(t=Math.random().toString(36).substring(2,12),e.src+=\"#?secret=\"+t,e.setAttribute(\"data-secret\",t)),e.contentWindow.postMessage({message:\"ready\",secret:t},\"*\")},!1)))}(window,document);\n\/\/# sourceURL=https:\/\/fjala.info\/2009-2015\/wp-includes\/js\/wp-embed.min.js\n\/* ]]> *\/\n<\/script>\n","description":"Libri 5. Vasil Tabaku Vasil Tabaku:\u201d SHQIP\u00cbRIA NE UDH\u00cbKRYQ APO POLITIKA E KRYQ\u00cbZUAR\u201d Sht\u00ebpia Botuese \u201cEPOS\u201d Tirane 2001 Redaktor \u2013 Muj\u00eb Bu\u00e7papaj Recensent: Kostaq Xoxi, Bardhyl Vu\u00e7it\u00ebrni, Behar Sinani (Fragmente nga libri) 1. HISTORIA KOMB\u00cbTARE, VETVETJA JONE Q\u00cb DUHET RISHKRUAR Nocioni \u201chistori\u201d, nuk \u00ebsht\u00eb thjesht nj\u00eb ngjarje, nj\u00eb rr\u00ebfenj\u00eb, apo nj\u00eb shkruarje datash, ky nocion [&hellip;]","thumbnail_url":"http:\/\/fjala.shkoder.net\/wp-content\/uploads\/2011\/02\/vasil_tabaku_shqiperia_ne_udhekryq.jpg"}