{"version":"1.0","provider_name":"FjALA e LIR\u00cb - Arkivi","provider_url":"https:\/\/fjala.info\/2009-2015","author_name":"admin","author_url":"https:\/\/fjala.info\/2009-2015\/author\/admin\/","title":"\u201cShqip\u00ebria, diktatur\u00eb fashiste, vidhen zgjedhjet pa filluar\u201d - FjALA e LIR\u00cb - Arkivi","type":"rich","width":600,"height":338,"html":"<blockquote class=\"wp-embedded-content\" data-secret=\"VI4XqgXzrI\"><a href=\"https:\/\/fjala.info\/2009-2015\/shqiperia-diktature-fashiste-vidhen-zgjedhjet-pa-filluar\/\">\u201cShqip\u00ebria, diktatur\u00eb fashiste, vidhen zgjedhjet pa filluar\u201d<\/a><\/blockquote><iframe sandbox=\"allow-scripts\" security=\"restricted\" src=\"https:\/\/fjala.info\/2009-2015\/shqiperia-diktature-fashiste-vidhen-zgjedhjet-pa-filluar\/embed\/#?secret=VI4XqgXzrI\" width=\"600\" height=\"338\" title=\"&#8220;\u201cShqip\u00ebria, diktatur\u00eb fashiste, vidhen zgjedhjet pa filluar\u201d&#8221; &#8212; FjALA e LIR\u00cb - Arkivi\" data-secret=\"VI4XqgXzrI\" frameborder=\"0\" marginwidth=\"0\" marginheight=\"0\" scrolling=\"no\" class=\"wp-embedded-content\"><\/iframe><script type=\"text\/javascript\">\n\/* <![CDATA[ *\/\n\/*! This file is auto-generated *\/\n!function(d,l){\"use strict\";l.querySelector&&d.addEventListener&&\"undefined\"!=typeof URL&&(d.wp=d.wp||{},d.wp.receiveEmbedMessage||(d.wp.receiveEmbedMessage=function(e){var t=e.data;if((t||t.secret||t.message||t.value)&&!\/[^a-zA-Z0-9]\/.test(t.secret)){for(var s,r,n,a=l.querySelectorAll('iframe[data-secret=\"'+t.secret+'\"]'),o=l.querySelectorAll('blockquote[data-secret=\"'+t.secret+'\"]'),c=new RegExp(\"^https?:$\",\"i\"),i=0;i<o.length;i++)o[i].style.display=\"none\";for(i=0;i<a.length;i++)s=a[i],e.source===s.contentWindow&&(s.removeAttribute(\"style\"),\"height\"===t.message?(1e3<(r=parseInt(t.value,10))?r=1e3:~~r<200&&(r=200),s.height=r):\"link\"===t.message&&(r=new URL(s.getAttribute(\"src\")),n=new URL(t.value),c.test(n.protocol))&&n.host===r.host&&l.activeElement===s&&(d.top.location.href=t.value))}},d.addEventListener(\"message\",d.wp.receiveEmbedMessage,!1),l.addEventListener(\"DOMContentLoaded\",function(){for(var e,t,s=l.querySelectorAll(\"iframe.wp-embedded-content\"),r=0;r<s.length;r++)(t=(e=s[r]).getAttribute(\"data-secret\"))||(t=Math.random().toString(36).substring(2,12),e.src+=\"#?secret=\"+t,e.setAttribute(\"data-secret\",t)),e.contentWindow.postMessage({message:\"ready\",secret:t},\"*\")},!1)))}(window,document);\n\/\/# sourceURL=https:\/\/fjala.info\/2009-2015\/wp-includes\/js\/wp-embed.min.js\n\/* ]]> *\/\n<\/script>\n","description":"Flet nga SHBA Shinasi Rama, nj\u00eb prej themeluesve t\u00eb Partis\u00eb Demokratike. Ndihma q\u00eb mund t\u00eb jap\u00eb diaspora. P\u00ebrse nuk kthehet n\u00eb politik\u00ebn shqiptare. Kritika p\u00ebr Selamin Plarent Shehu, 22.04.2013 Themeluesi dhe nj\u00eb nga figurat m\u00eb t\u00eb spikatura t\u00eb Partis\u00eb Demokratike dhe l\u00ebvizjes s\u00eb Dhjetorit \u201890, Shinasi Rama, gjat\u00eb nj\u00eb interviste p\u00ebr gazet\u00ebn \u2018Shekulli\u2019, deklaron se, [&hellip;]","thumbnail_url":"http:\/\/www.fjala.info\/2013\/shenasi_rama.jpg"}