{"version":"1.0","provider_name":"FjALA e LIR\u00cb - Arkivi","provider_url":"https:\/\/fjala.info\/2009-2015","author_name":"admin","author_url":"https:\/\/fjala.info\/2009-2015\/author\/admin\/","title":"Shqip\u00ebria dhe komunizmi - FjALA e LIR\u00cb - Arkivi","type":"rich","width":600,"height":338,"html":"<blockquote class=\"wp-embedded-content\" data-secret=\"dx3KPGpPhR\"><a href=\"https:\/\/fjala.info\/2009-2015\/shqiperia-dhe-komunizmi\/\">Shqip\u00ebria dhe komunizmi<\/a><\/blockquote><iframe sandbox=\"allow-scripts\" security=\"restricted\" src=\"https:\/\/fjala.info\/2009-2015\/shqiperia-dhe-komunizmi\/embed\/#?secret=dx3KPGpPhR\" width=\"600\" height=\"338\" title=\"&#8220;Shqip\u00ebria dhe komunizmi&#8221; &#8212; FjALA e LIR\u00cb - Arkivi\" data-secret=\"dx3KPGpPhR\" frameborder=\"0\" marginwidth=\"0\" marginheight=\"0\" scrolling=\"no\" class=\"wp-embedded-content\"><\/iframe><script type=\"text\/javascript\">\n\/* <![CDATA[ *\/\n\/*! This file is auto-generated *\/\n!function(d,l){\"use strict\";l.querySelector&&d.addEventListener&&\"undefined\"!=typeof URL&&(d.wp=d.wp||{},d.wp.receiveEmbedMessage||(d.wp.receiveEmbedMessage=function(e){var t=e.data;if((t||t.secret||t.message||t.value)&&!\/[^a-zA-Z0-9]\/.test(t.secret)){for(var s,r,n,a=l.querySelectorAll('iframe[data-secret=\"'+t.secret+'\"]'),o=l.querySelectorAll('blockquote[data-secret=\"'+t.secret+'\"]'),c=new RegExp(\"^https?:$\",\"i\"),i=0;i<o.length;i++)o[i].style.display=\"none\";for(i=0;i<a.length;i++)s=a[i],e.source===s.contentWindow&&(s.removeAttribute(\"style\"),\"height\"===t.message?(1e3<(r=parseInt(t.value,10))?r=1e3:~~r<200&&(r=200),s.height=r):\"link\"===t.message&&(r=new URL(s.getAttribute(\"src\")),n=new URL(t.value),c.test(n.protocol))&&n.host===r.host&&l.activeElement===s&&(d.top.location.href=t.value))}},d.addEventListener(\"message\",d.wp.receiveEmbedMessage,!1),l.addEventListener(\"DOMContentLoaded\",function(){for(var e,t,s=l.querySelectorAll(\"iframe.wp-embedded-content\"),r=0;r<s.length;r++)(t=(e=s[r]).getAttribute(\"data-secret\"))||(t=Math.random().toString(36).substring(2,12),e.src+=\"#?secret=\"+t,e.setAttribute(\"data-secret\",t)),e.contentWindow.postMessage({message:\"ready\",secret:t},\"*\")},!1)))}(window,document);\n\/\/# sourceURL=https:\/\/fjala.info\/2009-2015\/wp-includes\/js\/wp-embed.min.js\n\/* ]]> *\/\n<\/script>\n","description":"Nga Daniel Ursprung, Neue Z\u00fcrcher Zeitung &#8211; 06.01.2011 Asnj\u00eb vend tjet\u00ebr n\u00eb Europ\u00ebn Lindore nuk ka kaq shum\u00eb monumente, ndoshta edhe t\u00eb pavullnetshme, q\u00eb t\u00eb kujtojn\u00eb sundimin komunist si n\u00eb Shqip\u00ebri. N\u00eb asnj\u00eb vend tjet\u00ebr t\u00eb Europ\u00ebs Lindore nuk ekzistojn\u00eb kaq pak studime serioze n\u00eb lidhje me periudh\u00ebn e socializmit si n\u00eb Shqip\u00ebri &#8211; nuk [&hellip;]"}