{"version":"1.0","provider_name":"FjALA e LIR\u00cb - Arkivi","provider_url":"https:\/\/fjala.info\/2009-2015","author_name":"admin","author_url":"https:\/\/fjala.info\/2009-2015\/author\/admin\/","title":"SHOQ\u00cbRIA SHQIPTARE \u00cbSHT\u00cb DOR\u00cbZUAR - FjALA e LIR\u00cb - Arkivi","type":"rich","width":600,"height":338,"html":"<blockquote class=\"wp-embedded-content\" data-secret=\"6MjewKFcLp\"><a href=\"https:\/\/fjala.info\/2009-2015\/shoqeria-shqiptare-eshte-dorezuar\/\">SHOQ\u00cbRIA SHQIPTARE \u00cbSHT\u00cb DOR\u00cbZUAR<\/a><\/blockquote><iframe sandbox=\"allow-scripts\" security=\"restricted\" src=\"https:\/\/fjala.info\/2009-2015\/shoqeria-shqiptare-eshte-dorezuar\/embed\/#?secret=6MjewKFcLp\" width=\"600\" height=\"338\" title=\"&#8220;SHOQ\u00cbRIA SHQIPTARE \u00cbSHT\u00cb DOR\u00cbZUAR&#8221; &#8212; FjALA e LIR\u00cb - Arkivi\" data-secret=\"6MjewKFcLp\" frameborder=\"0\" marginwidth=\"0\" marginheight=\"0\" scrolling=\"no\" class=\"wp-embedded-content\"><\/iframe><script type=\"text\/javascript\">\n\/* <![CDATA[ *\/\n\/*! This file is auto-generated *\/\n!function(d,l){\"use strict\";l.querySelector&&d.addEventListener&&\"undefined\"!=typeof URL&&(d.wp=d.wp||{},d.wp.receiveEmbedMessage||(d.wp.receiveEmbedMessage=function(e){var t=e.data;if((t||t.secret||t.message||t.value)&&!\/[^a-zA-Z0-9]\/.test(t.secret)){for(var s,r,n,a=l.querySelectorAll('iframe[data-secret=\"'+t.secret+'\"]'),o=l.querySelectorAll('blockquote[data-secret=\"'+t.secret+'\"]'),c=new RegExp(\"^https?:$\",\"i\"),i=0;i<o.length;i++)o[i].style.display=\"none\";for(i=0;i<a.length;i++)s=a[i],e.source===s.contentWindow&&(s.removeAttribute(\"style\"),\"height\"===t.message?(1e3<(r=parseInt(t.value,10))?r=1e3:~~r<200&&(r=200),s.height=r):\"link\"===t.message&&(r=new URL(s.getAttribute(\"src\")),n=new URL(t.value),c.test(n.protocol))&&n.host===r.host&&l.activeElement===s&&(d.top.location.href=t.value))}},d.addEventListener(\"message\",d.wp.receiveEmbedMessage,!1),l.addEventListener(\"DOMContentLoaded\",function(){for(var e,t,s=l.querySelectorAll(\"iframe.wp-embedded-content\"),r=0;r<s.length;r++)(t=(e=s[r]).getAttribute(\"data-secret\"))||(t=Math.random().toString(36).substring(2,12),e.src+=\"#?secret=\"+t,e.setAttribute(\"data-secret\",t)),e.contentWindow.postMessage({message:\"ready\",secret:t},\"*\")},!1)))}(window,document);\n\/\/# sourceURL=https:\/\/fjala.info\/2009-2015\/wp-includes\/js\/wp-embed.min.js\n\/* ]]> *\/\n<\/script>\n","description":"Mustafa Nano Zululand Shum\u00eb vet\u00eb e marrin me t\u00eb qeshur deklarat\u00ebn e p\u00ebrs\u00ebritur t\u00eb Berish\u00ebs, se \u201cai do t\u00eb jet\u00eb Kryeminist\u00ebr edhe 35 vjet t\u00eb tjera\u201d. Mir\u00ebpo \u00ebsht\u00eb nj\u00eb nga ato pak deklarata, me t\u00eb cilat Berisha as tallet, as g\u00ebnjen. Ndoshta gabon pak kur thot\u00eb 35 vjet (Berisha kontrollon e blen gjith\u00e7ka, por jo [&hellip;]","thumbnail_url":"http:\/\/www.shkoder.net\/images\/fjala\/mustafa_nano.jpg"}