{"version":"1.0","provider_name":"FjALA e LIR\u00cb - Arkivi","provider_url":"https:\/\/fjala.info\/2009-2015","author_name":"admin","author_url":"https:\/\/fjala.info\/2009-2015\/author\/admin\/","title":"Sfida e radh\u00ebs p\u00ebr intelektualin d\u00ebshtak - FjALA e LIR\u00cb - Arkivi","type":"rich","width":600,"height":338,"html":"<blockquote class=\"wp-embedded-content\" data-secret=\"f6PIfCDkTH\"><a href=\"https:\/\/fjala.info\/2009-2015\/sfida-e-radhes-per-intelektualin-deshtak\/\">Sfida e radh\u00ebs p\u00ebr intelektualin d\u00ebshtak<\/a><\/blockquote><iframe sandbox=\"allow-scripts\" security=\"restricted\" src=\"https:\/\/fjala.info\/2009-2015\/sfida-e-radhes-per-intelektualin-deshtak\/embed\/#?secret=f6PIfCDkTH\" width=\"600\" height=\"338\" title=\"&#8220;Sfida e radh\u00ebs p\u00ebr intelektualin d\u00ebshtak&#8221; &#8212; FjALA e LIR\u00cb - Arkivi\" data-secret=\"f6PIfCDkTH\" frameborder=\"0\" marginwidth=\"0\" marginheight=\"0\" scrolling=\"no\" class=\"wp-embedded-content\"><\/iframe><script type=\"text\/javascript\">\n\/* <![CDATA[ *\/\n\/*! This file is auto-generated *\/\n!function(d,l){\"use strict\";l.querySelector&&d.addEventListener&&\"undefined\"!=typeof URL&&(d.wp=d.wp||{},d.wp.receiveEmbedMessage||(d.wp.receiveEmbedMessage=function(e){var t=e.data;if((t||t.secret||t.message||t.value)&&!\/[^a-zA-Z0-9]\/.test(t.secret)){for(var s,r,n,a=l.querySelectorAll('iframe[data-secret=\"'+t.secret+'\"]'),o=l.querySelectorAll('blockquote[data-secret=\"'+t.secret+'\"]'),c=new RegExp(\"^https?:$\",\"i\"),i=0;i<o.length;i++)o[i].style.display=\"none\";for(i=0;i<a.length;i++)s=a[i],e.source===s.contentWindow&&(s.removeAttribute(\"style\"),\"height\"===t.message?(1e3<(r=parseInt(t.value,10))?r=1e3:~~r<200&&(r=200),s.height=r):\"link\"===t.message&&(r=new URL(s.getAttribute(\"src\")),n=new URL(t.value),c.test(n.protocol))&&n.host===r.host&&l.activeElement===s&&(d.top.location.href=t.value))}},d.addEventListener(\"message\",d.wp.receiveEmbedMessage,!1),l.addEventListener(\"DOMContentLoaded\",function(){for(var e,t,s=l.querySelectorAll(\"iframe.wp-embedded-content\"),r=0;r<s.length;r++)(t=(e=s[r]).getAttribute(\"data-secret\"))||(t=Math.random().toString(36).substring(2,12),e.src+=\"#?secret=\"+t,e.setAttribute(\"data-secret\",t)),e.contentWindow.postMessage({message:\"ready\",secret:t},\"*\")},!1)))}(window,document);\n\/\/# sourceURL=https:\/\/fjala.info\/2009-2015\/wp-includes\/js\/wp-embed.min.js\n\/* ]]> *\/\n<\/script>\n","description":"Bledar H. Prifti, 09.06.2010 Politika dhe intelektuali jan\u00eb dy element\u00eb t\u00eb d\u00ebshtuar t\u00eb shoq\u00ebris\u00eb Shqiptare. Politika konsiderohet d\u00ebshtake p\u00ebr vet\u00eb faktin se p\u00ebr dekada me radh\u00eb \u00ebsht\u00eb udh\u00ebhequr nga grupime dhe elita politike q\u00eb si prioritet nuk kan\u00eb pasur mbrojtjen e interesave t\u00eb shoq\u00ebris\u00eb, por privatizimin e shtetit dhe v\u00ebnien e tij n\u00eb sh\u00ebrbim t\u00eb [&hellip;]","thumbnail_url":"http:\/\/www.shkoder.net\/images\/fjala\/bledar_prifti.jpg"}