{"version":"1.0","provider_name":"FjALA e LIR\u00cb - Arkivi","provider_url":"https:\/\/fjala.info\/2009-2015","author_name":"admin","author_url":"https:\/\/fjala.info\/2009-2015\/author\/admin\/","title":"Sabri Hamiti : Pes\u00eb vjet pa Rugov\u00ebn - FjALA e LIR\u00cb - Arkivi","type":"rich","width":600,"height":338,"html":"<blockquote class=\"wp-embedded-content\" data-secret=\"6lI0pXrx7P\"><a href=\"https:\/\/fjala.info\/2009-2015\/sabri-hamiti-pese-vjet-pa-rugoven\/\">Sabri Hamiti : Pes\u00eb vjet pa Rugov\u00ebn<\/a><\/blockquote><iframe sandbox=\"allow-scripts\" security=\"restricted\" src=\"https:\/\/fjala.info\/2009-2015\/sabri-hamiti-pese-vjet-pa-rugoven\/embed\/#?secret=6lI0pXrx7P\" width=\"600\" height=\"338\" title=\"&#8220;Sabri Hamiti : Pes\u00eb vjet pa Rugov\u00ebn&#8221; &#8212; FjALA e LIR\u00cb - Arkivi\" data-secret=\"6lI0pXrx7P\" frameborder=\"0\" marginwidth=\"0\" marginheight=\"0\" scrolling=\"no\" class=\"wp-embedded-content\"><\/iframe><script type=\"text\/javascript\">\n\/* <![CDATA[ *\/\n\/*! This file is auto-generated *\/\n!function(d,l){\"use strict\";l.querySelector&&d.addEventListener&&\"undefined\"!=typeof URL&&(d.wp=d.wp||{},d.wp.receiveEmbedMessage||(d.wp.receiveEmbedMessage=function(e){var t=e.data;if((t||t.secret||t.message||t.value)&&!\/[^a-zA-Z0-9]\/.test(t.secret)){for(var s,r,n,a=l.querySelectorAll('iframe[data-secret=\"'+t.secret+'\"]'),o=l.querySelectorAll('blockquote[data-secret=\"'+t.secret+'\"]'),c=new RegExp(\"^https?:$\",\"i\"),i=0;i<o.length;i++)o[i].style.display=\"none\";for(i=0;i<a.length;i++)s=a[i],e.source===s.contentWindow&&(s.removeAttribute(\"style\"),\"height\"===t.message?(1e3<(r=parseInt(t.value,10))?r=1e3:~~r<200&&(r=200),s.height=r):\"link\"===t.message&&(r=new URL(s.getAttribute(\"src\")),n=new URL(t.value),c.test(n.protocol))&&n.host===r.host&&l.activeElement===s&&(d.top.location.href=t.value))}},d.addEventListener(\"message\",d.wp.receiveEmbedMessage,!1),l.addEventListener(\"DOMContentLoaded\",function(){for(var e,t,s=l.querySelectorAll(\"iframe.wp-embedded-content\"),r=0;r<s.length;r++)(t=(e=s[r]).getAttribute(\"data-secret\"))||(t=Math.random().toString(36).substring(2,12),e.src+=\"#?secret=\"+t,e.setAttribute(\"data-secret\",t)),e.contentWindow.postMessage({message:\"ready\",secret:t},\"*\")},!1)))}(window,document);\n\/\/# sourceURL=https:\/\/fjala.info\/2009-2015\/wp-includes\/js\/wp-embed.min.js\n\/* ]]> *\/\n<\/script>\n","description":"Prishtin\u00eb, 20 janar 2011 &#8211; Para pes\u00eb vitesh, kur Ibrahim Rugova mbylli syt\u00eb n\u00eb rezidenc\u00ebn e vet, n\u00eb Velani t\u00eb Prishtin\u00ebs, n\u00eb Kosov\u00eb ra gj\u00ebma e mpirja. Pak kush e kuptoi, p\u00ebrnj\u00ebher\u00eb, sa e madhe ishte prania e tij e sa trondit\u00ebse do t\u00eb jet\u00eb mungesa e tij n\u00eb Kosov\u00eb. T\u00ebfillimi u b\u00eb n\u00eb dit\u00ebt [&hellip;]","thumbnail_url":"http:\/\/fjala.shkoder.net\/wp-content\/uploads\/2011\/01\/rugova.jpg"}