{"version":"1.0","provider_name":"FjALA e LIR\u00cb - Arkivi","provider_url":"https:\/\/fjala.info\/2009-2015","author_name":"admin","author_url":"https:\/\/fjala.info\/2009-2015\/author\/admin\/","title":"Rrug\u00ebtimi yn\u00eb historik drejt vet\u00ebdijes kombtare - FjALA e LIR\u00cb - Arkivi","type":"rich","width":600,"height":338,"html":"<blockquote class=\"wp-embedded-content\" data-secret=\"4z4FBWZSTi\"><a href=\"https:\/\/fjala.info\/2009-2015\/rrugetimi-yne-historik-drejt-vetedijes-kombtare\/\">Rrug\u00ebtimi yn\u00eb historik drejt vet\u00ebdijes kombtare<\/a><\/blockquote><iframe sandbox=\"allow-scripts\" security=\"restricted\" src=\"https:\/\/fjala.info\/2009-2015\/rrugetimi-yne-historik-drejt-vetedijes-kombtare\/embed\/#?secret=4z4FBWZSTi\" width=\"600\" height=\"338\" title=\"&#8220;Rrug\u00ebtimi yn\u00eb historik drejt vet\u00ebdijes kombtare&#8221; &#8212; FjALA e LIR\u00cb - Arkivi\" data-secret=\"4z4FBWZSTi\" frameborder=\"0\" marginwidth=\"0\" marginheight=\"0\" scrolling=\"no\" class=\"wp-embedded-content\"><\/iframe><script type=\"text\/javascript\">\n\/* <![CDATA[ *\/\n\/*! This file is auto-generated *\/\n!function(d,l){\"use strict\";l.querySelector&&d.addEventListener&&\"undefined\"!=typeof URL&&(d.wp=d.wp||{},d.wp.receiveEmbedMessage||(d.wp.receiveEmbedMessage=function(e){var t=e.data;if((t||t.secret||t.message||t.value)&&!\/[^a-zA-Z0-9]\/.test(t.secret)){for(var s,r,n,a=l.querySelectorAll('iframe[data-secret=\"'+t.secret+'\"]'),o=l.querySelectorAll('blockquote[data-secret=\"'+t.secret+'\"]'),c=new RegExp(\"^https?:$\",\"i\"),i=0;i<o.length;i++)o[i].style.display=\"none\";for(i=0;i<a.length;i++)s=a[i],e.source===s.contentWindow&&(s.removeAttribute(\"style\"),\"height\"===t.message?(1e3<(r=parseInt(t.value,10))?r=1e3:~~r<200&&(r=200),s.height=r):\"link\"===t.message&&(r=new URL(s.getAttribute(\"src\")),n=new URL(t.value),c.test(n.protocol))&&n.host===r.host&&l.activeElement===s&&(d.top.location.href=t.value))}},d.addEventListener(\"message\",d.wp.receiveEmbedMessage,!1),l.addEventListener(\"DOMContentLoaded\",function(){for(var e,t,s=l.querySelectorAll(\"iframe.wp-embedded-content\"),r=0;r<s.length;r++)(t=(e=s[r]).getAttribute(\"data-secret\"))||(t=Math.random().toString(36).substring(2,12),e.src+=\"#?secret=\"+t,e.setAttribute(\"data-secret\",t)),e.contentWindow.postMessage({message:\"ready\",secret:t},\"*\")},!1)))}(window,document);\n\/\/# sourceURL=https:\/\/fjala.info\/2009-2015\/wp-includes\/js\/wp-embed.min.js\n\/* ]]> *\/\n<\/script>\n","description":"Ardian Ndreca Pakkush e ka t\u00eb qart\u00eb se studimi i historis\u00eb nuk ka t\u00eb baj\u00eb thjesht apo vet\u00ebm me nji lavdi t\u00eb pandehun t\u00eb kalueme, me beteja t\u00eb fitueme, me suksese apo sjellje tjera heroike t\u00eb nji populli. Historia ka t\u00eb baj\u00eb ma shum\u00eb me t\u00eb ardhmen se me t\u00eb kaluemen. Kjo e fundit nuk [&hellip;]","thumbnail_url":"http:\/\/www.fjala.info\/2013\/ardian_ndreca.jpg"}