{"version":"1.0","provider_name":"FjALA e LIR\u00cb - Arkivi","provider_url":"https:\/\/fjala.info\/2009-2015","author_name":"admin","author_url":"https:\/\/fjala.info\/2009-2015\/author\/admin\/","title":"Rreziku real i fenomenit Baze-Ta\u00e7i - FjALA e LIR\u00cb - Arkivi","type":"rich","width":600,"height":338,"html":"<blockquote class=\"wp-embedded-content\" data-secret=\"UrwduzPckX\"><a href=\"https:\/\/fjala.info\/2009-2015\/rreziku-real-i-fenomenit-baze-taci\/\">Rreziku real i fenomenit Baze-Ta\u00e7i<\/a><\/blockquote><iframe sandbox=\"allow-scripts\" security=\"restricted\" src=\"https:\/\/fjala.info\/2009-2015\/rreziku-real-i-fenomenit-baze-taci\/embed\/#?secret=UrwduzPckX\" width=\"600\" height=\"338\" title=\"&#8220;Rreziku real i fenomenit Baze-Ta\u00e7i&#8221; &#8212; FjALA e LIR\u00cb - Arkivi\" data-secret=\"UrwduzPckX\" frameborder=\"0\" marginwidth=\"0\" marginheight=\"0\" scrolling=\"no\" class=\"wp-embedded-content\"><\/iframe><script type=\"text\/javascript\">\n\/* <![CDATA[ *\/\n\/*! This file is auto-generated *\/\n!function(d,l){\"use strict\";l.querySelector&&d.addEventListener&&\"undefined\"!=typeof URL&&(d.wp=d.wp||{},d.wp.receiveEmbedMessage||(d.wp.receiveEmbedMessage=function(e){var t=e.data;if((t||t.secret||t.message||t.value)&&!\/[^a-zA-Z0-9]\/.test(t.secret)){for(var s,r,n,a=l.querySelectorAll('iframe[data-secret=\"'+t.secret+'\"]'),o=l.querySelectorAll('blockquote[data-secret=\"'+t.secret+'\"]'),c=new RegExp(\"^https?:$\",\"i\"),i=0;i<o.length;i++)o[i].style.display=\"none\";for(i=0;i<a.length;i++)s=a[i],e.source===s.contentWindow&&(s.removeAttribute(\"style\"),\"height\"===t.message?(1e3<(r=parseInt(t.value,10))?r=1e3:~~r<200&&(r=200),s.height=r):\"link\"===t.message&&(r=new URL(s.getAttribute(\"src\")),n=new URL(t.value),c.test(n.protocol))&&n.host===r.host&&l.activeElement===s&&(d.top.location.href=t.value))}},d.addEventListener(\"message\",d.wp.receiveEmbedMessage,!1),l.addEventListener(\"DOMContentLoaded\",function(){for(var e,t,s=l.querySelectorAll(\"iframe.wp-embedded-content\"),r=0;r<s.length;r++)(t=(e=s[r]).getAttribute(\"data-secret\"))||(t=Math.random().toString(36).substring(2,12),e.src+=\"#?secret=\"+t,e.setAttribute(\"data-secret\",t)),e.contentWindow.postMessage({message:\"ready\",secret:t},\"*\")},!1)))}(window,document);\n\/\/# sourceURL=https:\/\/fjala.info\/2009-2015\/wp-includes\/js\/wp-embed.min.js\n\/* ]]> *\/\n<\/script>\n","description":"Blendi Kajsiu, 10.11.2009 S\u00eb pari duhet th\u00ebn\u00eb q\u00eb reagimi publik q\u00eb shp\u00ebrtheu pas dhunimit t\u00eb gazetarit Mero Baze \u00ebsht\u00eb p\u00ebr t\u2019u p\u00ebrsh\u00ebndetur. Pavar\u00ebsisht se kush \u00ebsht\u00eb apo se \u00e7far\u00eb ka b\u00ebr\u00eb Mero Baze, ushtrimi i dhun\u00ebs ndaj nj\u00eb gazetari, sidomos nga persona af\u00ebr pushtetit, dhe p\u00ebr m\u00eb tep\u00ebr n\u00eb publik \u00ebsht\u00eb nj\u00eb akt i sh\u00ebmtuar [&hellip;]","thumbnail_url":"http:\/\/www.shkoder.net\/images\/fjala\/blendi_kajsiu.jpg"}