{"version":"1.0","provider_name":"FjALA e LIR\u00cb - Arkivi","provider_url":"https:\/\/fjala.info\/2009-2015","author_name":"admin","author_url":"https:\/\/fjala.info\/2009-2015\/author\/admin\/","title":"Rr\u00ebfej doktor Sali Berish\u00ebn n\u00eb Bllok - FjALA e LIR\u00cb - Arkivi","type":"rich","width":600,"height":338,"html":"<blockquote class=\"wp-embedded-content\" data-secret=\"hrDNHrRhMe\"><a href=\"https:\/\/fjala.info\/2009-2015\/rrefej-doktor-sali-berishen-ne-bllok\/\">Rr\u00ebfej doktor Sali Berish\u00ebn n\u00eb Bllok<\/a><\/blockquote><iframe sandbox=\"allow-scripts\" security=\"restricted\" src=\"https:\/\/fjala.info\/2009-2015\/rrefej-doktor-sali-berishen-ne-bllok\/embed\/#?secret=hrDNHrRhMe\" width=\"600\" height=\"338\" title=\"&#8220;Rr\u00ebfej doktor Sali Berish\u00ebn n\u00eb Bllok&#8221; &#8212; FjALA e LIR\u00cb - Arkivi\" data-secret=\"hrDNHrRhMe\" frameborder=\"0\" marginwidth=\"0\" marginheight=\"0\" scrolling=\"no\" class=\"wp-embedded-content\"><\/iframe><script type=\"text\/javascript\">\n\/* <![CDATA[ *\/\n\/*! This file is auto-generated *\/\n!function(d,l){\"use strict\";l.querySelector&&d.addEventListener&&\"undefined\"!=typeof URL&&(d.wp=d.wp||{},d.wp.receiveEmbedMessage||(d.wp.receiveEmbedMessage=function(e){var t=e.data;if((t||t.secret||t.message||t.value)&&!\/[^a-zA-Z0-9]\/.test(t.secret)){for(var s,r,n,a=l.querySelectorAll('iframe[data-secret=\"'+t.secret+'\"]'),o=l.querySelectorAll('blockquote[data-secret=\"'+t.secret+'\"]'),c=new RegExp(\"^https?:$\",\"i\"),i=0;i<o.length;i++)o[i].style.display=\"none\";for(i=0;i<a.length;i++)s=a[i],e.source===s.contentWindow&&(s.removeAttribute(\"style\"),\"height\"===t.message?(1e3<(r=parseInt(t.value,10))?r=1e3:~~r<200&&(r=200),s.height=r):\"link\"===t.message&&(r=new URL(s.getAttribute(\"src\")),n=new URL(t.value),c.test(n.protocol))&&n.host===r.host&&l.activeElement===s&&(d.top.location.href=t.value))}},d.addEventListener(\"message\",d.wp.receiveEmbedMessage,!1),l.addEventListener(\"DOMContentLoaded\",function(){for(var e,t,s=l.querySelectorAll(\"iframe.wp-embedded-content\"),r=0;r<s.length;r++)(t=(e=s[r]).getAttribute(\"data-secret\"))||(t=Math.random().toString(36).substring(2,12),e.src+=\"#?secret=\"+t,e.setAttribute(\"data-secret\",t)),e.contentWindow.postMessage({message:\"ready\",secret:t},\"*\")},!1)))}(window,document);\n\/\/# sourceURL=https:\/\/fjala.info\/2009-2015\/wp-includes\/js\/wp-embed.min.js\n\/* ]]> *\/\n<\/script>\n","description":"Detaje t\u00eb patreguara, t\u00eb njeriut q\u00eb ka qeverisur vendin n\u00eb k\u00ebto 20 vite Naim Sara\u00e7i, tregon jet\u00ebn e ish-kardiologut, kur sh\u00ebrbente si mjek pran\u00eb an\u00ebtar\u00ebve t\u00eb Byros\u00eb Politike Berisha dhe Blloku\u00a0\u00a0 Shekulli, 22.06.2013 Nj\u00eb prej d\u00ebshmitar\u00ebve t\u00eb viteve &#8217;70-80 zbulon disa detaje t\u00eb r\u00ebnd\u00ebsishme nga veprimtaria e kardiologut Berisha n\u00eb sh\u00ebrbim t\u00eb udh\u00ebheq\u00ebsve kryesor\u00eb t\u00eb [&hellip;]","thumbnail_url":"http:\/\/www.fjala.info\/2013\/berisha_bllok.jpg"}