{"version":"1.0","provider_name":"FjALA e LIR\u00cb - Arkivi","provider_url":"https:\/\/fjala.info\/2009-2015","author_name":"admin","author_url":"https:\/\/fjala.info\/2009-2015\/author\/admin\/","title":"'Revolucioni i Bardh\u00eb' i Edi Ram\u00ebs - FjALA e LIR\u00cb - Arkivi","type":"rich","width":600,"height":338,"html":"<blockquote class=\"wp-embedded-content\" data-secret=\"UGDl2TnTme\"><a href=\"https:\/\/fjala.info\/2009-2015\/revolucioni-i-bardhe-i-edi-rames\/\">&#8216;Revolucioni i Bardh\u00eb&#8217; i Edi Ram\u00ebs<\/a><\/blockquote><iframe sandbox=\"allow-scripts\" security=\"restricted\" src=\"https:\/\/fjala.info\/2009-2015\/revolucioni-i-bardhe-i-edi-rames\/embed\/#?secret=UGDl2TnTme\" width=\"600\" height=\"338\" title=\"&#8220;&#8216;Revolucioni i Bardh\u00eb&#8217; i Edi Ram\u00ebs&#8221; &#8212; FjALA e LIR\u00cb - Arkivi\" data-secret=\"UGDl2TnTme\" frameborder=\"0\" marginwidth=\"0\" marginheight=\"0\" scrolling=\"no\" class=\"wp-embedded-content\"><\/iframe><script type=\"text\/javascript\">\n\/* <![CDATA[ *\/\n\/*! This file is auto-generated *\/\n!function(d,l){\"use strict\";l.querySelector&&d.addEventListener&&\"undefined\"!=typeof URL&&(d.wp=d.wp||{},d.wp.receiveEmbedMessage||(d.wp.receiveEmbedMessage=function(e){var t=e.data;if((t||t.secret||t.message||t.value)&&!\/[^a-zA-Z0-9]\/.test(t.secret)){for(var s,r,n,a=l.querySelectorAll('iframe[data-secret=\"'+t.secret+'\"]'),o=l.querySelectorAll('blockquote[data-secret=\"'+t.secret+'\"]'),c=new RegExp(\"^https?:$\",\"i\"),i=0;i<o.length;i++)o[i].style.display=\"none\";for(i=0;i<a.length;i++)s=a[i],e.source===s.contentWindow&&(s.removeAttribute(\"style\"),\"height\"===t.message?(1e3<(r=parseInt(t.value,10))?r=1e3:~~r<200&&(r=200),s.height=r):\"link\"===t.message&&(r=new URL(s.getAttribute(\"src\")),n=new URL(t.value),c.test(n.protocol))&&n.host===r.host&&l.activeElement===s&&(d.top.location.href=t.value))}},d.addEventListener(\"message\",d.wp.receiveEmbedMessage,!1),l.addEventListener(\"DOMContentLoaded\",function(){for(var e,t,s=l.querySelectorAll(\"iframe.wp-embedded-content\"),r=0;r<s.length;r++)(t=(e=s[r]).getAttribute(\"data-secret\"))||(t=Math.random().toString(36).substring(2,12),e.src+=\"#?secret=\"+t,e.setAttribute(\"data-secret\",t)),e.contentWindow.postMessage({message:\"ready\",secret:t},\"*\")},!1)))}(window,document);\n\/\/# sourceURL=https:\/\/fjala.info\/2009-2015\/wp-includes\/js\/wp-embed.min.js\n\/* ]]> *\/\n<\/script>\n","description":"Bledar H. Prifti, 19.10.2010 &#8220;Revolucioni i Bardh\u00eb&#8221; \u00ebsht\u00eb nj\u00eb term q\u00eb i referohet reformave drastike q\u00eb nd\u00ebrmori mbreti i Iranit, Muhamed Reza Shah Pahlavi, n\u00eb vitin 1963, me q\u00ebllim p\u00ebr t\u00eb zgjeruar mb\u00ebshtetjen e tij popullore. Ky revolucion u konsiderua i bardh\u00eb p\u00ebr vet\u00eb faktin se ai nuk ishte si revolucionet e zakonshme, t\u00eb at\u00ebhershme, [&hellip;]","thumbnail_url":"http:\/\/fjala.shkoder.net\/wp-content\/uploads\/2010\/10\/rama_karikature-300x214.jpg"}