{"version":"1.0","provider_name":"FjALA e LIR\u00cb - Arkivi","provider_url":"https:\/\/fjala.info\/2009-2015","author_name":"admin","author_url":"https:\/\/fjala.info\/2009-2015\/author\/admin\/","title":"Reagim kund\u00ebr ngat\u00ebrrestarit fam\u00ebkeq Shefqet Krasniqit me artikullin \"Debati i gabuar rreth fes\u00eb\"! - FjALA e LIR\u00cb - Arkivi","type":"rich","width":600,"height":338,"html":"<blockquote class=\"wp-embedded-content\" data-secret=\"WbkY1H4IeW\"><a href=\"https:\/\/fjala.info\/2009-2015\/reagim-kunder-shefqet-krasniqit\/\">Reagim kund\u00ebr ngat\u00ebrrestarit fam\u00ebkeq Shefqet Krasniqit me artikullin &#8220;Debati i gabuar rreth fes\u00eb&#8221;!<\/a><\/blockquote><iframe sandbox=\"allow-scripts\" security=\"restricted\" src=\"https:\/\/fjala.info\/2009-2015\/reagim-kunder-shefqet-krasniqit\/embed\/#?secret=WbkY1H4IeW\" width=\"600\" height=\"338\" title=\"&#8220;Reagim kund\u00ebr ngat\u00ebrrestarit fam\u00ebkeq Shefqet Krasniqit me artikullin &#8220;Debati i gabuar rreth fes\u00eb&#8221;!&#8221; &#8212; FjALA e LIR\u00cb - Arkivi\" data-secret=\"WbkY1H4IeW\" frameborder=\"0\" marginwidth=\"0\" marginheight=\"0\" scrolling=\"no\" class=\"wp-embedded-content\"><\/iframe><script type=\"text\/javascript\">\n\/* <![CDATA[ *\/\n\/*! This file is auto-generated *\/\n!function(d,l){\"use strict\";l.querySelector&&d.addEventListener&&\"undefined\"!=typeof URL&&(d.wp=d.wp||{},d.wp.receiveEmbedMessage||(d.wp.receiveEmbedMessage=function(e){var t=e.data;if((t||t.secret||t.message||t.value)&&!\/[^a-zA-Z0-9]\/.test(t.secret)){for(var s,r,n,a=l.querySelectorAll('iframe[data-secret=\"'+t.secret+'\"]'),o=l.querySelectorAll('blockquote[data-secret=\"'+t.secret+'\"]'),c=new RegExp(\"^https?:$\",\"i\"),i=0;i<o.length;i++)o[i].style.display=\"none\";for(i=0;i<a.length;i++)s=a[i],e.source===s.contentWindow&&(s.removeAttribute(\"style\"),\"height\"===t.message?(1e3<(r=parseInt(t.value,10))?r=1e3:~~r<200&&(r=200),s.height=r):\"link\"===t.message&&(r=new URL(s.getAttribute(\"src\")),n=new URL(t.value),c.test(n.protocol))&&n.host===r.host&&l.activeElement===s&&(d.top.location.href=t.value))}},d.addEventListener(\"message\",d.wp.receiveEmbedMessage,!1),l.addEventListener(\"DOMContentLoaded\",function(){for(var e,t,s=l.querySelectorAll(\"iframe.wp-embedded-content\"),r=0;r<s.length;r++)(t=(e=s[r]).getAttribute(\"data-secret\"))||(t=Math.random().toString(36).substring(2,12),e.src+=\"#?secret=\"+t,e.setAttribute(\"data-secret\",t)),e.contentWindow.postMessage({message:\"ready\",secret:t},\"*\")},!1)))}(window,document);\n\/\/# sourceURL=https:\/\/fjala.info\/2009-2015\/wp-includes\/js\/wp-embed.min.js\n\/* ]]> *\/\n<\/script>\n","description":"Nga Rrezart Kalaja Duke u p\u00ebrpjekur n\u00eb propagand\u00ebn e vet boshe n\u00eb kultivimin dhe urrejtjen kund\u00ebr zhvillimit dhe kultur\u00ebs shqiptare n\u00eb etapat e shkall\u00ebs s\u00eb nivelit evropian n\u00eb rang komb\u00ebtar. Ky injorant me apetite antishqiptare fyen pjes\u00ebn d\u00ebrmuese t\u00eb intelektual\u00ebve shqiptar\u00eb dhe ata qeveritar\u00eb q\u00eb ngrehin z\u00ebrin nga q\u00ebndrimet fam\u00ebkeqe t\u00eb bandave kriminale, qe n\u00eb [&hellip;]","thumbnail_url":"http:\/\/www.fjala.info\/2014\/shefqet_krasniqi.jpg"}