{"version":"1.0","provider_name":"FjALA e LIR\u00cb - Arkivi","provider_url":"https:\/\/fjala.info\/2009-2015","author_name":"admin","author_url":"https:\/\/fjala.info\/2009-2015\/author\/admin\/","title":"Rama: Fatura, 260 milion\u00eb euro - FjALA e LIR\u00cb - Arkivi","type":"rich","width":600,"height":338,"html":"<blockquote class=\"wp-embedded-content\" data-secret=\"CTdUGDSlVh\"><a href=\"https:\/\/fjala.info\/2009-2015\/rama-fatura-260-milione-euro\/\">Rama: Fatura, 260 milion\u00eb euro<\/a><\/blockquote><iframe sandbox=\"allow-scripts\" security=\"restricted\" src=\"https:\/\/fjala.info\/2009-2015\/rama-fatura-260-milione-euro\/embed\/#?secret=CTdUGDSlVh\" width=\"600\" height=\"338\" title=\"&#8220;Rama: Fatura, 260 milion\u00eb euro&#8221; &#8212; FjALA e LIR\u00cb - Arkivi\" data-secret=\"CTdUGDSlVh\" frameborder=\"0\" marginwidth=\"0\" marginheight=\"0\" scrolling=\"no\" class=\"wp-embedded-content\"><\/iframe><script type=\"text\/javascript\">\n\/* <![CDATA[ *\/\n\/*! This file is auto-generated *\/\n!function(d,l){\"use strict\";l.querySelector&&d.addEventListener&&\"undefined\"!=typeof URL&&(d.wp=d.wp||{},d.wp.receiveEmbedMessage||(d.wp.receiveEmbedMessage=function(e){var t=e.data;if((t||t.secret||t.message||t.value)&&!\/[^a-zA-Z0-9]\/.test(t.secret)){for(var s,r,n,a=l.querySelectorAll('iframe[data-secret=\"'+t.secret+'\"]'),o=l.querySelectorAll('blockquote[data-secret=\"'+t.secret+'\"]'),c=new RegExp(\"^https?:$\",\"i\"),i=0;i<o.length;i++)o[i].style.display=\"none\";for(i=0;i<a.length;i++)s=a[i],e.source===s.contentWindow&&(s.removeAttribute(\"style\"),\"height\"===t.message?(1e3<(r=parseInt(t.value,10))?r=1e3:~~r<200&&(r=200),s.height=r):\"link\"===t.message&&(r=new URL(s.getAttribute(\"src\")),n=new URL(t.value),c.test(n.protocol))&&n.host===r.host&&l.activeElement===s&&(d.top.location.href=t.value))}},d.addEventListener(\"message\",d.wp.receiveEmbedMessage,!1),l.addEventListener(\"DOMContentLoaded\",function(){for(var e,t,s=l.querySelectorAll(\"iframe.wp-embedded-content\"),r=0;r<s.length;r++)(t=(e=s[r]).getAttribute(\"data-secret\"))||(t=Math.random().toString(36).substring(2,12),e.src+=\"#?secret=\"+t,e.setAttribute(\"data-secret\",t)),e.contentWindow.postMessage({message:\"ready\",secret:t},\"*\")},!1)))}(window,document);\n\/\/# sourceURL=https:\/\/fjala.info\/2009-2015\/wp-includes\/js\/wp-embed.min.js\n\/* ]]> *\/\n<\/script>\n","description":"Panorama, 08 Dhjetor 2010 Sipas tij, fatura q\u00eb shteti duhet t\u2019u paguaj\u00eb qytetar\u00ebve t\u00eb prekur nga p\u00ebrmbytja arrin n\u00eb 260 milion\u00eb euro. Partia Socialiste zhvilloi nj\u00eb mbledhje t\u00eb deputet\u00ebve socialist\u00eb posa\u00e7\u00ebrisht p\u00ebr problematik\u00ebn me t\u00eb cil\u00ebn po p\u00ebrballet vendi nga p\u00ebrmbytjet. \u201cNe kemi b\u00ebr\u00eb nj\u00eb llogari shum\u00eb t\u00eb thjesht\u00eb bazuar n\u00eb standardet europiane. Pra, si [&hellip;]","thumbnail_url":"http:\/\/fjala.shkoder.net\/wp-content\/uploads\/2010\/12\/permbytje_ne_shkoder-300x219.jpg"}