{"version":"1.0","provider_name":"FjALA e LIR\u00cb - Arkivi","provider_url":"https:\/\/fjala.info\/2009-2015","author_name":"admin","author_url":"https:\/\/fjala.info\/2009-2015\/author\/admin\/","title":"Qytetari i mir\u00eb Borat paguan pijet - FjALA e LIR\u00cb - Arkivi","type":"rich","width":600,"height":338,"html":"<blockquote class=\"wp-embedded-content\" data-secret=\"OUZeElSqcm\"><a href=\"https:\/\/fjala.info\/2009-2015\/qytetari-i-mire-borat-paguan-pijet\/\">Qytetari i mir\u00eb Borat paguan pijet<\/a><\/blockquote><iframe sandbox=\"allow-scripts\" security=\"restricted\" src=\"https:\/\/fjala.info\/2009-2015\/qytetari-i-mire-borat-paguan-pijet\/embed\/#?secret=OUZeElSqcm\" width=\"600\" height=\"338\" title=\"&#8220;Qytetari i mir\u00eb Borat paguan pijet&#8221; &#8212; FjALA e LIR\u00cb - Arkivi\" data-secret=\"OUZeElSqcm\" frameborder=\"0\" marginwidth=\"0\" marginheight=\"0\" scrolling=\"no\" class=\"wp-embedded-content\"><\/iframe><script type=\"text\/javascript\">\n\/* <![CDATA[ *\/\n\/*! This file is auto-generated *\/\n!function(d,l){\"use strict\";l.querySelector&&d.addEventListener&&\"undefined\"!=typeof URL&&(d.wp=d.wp||{},d.wp.receiveEmbedMessage||(d.wp.receiveEmbedMessage=function(e){var t=e.data;if((t||t.secret||t.message||t.value)&&!\/[^a-zA-Z0-9]\/.test(t.secret)){for(var s,r,n,a=l.querySelectorAll('iframe[data-secret=\"'+t.secret+'\"]'),o=l.querySelectorAll('blockquote[data-secret=\"'+t.secret+'\"]'),c=new RegExp(\"^https?:$\",\"i\"),i=0;i<o.length;i++)o[i].style.display=\"none\";for(i=0;i<a.length;i++)s=a[i],e.source===s.contentWindow&&(s.removeAttribute(\"style\"),\"height\"===t.message?(1e3<(r=parseInt(t.value,10))?r=1e3:~~r<200&&(r=200),s.height=r):\"link\"===t.message&&(r=new URL(s.getAttribute(\"src\")),n=new URL(t.value),c.test(n.protocol))&&n.host===r.host&&l.activeElement===s&&(d.top.location.href=t.value))}},d.addEventListener(\"message\",d.wp.receiveEmbedMessage,!1),l.addEventListener(\"DOMContentLoaded\",function(){for(var e,t,s=l.querySelectorAll(\"iframe.wp-embedded-content\"),r=0;r<s.length;r++)(t=(e=s[r]).getAttribute(\"data-secret\"))||(t=Math.random().toString(36).substring(2,12),e.src+=\"#?secret=\"+t,e.setAttribute(\"data-secret\",t)),e.contentWindow.postMessage({message:\"ready\",secret:t},\"*\")},!1)))}(window,document);\n\/\/# sourceURL=https:\/\/fjala.info\/2009-2015\/wp-includes\/js\/wp-embed.min.js\n\/* ]]> *\/\n<\/script>\n","description":"Nga Albin Kurti, 29 Shkurt 2012 Gilles Deleuze ka b\u00ebr\u00eb nj\u00eb seri interesante t\u00eb intervistave nga fundi i jet\u00ebs s\u00eb tij. Ato njihen si Abecedaire dhe p\u00ebrb\u00ebhen prej epizodave t\u00eb p\u00ebrsiatjeve filozofike t\u00eb atyp\u00ebratyshme t\u00eb Deleuze. P\u00ebr secil\u00ebn shkronj\u00eb \u00ebsht\u00eb zgjedhur nga nj\u00eb fjal\u00eb dhe mandej ajo \u00ebsht\u00eb fabrikuar n\u00eb koncept filozofik p\u00ebrbrenda pak minutave. [&hellip;]","thumbnail_url":"http:\/\/www.shkoder.net\/2012\/albin_kurti4.jpg"}