{"version":"1.0","provider_name":"FjALA e LIR\u00cb - Arkivi","provider_url":"https:\/\/fjala.info\/2009-2015","author_name":"admin","author_url":"https:\/\/fjala.info\/2009-2015\/author\/admin\/","title":"Qeverisje e dhunshme - FjALA e LIR\u00cb - Arkivi","type":"rich","width":600,"height":338,"html":"<blockquote class=\"wp-embedded-content\" data-secret=\"M3PiqQCzVk\"><a href=\"https:\/\/fjala.info\/2009-2015\/qeverisje-e-dhunshme\/\">Qeverisje e dhunshme<\/a><\/blockquote><iframe sandbox=\"allow-scripts\" security=\"restricted\" src=\"https:\/\/fjala.info\/2009-2015\/qeverisje-e-dhunshme\/embed\/#?secret=M3PiqQCzVk\" width=\"600\" height=\"338\" title=\"&#8220;Qeverisje e dhunshme&#8221; &#8212; FjALA e LIR\u00cb - Arkivi\" data-secret=\"M3PiqQCzVk\" frameborder=\"0\" marginwidth=\"0\" marginheight=\"0\" scrolling=\"no\" class=\"wp-embedded-content\"><\/iframe><script type=\"text\/javascript\">\n\/* <![CDATA[ *\/\n\/*! This file is auto-generated *\/\n!function(d,l){\"use strict\";l.querySelector&&d.addEventListener&&\"undefined\"!=typeof URL&&(d.wp=d.wp||{},d.wp.receiveEmbedMessage||(d.wp.receiveEmbedMessage=function(e){var t=e.data;if((t||t.secret||t.message||t.value)&&!\/[^a-zA-Z0-9]\/.test(t.secret)){for(var s,r,n,a=l.querySelectorAll('iframe[data-secret=\"'+t.secret+'\"]'),o=l.querySelectorAll('blockquote[data-secret=\"'+t.secret+'\"]'),c=new RegExp(\"^https?:$\",\"i\"),i=0;i<o.length;i++)o[i].style.display=\"none\";for(i=0;i<a.length;i++)s=a[i],e.source===s.contentWindow&&(s.removeAttribute(\"style\"),\"height\"===t.message?(1e3<(r=parseInt(t.value,10))?r=1e3:~~r<200&&(r=200),s.height=r):\"link\"===t.message&&(r=new URL(s.getAttribute(\"src\")),n=new URL(t.value),c.test(n.protocol))&&n.host===r.host&&l.activeElement===s&&(d.top.location.href=t.value))}},d.addEventListener(\"message\",d.wp.receiveEmbedMessage,!1),l.addEventListener(\"DOMContentLoaded\",function(){for(var e,t,s=l.querySelectorAll(\"iframe.wp-embedded-content\"),r=0;r<s.length;r++)(t=(e=s[r]).getAttribute(\"data-secret\"))||(t=Math.random().toString(36).substring(2,12),e.src+=\"#?secret=\"+t,e.setAttribute(\"data-secret\",t)),e.contentWindow.postMessage({message:\"ready\",secret:t},\"*\")},!1)))}(window,document);\n\/\/# sourceURL=https:\/\/fjala.info\/2009-2015\/wp-includes\/js\/wp-embed.min.js\n\/* ]]> *\/\n<\/script>\n","description":"Arben Malaj, 10.07.2010 Kohet e fundit, veprimet e dhunshme t\u00eb Qeveris\u00eb, aksionet me sa m\u00eb shum\u00eb polic\u00eb, po r\u00ebndojn\u00eb negativisht ambientin shoq\u00ebror dhe politik n\u00eb vend. Prishjet n\u00eb Ksamil, Vlor\u00eb, Durr\u00ebs, Hamallaj, spontaniteti dhe klientelizmi me t\u00eb cil\u00ebn veprohet, fodull\u00ebku me t\u00eb cilin pozohet n\u00eb media, dhuna me t\u00eb cil\u00ebn reagohet ndaj qytetar\u00ebve, jo von\u00eb [&hellip;]","thumbnail_url":"http:\/\/www.shkoder.net\/images\/fjala\/arben_malaj.jpg"}