{"version":"1.0","provider_name":"FjALA e LIR\u00cb - Arkivi","provider_url":"https:\/\/fjala.info\/2009-2015","author_name":"admin","author_url":"https:\/\/fjala.info\/2009-2015\/author\/admin\/","title":"Pushtetar\u00ebt po ndihen suprem karshi popullit - FjALA e LIR\u00cb - Arkivi","type":"rich","width":600,"height":338,"html":"<blockquote class=\"wp-embedded-content\" data-secret=\"xsz1Gf42xg\"><a href=\"https:\/\/fjala.info\/2009-2015\/pushtetaret-po-ndihen-suprem-karshi-popullit\/\">Pushtetar\u00ebt po ndihen suprem karshi popullit<\/a><\/blockquote><iframe sandbox=\"allow-scripts\" security=\"restricted\" src=\"https:\/\/fjala.info\/2009-2015\/pushtetaret-po-ndihen-suprem-karshi-popullit\/embed\/#?secret=xsz1Gf42xg\" width=\"600\" height=\"338\" title=\"&#8220;Pushtetar\u00ebt po ndihen suprem karshi popullit&#8221; &#8212; FjALA e LIR\u00cb - Arkivi\" data-secret=\"xsz1Gf42xg\" frameborder=\"0\" marginwidth=\"0\" marginheight=\"0\" scrolling=\"no\" class=\"wp-embedded-content\"><\/iframe><script type=\"text\/javascript\">\n\/* <![CDATA[ *\/\n\/*! This file is auto-generated *\/\n!function(d,l){\"use strict\";l.querySelector&&d.addEventListener&&\"undefined\"!=typeof URL&&(d.wp=d.wp||{},d.wp.receiveEmbedMessage||(d.wp.receiveEmbedMessage=function(e){var t=e.data;if((t||t.secret||t.message||t.value)&&!\/[^a-zA-Z0-9]\/.test(t.secret)){for(var s,r,n,a=l.querySelectorAll('iframe[data-secret=\"'+t.secret+'\"]'),o=l.querySelectorAll('blockquote[data-secret=\"'+t.secret+'\"]'),c=new RegExp(\"^https?:$\",\"i\"),i=0;i<o.length;i++)o[i].style.display=\"none\";for(i=0;i<a.length;i++)s=a[i],e.source===s.contentWindow&&(s.removeAttribute(\"style\"),\"height\"===t.message?(1e3<(r=parseInt(t.value,10))?r=1e3:~~r<200&&(r=200),s.height=r):\"link\"===t.message&&(r=new URL(s.getAttribute(\"src\")),n=new URL(t.value),c.test(n.protocol))&&n.host===r.host&&l.activeElement===s&&(d.top.location.href=t.value))}},d.addEventListener(\"message\",d.wp.receiveEmbedMessage,!1),l.addEventListener(\"DOMContentLoaded\",function(){for(var e,t,s=l.querySelectorAll(\"iframe.wp-embedded-content\"),r=0;r<s.length;r++)(t=(e=s[r]).getAttribute(\"data-secret\"))||(t=Math.random().toString(36).substring(2,12),e.src+=\"#?secret=\"+t,e.setAttribute(\"data-secret\",t)),e.contentWindow.postMessage({message:\"ready\",secret:t},\"*\")},!1)))}(window,document);\n\/\/# sourceURL=https:\/\/fjala.info\/2009-2015\/wp-includes\/js\/wp-embed.min.js\n\/* ]]> *\/\n<\/script>\n","description":"V\u00ebshtrim Nga Sk\u00ebnder MULLIQI Sigurisht s\u00eb p\u00ebr fest\u00eb komb\u00ebtare do t\u00eb kisha d\u00ebshiruar q\u00eb mos t\u00eb shkruaj p\u00ebr at\u00eb q\u00eb do t\u00eb flas n\u00eb vazhdim t\u00eb k\u00ebtij shkrimi. Festa e Flamurit dhe secila fest\u00eb tjet\u00ebr komb\u00ebtare meriton t\u00eb shkruhet p\u00ebr te, nese p\u00ebr asgj\u00eb tjeter tua p\u00ebrkujton brezave t\u00eb rinj\u00eb historin\u00eb e lavdishme t\u00eb t\u00eb [&hellip;]","thumbnail_url":"http:\/\/www.fjala.info\/2015\/skender_mulliqi.jpg"}