{"version":"1.0","provider_name":"FjALA e LIR\u00cb - Arkivi","provider_url":"https:\/\/fjala.info\/2009-2015","author_name":"admin","author_url":"https:\/\/fjala.info\/2009-2015\/author\/admin\/","title":"Pranvera e vetmis\u00eb s\u00eb madhe - FjALA e LIR\u00cb - Arkivi","type":"rich","width":600,"height":338,"html":"<blockquote class=\"wp-embedded-content\" data-secret=\"F7g0sBUQw7\"><a href=\"https:\/\/fjala.info\/2009-2015\/pranvera-e-vetmise-se-madhe\/\">Pranvera e vetmis\u00eb s\u00eb madhe<\/a><\/blockquote><iframe sandbox=\"allow-scripts\" security=\"restricted\" src=\"https:\/\/fjala.info\/2009-2015\/pranvera-e-vetmise-se-madhe\/embed\/#?secret=F7g0sBUQw7\" width=\"600\" height=\"338\" title=\"&#8220;Pranvera e vetmis\u00eb s\u00eb madhe&#8221; &#8212; FjALA e LIR\u00cb - Arkivi\" data-secret=\"F7g0sBUQw7\" frameborder=\"0\" marginwidth=\"0\" marginheight=\"0\" scrolling=\"no\" class=\"wp-embedded-content\"><\/iframe><script type=\"text\/javascript\">\n\/* <![CDATA[ *\/\n\/*! This file is auto-generated *\/\n!function(d,l){\"use strict\";l.querySelector&&d.addEventListener&&\"undefined\"!=typeof URL&&(d.wp=d.wp||{},d.wp.receiveEmbedMessage||(d.wp.receiveEmbedMessage=function(e){var t=e.data;if((t||t.secret||t.message||t.value)&&!\/[^a-zA-Z0-9]\/.test(t.secret)){for(var s,r,n,a=l.querySelectorAll('iframe[data-secret=\"'+t.secret+'\"]'),o=l.querySelectorAll('blockquote[data-secret=\"'+t.secret+'\"]'),c=new RegExp(\"^https?:$\",\"i\"),i=0;i<o.length;i++)o[i].style.display=\"none\";for(i=0;i<a.length;i++)s=a[i],e.source===s.contentWindow&&(s.removeAttribute(\"style\"),\"height\"===t.message?(1e3<(r=parseInt(t.value,10))?r=1e3:~~r<200&&(r=200),s.height=r):\"link\"===t.message&&(r=new URL(s.getAttribute(\"src\")),n=new URL(t.value),c.test(n.protocol))&&n.host===r.host&&l.activeElement===s&&(d.top.location.href=t.value))}},d.addEventListener(\"message\",d.wp.receiveEmbedMessage,!1),l.addEventListener(\"DOMContentLoaded\",function(){for(var e,t,s=l.querySelectorAll(\"iframe.wp-embedded-content\"),r=0;r<s.length;r++)(t=(e=s[r]).getAttribute(\"data-secret\"))||(t=Math.random().toString(36).substring(2,12),e.src+=\"#?secret=\"+t,e.setAttribute(\"data-secret\",t)),e.contentWindow.postMessage({message:\"ready\",secret:t},\"*\")},!1)))}(window,document);\n\/\/# sourceURL=https:\/\/fjala.info\/2009-2015\/wp-includes\/js\/wp-embed.min.js\n\/* ]]> *\/\n<\/script>\n","description":"Nga Imer Mushkolaj, 19 Prill 2013 Sali Berisha \u00ebsht\u00eb kthyer n\u00eb njeri t\u00eb rreziksh\u00ebm p\u00ebr demokracin\u00eb dhe stabilitetin e Shqip\u00ebris\u00eb. Ai, thjesht, ka dal\u00eb nga kontrolli. S\u2019mund t\u2019i ndihmojn\u00eb dot as \u201caleat\u00ebt\u201d e Prishtin\u00ebs. Sali Berisha ka vendosur t\u00eb mos d\u00ebgjoj\u00eb Bruksel, as Uashington dhe i vetmuar t\u00eb kal\u00ebroj\u00eb drejt q\u00ebllimit t\u00eb tij p\u00ebr t\u00eb [&hellip;]","thumbnail_url":"http:\/\/www.fjala.info\/2012\/imer_mushkolaj.png"}