{"version":"1.0","provider_name":"FjALA e LIR\u00cb - Arkivi","provider_url":"https:\/\/fjala.info\/2009-2015","author_name":"admin","author_url":"https:\/\/fjala.info\/2009-2015\/author\/admin\/","title":"Politikan\u00ebt me vila n\u00eb fshatrat turistik\u00eb - FjALA e LIR\u00cb - Arkivi","type":"rich","width":600,"height":338,"html":"<blockquote class=\"wp-embedded-content\" data-secret=\"IeVJh3rm2G\"><a href=\"https:\/\/fjala.info\/2009-2015\/politikanet-me-vila-ne-fshatrat-turistike\/\">Politikan\u00ebt me vila n\u00eb fshatrat turistik\u00eb<\/a><\/blockquote><iframe sandbox=\"allow-scripts\" security=\"restricted\" src=\"https:\/\/fjala.info\/2009-2015\/politikanet-me-vila-ne-fshatrat-turistike\/embed\/#?secret=IeVJh3rm2G\" width=\"600\" height=\"338\" title=\"&#8220;Politikan\u00ebt me vila n\u00eb fshatrat turistik\u00eb&#8221; &#8212; FjALA e LIR\u00cb - Arkivi\" data-secret=\"IeVJh3rm2G\" frameborder=\"0\" marginwidth=\"0\" marginheight=\"0\" scrolling=\"no\" class=\"wp-embedded-content\"><\/iframe><script type=\"text\/javascript\">\n\/* <![CDATA[ *\/\n\/*! This file is auto-generated *\/\n!function(d,l){\"use strict\";l.querySelector&&d.addEventListener&&\"undefined\"!=typeof URL&&(d.wp=d.wp||{},d.wp.receiveEmbedMessage||(d.wp.receiveEmbedMessage=function(e){var t=e.data;if((t||t.secret||t.message||t.value)&&!\/[^a-zA-Z0-9]\/.test(t.secret)){for(var s,r,n,a=l.querySelectorAll('iframe[data-secret=\"'+t.secret+'\"]'),o=l.querySelectorAll('blockquote[data-secret=\"'+t.secret+'\"]'),c=new RegExp(\"^https?:$\",\"i\"),i=0;i<o.length;i++)o[i].style.display=\"none\";for(i=0;i<a.length;i++)s=a[i],e.source===s.contentWindow&&(s.removeAttribute(\"style\"),\"height\"===t.message?(1e3<(r=parseInt(t.value,10))?r=1e3:~~r<200&&(r=200),s.height=r):\"link\"===t.message&&(r=new URL(s.getAttribute(\"src\")),n=new URL(t.value),c.test(n.protocol))&&n.host===r.host&&l.activeElement===s&&(d.top.location.href=t.value))}},d.addEventListener(\"message\",d.wp.receiveEmbedMessage,!1),l.addEventListener(\"DOMContentLoaded\",function(){for(var e,t,s=l.querySelectorAll(\"iframe.wp-embedded-content\"),r=0;r<s.length;r++)(t=(e=s[r]).getAttribute(\"data-secret\"))||(t=Math.random().toString(36).substring(2,12),e.src+=\"#?secret=\"+t,e.setAttribute(\"data-secret\",t)),e.contentWindow.postMessage({message:\"ready\",secret:t},\"*\")},!1)))}(window,document);\n\/\/# sourceURL=https:\/\/fjala.info\/2009-2015\/wp-includes\/js\/wp-embed.min.js\n\/* ]]> *\/\n<\/script>\n","description":"Shekulli Online, 11.03.2011 Ligji i ri q\u00eb miratoi dje Parlamenti shqiptar n\u00eb nj\u00eb seanc\u00eb t\u00eb mbushur me debate ka n\u00eb thelb dh\u00ebnien e pron\u00ebsis\u00eb s\u00eb truallit t\u00eb gjith\u00eb personave q\u00eb kan\u00eb bler\u00eb vila dhe apartamente luksi n\u00eb fshatra turistik\u00eb. B\u00ebhet fjal\u00eb p\u00ebr fshatrat turistik\u00eb q\u00eb kan\u00eb dal\u00eb nga destinacioni duke nd\u00ebrtuar m\u00eb shum\u00eb se sa [&hellip;]","thumbnail_url":"http:\/\/fjala.shkoder.net\/wp-content\/uploads\/2011\/03\/vila_ilir_metes-300x200.jpg"}