{"version":"1.0","provider_name":"FjALA e LIR\u00cb - Arkivi","provider_url":"https:\/\/fjala.info\/2009-2015","author_name":"admin","author_url":"https:\/\/fjala.info\/2009-2015\/author\/admin\/","title":"Poezi nga Shaban Cakolli - FjALA e LIR\u00cb - Arkivi","type":"rich","width":600,"height":338,"html":"<blockquote class=\"wp-embedded-content\" data-secret=\"8qP3MgQOF4\"><a href=\"https:\/\/fjala.info\/2009-2015\/poezi-nga-shaban-cakolli-2\/\">Poezi nga Shaban Cakolli<\/a><\/blockquote><iframe sandbox=\"allow-scripts\" security=\"restricted\" src=\"https:\/\/fjala.info\/2009-2015\/poezi-nga-shaban-cakolli-2\/embed\/#?secret=8qP3MgQOF4\" width=\"600\" height=\"338\" title=\"&#8220;Poezi nga Shaban Cakolli&#8221; &#8212; FjALA e LIR\u00cb - Arkivi\" data-secret=\"8qP3MgQOF4\" frameborder=\"0\" marginwidth=\"0\" marginheight=\"0\" scrolling=\"no\" class=\"wp-embedded-content\"><\/iframe><script type=\"text\/javascript\">\n\/* <![CDATA[ *\/\n\/*! This file is auto-generated *\/\n!function(d,l){\"use strict\";l.querySelector&&d.addEventListener&&\"undefined\"!=typeof URL&&(d.wp=d.wp||{},d.wp.receiveEmbedMessage||(d.wp.receiveEmbedMessage=function(e){var t=e.data;if((t||t.secret||t.message||t.value)&&!\/[^a-zA-Z0-9]\/.test(t.secret)){for(var s,r,n,a=l.querySelectorAll('iframe[data-secret=\"'+t.secret+'\"]'),o=l.querySelectorAll('blockquote[data-secret=\"'+t.secret+'\"]'),c=new RegExp(\"^https?:$\",\"i\"),i=0;i<o.length;i++)o[i].style.display=\"none\";for(i=0;i<a.length;i++)s=a[i],e.source===s.contentWindow&&(s.removeAttribute(\"style\"),\"height\"===t.message?(1e3<(r=parseInt(t.value,10))?r=1e3:~~r<200&&(r=200),s.height=r):\"link\"===t.message&&(r=new URL(s.getAttribute(\"src\")),n=new URL(t.value),c.test(n.protocol))&&n.host===r.host&&l.activeElement===s&&(d.top.location.href=t.value))}},d.addEventListener(\"message\",d.wp.receiveEmbedMessage,!1),l.addEventListener(\"DOMContentLoaded\",function(){for(var e,t,s=l.querySelectorAll(\"iframe.wp-embedded-content\"),r=0;r<s.length;r++)(t=(e=s[r]).getAttribute(\"data-secret\"))||(t=Math.random().toString(36).substring(2,12),e.src+=\"#?secret=\"+t,e.setAttribute(\"data-secret\",t)),e.contentWindow.postMessage({message:\"ready\",secret:t},\"*\")},!1)))}(window,document);\n\/\/# sourceURL=https:\/\/fjala.info\/2009-2015\/wp-includes\/js\/wp-embed.min.js\n\/* ]]> *\/\n<\/script>\n","description":"Pak fjal\u00eb p\u00ebr autorin Shaban Cakolli u lind n\u00eb Krilev\u00eb t\u00eb Dardan\u00ebs (ish-Kamenic\u00eb). Shkoll\u00ebn fillore e kreu n\u00eb vendlindje, t\u00eb mesmen n\u00eb Dardan\u00eb, kurse studimet n\u00eb Fakultetin Filologjik t\u00eb Univerzitetit t\u00eb Prishtin\u00ebs. Me shkrime ka filluar t\u00eb merret qysh si nx\u00ebn\u00ebs. Shkruan poezi, proz\u00eb dhe publicistik\u00eb. Shkrimet e tij jan\u00eb botuar n\u00eb gazeta dhe revista [&hellip;]","thumbnail_url":"http:\/\/www.fjala.info\/2014\/shaban_cakolli.jpg"}