{"version":"1.0","provider_name":"FjALA e LIR\u00cb - Arkivi","provider_url":"https:\/\/fjala.info\/2009-2015","author_name":"admin","author_url":"https:\/\/fjala.info\/2009-2015\/author\/admin\/","title":"PLA\u00c7KITJA E VENDIT DHE D\u00cbNGLAT MORALE - FjALA e LIR\u00cb - Arkivi","type":"rich","width":600,"height":338,"html":"<blockquote class=\"wp-embedded-content\" data-secret=\"ZQZRA1hTUN\"><a href=\"https:\/\/fjala.info\/2009-2015\/plackitja-e-vendit-dhe-denglat-morale\/\">PLA\u00c7KITJA E VENDIT DHE D\u00cbNGLAT MORALE<\/a><\/blockquote><iframe sandbox=\"allow-scripts\" security=\"restricted\" src=\"https:\/\/fjala.info\/2009-2015\/plackitja-e-vendit-dhe-denglat-morale\/embed\/#?secret=ZQZRA1hTUN\" width=\"600\" height=\"338\" title=\"&#8220;PLA\u00c7KITJA E VENDIT DHE D\u00cbNGLAT MORALE&#8221; &#8212; FjALA e LIR\u00cb - Arkivi\" data-secret=\"ZQZRA1hTUN\" frameborder=\"0\" marginwidth=\"0\" marginheight=\"0\" scrolling=\"no\" class=\"wp-embedded-content\"><\/iframe><script type=\"text\/javascript\">\n\/* <![CDATA[ *\/\n\/*! This file is auto-generated *\/\n!function(d,l){\"use strict\";l.querySelector&&d.addEventListener&&\"undefined\"!=typeof URL&&(d.wp=d.wp||{},d.wp.receiveEmbedMessage||(d.wp.receiveEmbedMessage=function(e){var t=e.data;if((t||t.secret||t.message||t.value)&&!\/[^a-zA-Z0-9]\/.test(t.secret)){for(var s,r,n,a=l.querySelectorAll('iframe[data-secret=\"'+t.secret+'\"]'),o=l.querySelectorAll('blockquote[data-secret=\"'+t.secret+'\"]'),c=new RegExp(\"^https?:$\",\"i\"),i=0;i<o.length;i++)o[i].style.display=\"none\";for(i=0;i<a.length;i++)s=a[i],e.source===s.contentWindow&&(s.removeAttribute(\"style\"),\"height\"===t.message?(1e3<(r=parseInt(t.value,10))?r=1e3:~~r<200&&(r=200),s.height=r):\"link\"===t.message&&(r=new URL(s.getAttribute(\"src\")),n=new URL(t.value),c.test(n.protocol))&&n.host===r.host&&l.activeElement===s&&(d.top.location.href=t.value))}},d.addEventListener(\"message\",d.wp.receiveEmbedMessage,!1),l.addEventListener(\"DOMContentLoaded\",function(){for(var e,t,s=l.querySelectorAll(\"iframe.wp-embedded-content\"),r=0;r<s.length;r++)(t=(e=s[r]).getAttribute(\"data-secret\"))||(t=Math.random().toString(36).substring(2,12),e.src+=\"#?secret=\"+t,e.setAttribute(\"data-secret\",t)),e.contentWindow.postMessage({message:\"ready\",secret:t},\"*\")},!1)))}(window,document);\n\/\/# sourceURL=https:\/\/fjala.info\/2009-2015\/wp-includes\/js\/wp-embed.min.js\n\/* ]]> *\/\n<\/script>\n","description":"Mustafa Nano Zululand Para ca koh\u00ebsh, duke ndjekur nj\u00eb film dokumentar mbi nazizmin, m\u00eb mbeti n\u00eb mendje nj\u00eb fakt, q\u00eb m\u00eb trazoi n\u00eb m\u00ebnyr\u00eb t\u00eb ve\u00e7ant\u00eb. N\u00eb hyrje t\u00eb kampit t\u00eb famsh\u00ebm polak t\u00eb p\u00ebrqendrimit, Auschwitz-it, ishte shkruar me germa t\u00eb m\u00ebdha \u201carbeit macht frei\u201d. U trondita kur mora vesh kuptimin e k\u00ebsaj fraze n\u00eb [&hellip;]","thumbnail_url":"http:\/\/www.shkoder.net\/images\/fjala\/mustafa_nano.jpg"}