{"version":"1.0","provider_name":"FjALA e LIR\u00cb - Arkivi","provider_url":"https:\/\/fjala.info\/2009-2015","author_name":"admin","author_url":"https:\/\/fjala.info\/2009-2015\/author\/admin\/","title":"P\u00ebrse jan\u00eb kaq nervoz\u00eb f\u00ebmij\u00ebt e Berish\u00ebs - FjALA e LIR\u00cb - Arkivi","type":"rich","width":600,"height":338,"html":"<blockquote class=\"wp-embedded-content\" data-secret=\"j8ADa0SqsA\"><a href=\"https:\/\/fjala.info\/2009-2015\/perse-jane-kaq-nervoze-femijet-e-berishes\/\">P\u00ebrse jan\u00eb kaq nervoz\u00eb f\u00ebmij\u00ebt e Berish\u00ebs<\/a><\/blockquote><iframe sandbox=\"allow-scripts\" security=\"restricted\" src=\"https:\/\/fjala.info\/2009-2015\/perse-jane-kaq-nervoze-femijet-e-berishes\/embed\/#?secret=j8ADa0SqsA\" width=\"600\" height=\"338\" title=\"&#8220;P\u00ebrse jan\u00eb kaq nervoz\u00eb f\u00ebmij\u00ebt e Berish\u00ebs&#8221; &#8212; FjALA e LIR\u00cb - Arkivi\" data-secret=\"j8ADa0SqsA\" frameborder=\"0\" marginwidth=\"0\" marginheight=\"0\" scrolling=\"no\" class=\"wp-embedded-content\"><\/iframe><script type=\"text\/javascript\">\n\/* <![CDATA[ *\/\n\/*! This file is auto-generated *\/\n!function(d,l){\"use strict\";l.querySelector&&d.addEventListener&&\"undefined\"!=typeof URL&&(d.wp=d.wp||{},d.wp.receiveEmbedMessage||(d.wp.receiveEmbedMessage=function(e){var t=e.data;if((t||t.secret||t.message||t.value)&&!\/[^a-zA-Z0-9]\/.test(t.secret)){for(var s,r,n,a=l.querySelectorAll('iframe[data-secret=\"'+t.secret+'\"]'),o=l.querySelectorAll('blockquote[data-secret=\"'+t.secret+'\"]'),c=new RegExp(\"^https?:$\",\"i\"),i=0;i<o.length;i++)o[i].style.display=\"none\";for(i=0;i<a.length;i++)s=a[i],e.source===s.contentWindow&&(s.removeAttribute(\"style\"),\"height\"===t.message?(1e3<(r=parseInt(t.value,10))?r=1e3:~~r<200&&(r=200),s.height=r):\"link\"===t.message&&(r=new URL(s.getAttribute(\"src\")),n=new URL(t.value),c.test(n.protocol))&&n.host===r.host&&l.activeElement===s&&(d.top.location.href=t.value))}},d.addEventListener(\"message\",d.wp.receiveEmbedMessage,!1),l.addEventListener(\"DOMContentLoaded\",function(){for(var e,t,s=l.querySelectorAll(\"iframe.wp-embedded-content\"),r=0;r<s.length;r++)(t=(e=s[r]).getAttribute(\"data-secret\"))||(t=Math.random().toString(36).substring(2,12),e.src+=\"#?secret=\"+t,e.setAttribute(\"data-secret\",t)),e.contentWindow.postMessage({message:\"ready\",secret:t},\"*\")},!1)))}(window,document);\n\/\/# sourceURL=https:\/\/fjala.info\/2009-2015\/wp-includes\/js\/wp-embed.min.js\n\/* ]]> *\/\n<\/script>\n","description":"Nga Mero Baze, 6 Shkurt 2013 Shk\u00eblzen Berisha \u00ebsht\u00eb shfaqur publikisht n\u00eb media p\u00ebr t\u2019i k\u00ebrkuar llogari nj\u00eb deputeti socialist p\u00ebrse nuk \u00ebsht\u00eb paraqitur n\u00eb gjykat\u00eb n\u00eb seanc\u00eb gjyq\u00ebsore, n\u00eb nj\u00eb proces t\u00eb hapur prej tij. Nuk do t\u2019ia vlente t\u2019i kushtohej r\u00ebnd\u00ebsi zhurm\u00ebs rreth k\u00ebsaj deklarate, sikur ajo t\u00eb ishte v\u00ebrtet e bazuar tek [&hellip;]","thumbnail_url":"http:\/\/www.fjala.info\/2012\/mero_baze.jpg"}