{"version":"1.0","provider_name":"FjALA e LIR\u00cb - Arkivi","provider_url":"https:\/\/fjala.info\/2009-2015","author_name":"admin","author_url":"https:\/\/fjala.info\/2009-2015\/author\/admin\/","title":"P\u00ebrse Berisha nuk shkon n\u00eb Lazarat? - FjALA e LIR\u00cb - Arkivi","type":"rich","width":600,"height":338,"html":"<blockquote class=\"wp-embedded-content\" data-secret=\"ak3GVNc93d\"><a href=\"https:\/\/fjala.info\/2009-2015\/perse-berisha-nuk-shkon-ne-lazarat\/\">P\u00ebrse Berisha nuk shkon n\u00eb Lazarat?<\/a><\/blockquote><iframe sandbox=\"allow-scripts\" security=\"restricted\" src=\"https:\/\/fjala.info\/2009-2015\/perse-berisha-nuk-shkon-ne-lazarat\/embed\/#?secret=ak3GVNc93d\" width=\"600\" height=\"338\" title=\"&#8220;P\u00ebrse Berisha nuk shkon n\u00eb Lazarat?&#8221; &#8212; FjALA e LIR\u00cb - Arkivi\" data-secret=\"ak3GVNc93d\" frameborder=\"0\" marginwidth=\"0\" marginheight=\"0\" scrolling=\"no\" class=\"wp-embedded-content\"><\/iframe><script type=\"text\/javascript\">\n\/* <![CDATA[ *\/\n\/*! This file is auto-generated *\/\n!function(d,l){\"use strict\";l.querySelector&&d.addEventListener&&\"undefined\"!=typeof URL&&(d.wp=d.wp||{},d.wp.receiveEmbedMessage||(d.wp.receiveEmbedMessage=function(e){var t=e.data;if((t||t.secret||t.message||t.value)&&!\/[^a-zA-Z0-9]\/.test(t.secret)){for(var s,r,n,a=l.querySelectorAll('iframe[data-secret=\"'+t.secret+'\"]'),o=l.querySelectorAll('blockquote[data-secret=\"'+t.secret+'\"]'),c=new RegExp(\"^https?:$\",\"i\"),i=0;i<o.length;i++)o[i].style.display=\"none\";for(i=0;i<a.length;i++)s=a[i],e.source===s.contentWindow&&(s.removeAttribute(\"style\"),\"height\"===t.message?(1e3<(r=parseInt(t.value,10))?r=1e3:~~r<200&&(r=200),s.height=r):\"link\"===t.message&&(r=new URL(s.getAttribute(\"src\")),n=new URL(t.value),c.test(n.protocol))&&n.host===r.host&&l.activeElement===s&&(d.top.location.href=t.value))}},d.addEventListener(\"message\",d.wp.receiveEmbedMessage,!1),l.addEventListener(\"DOMContentLoaded\",function(){for(var e,t,s=l.querySelectorAll(\"iframe.wp-embedded-content\"),r=0;r<s.length;r++)(t=(e=s[r]).getAttribute(\"data-secret\"))||(t=Math.random().toString(36).substring(2,12),e.src+=\"#?secret=\"+t,e.setAttribute(\"data-secret\",t)),e.contentWindow.postMessage({message:\"ready\",secret:t},\"*\")},!1)))}(window,document);\n\/\/# sourceURL=https:\/\/fjala.info\/2009-2015\/wp-includes\/js\/wp-embed.min.js\n\/* ]]> *\/\n<\/script>\n","description":"Nga Mero Baze, 20 Maj 2013 M\u00eb b\u00ebri p\u00ebrshtypje d\u00ebshtimi i vizit\u00ebs s\u00eb Berish\u00ebs n\u00eb Gjirokast\u00ebr. Ai mblodhi rreth 2 mij\u00eb vet\u00eb n\u00eb nj\u00eb rreth-rrotullim n\u00eb lagjen 18 Shtatori n\u00eb Gjirokast\u00ebr, ku shumica ishin n\u00ebpun\u00ebs t\u00eb sjell\u00eb q\u00eb nga Tirana dhe t\u00eb pun\u00ebsuar lokal, dhe b\u00ebri nj\u00eb vizit\u00eb n\u00eb nj\u00eb fshat t\u00eb minoritetit grek, ku [&hellip;]","thumbnail_url":"http:\/\/www.fjala.info\/2012\/mero_baze.jpg"}