{"version":"1.0","provider_name":"FjALA e LIR\u00cb - Arkivi","provider_url":"https:\/\/fjala.info\/2009-2015","author_name":"admin","author_url":"https:\/\/fjala.info\/2009-2015\/author\/admin\/","title":"P\u00ebrpjekje p\u00ebr t\u00eb qet\u00ebsuar nj\u00eb z\u00eb racist - FjALA e LIR\u00cb - Arkivi","type":"rich","width":600,"height":338,"html":"<blockquote class=\"wp-embedded-content\" data-secret=\"5YwlU7tDJ3\"><a href=\"https:\/\/fjala.info\/2009-2015\/perpjekje-per-te-qetesuar-nje-ze-racist\/\">P\u00ebrpjekje p\u00ebr t\u00eb qet\u00ebsuar nj\u00eb z\u00eb racist<\/a><\/blockquote><iframe sandbox=\"allow-scripts\" security=\"restricted\" src=\"https:\/\/fjala.info\/2009-2015\/perpjekje-per-te-qetesuar-nje-ze-racist\/embed\/#?secret=5YwlU7tDJ3\" width=\"600\" height=\"338\" title=\"&#8220;P\u00ebrpjekje p\u00ebr t\u00eb qet\u00ebsuar nj\u00eb z\u00eb racist&#8221; &#8212; FjALA e LIR\u00cb - Arkivi\" data-secret=\"5YwlU7tDJ3\" frameborder=\"0\" marginwidth=\"0\" marginheight=\"0\" scrolling=\"no\" class=\"wp-embedded-content\"><\/iframe><script type=\"text\/javascript\">\n\/* <![CDATA[ *\/\n\/*! This file is auto-generated *\/\n!function(d,l){\"use strict\";l.querySelector&&d.addEventListener&&\"undefined\"!=typeof URL&&(d.wp=d.wp||{},d.wp.receiveEmbedMessage||(d.wp.receiveEmbedMessage=function(e){var t=e.data;if((t||t.secret||t.message||t.value)&&!\/[^a-zA-Z0-9]\/.test(t.secret)){for(var s,r,n,a=l.querySelectorAll('iframe[data-secret=\"'+t.secret+'\"]'),o=l.querySelectorAll('blockquote[data-secret=\"'+t.secret+'\"]'),c=new RegExp(\"^https?:$\",\"i\"),i=0;i<o.length;i++)o[i].style.display=\"none\";for(i=0;i<a.length;i++)s=a[i],e.source===s.contentWindow&&(s.removeAttribute(\"style\"),\"height\"===t.message?(1e3<(r=parseInt(t.value,10))?r=1e3:~~r<200&&(r=200),s.height=r):\"link\"===t.message&&(r=new URL(s.getAttribute(\"src\")),n=new URL(t.value),c.test(n.protocol))&&n.host===r.host&&l.activeElement===s&&(d.top.location.href=t.value))}},d.addEventListener(\"message\",d.wp.receiveEmbedMessage,!1),l.addEventListener(\"DOMContentLoaded\",function(){for(var e,t,s=l.querySelectorAll(\"iframe.wp-embedded-content\"),r=0;r<s.length;r++)(t=(e=s[r]).getAttribute(\"data-secret\"))||(t=Math.random().toString(36).substring(2,12),e.src+=\"#?secret=\"+t,e.setAttribute(\"data-secret\",t)),e.contentWindow.postMessage({message:\"ready\",secret:t},\"*\")},!1)))}(window,document);\n\/\/# sourceURL=https:\/\/fjala.info\/2009-2015\/wp-includes\/js\/wp-embed.min.js\n\/* ]]> *\/\n<\/script>\n","description":"Nga Mero Baze, 28 Shkurt 2012 Zoti Domenick G. Scaglione! E mora letr\u00ebn tuaj, shum\u00eb nervoze, t\u00eb keqkuptuar dhe armiq\u00ebsore. Ishte e udh\u00ebs t\u00eb merrja nj\u00eb p\u00ebrgjigje nga zoti Granoff, n\u00ebse kjo let\u00ebr paska qen\u00eb kaq shum\u00eb shqet\u00ebsuese p\u00ebr t\u00eb. \u00cbsht\u00eb praktik\u00eb q\u00eb shpesh vart\u00ebsit shkruajn\u00eb ne em\u00ebr t\u00eb shefave dhe \u00ebsht\u00eb ndoshta rasti i [&hellip;]","thumbnail_url":"http:\/\/www.shkoder.net\/images\/fjala\/mero_baze1.jpg"}