{"version":"1.0","provider_name":"FjALA e LIR\u00cb - Arkivi","provider_url":"https:\/\/fjala.info\/2009-2015","author_name":"admin","author_url":"https:\/\/fjala.info\/2009-2015\/author\/admin\/","title":"P\u00ebr maqedonasit, armiku m\u00eb i madh \u00ebsht\u00eb\u2026Shqip\u00ebria - FjALA e LIR\u00cb - Arkivi","type":"rich","width":600,"height":338,"html":"<blockquote class=\"wp-embedded-content\" data-secret=\"I6s1QDkxTT\"><a href=\"https:\/\/fjala.info\/2009-2015\/per-maqedonasit-armiku-me-i-madh-eshteshqiperia\/\">P\u00ebr maqedonasit, armiku m\u00eb i madh \u00ebsht\u00eb\u2026Shqip\u00ebria<\/a><\/blockquote><iframe sandbox=\"allow-scripts\" security=\"restricted\" src=\"https:\/\/fjala.info\/2009-2015\/per-maqedonasit-armiku-me-i-madh-eshteshqiperia\/embed\/#?secret=I6s1QDkxTT\" width=\"600\" height=\"338\" title=\"&#8220;P\u00ebr maqedonasit, armiku m\u00eb i madh \u00ebsht\u00eb\u2026Shqip\u00ebria&#8221; &#8212; FjALA e LIR\u00cb - Arkivi\" data-secret=\"I6s1QDkxTT\" frameborder=\"0\" marginwidth=\"0\" marginheight=\"0\" scrolling=\"no\" class=\"wp-embedded-content\"><\/iframe><script type=\"text\/javascript\">\n\/* <![CDATA[ *\/\n\/*! This file is auto-generated *\/\n!function(d,l){\"use strict\";l.querySelector&&d.addEventListener&&\"undefined\"!=typeof URL&&(d.wp=d.wp||{},d.wp.receiveEmbedMessage||(d.wp.receiveEmbedMessage=function(e){var t=e.data;if((t||t.secret||t.message||t.value)&&!\/[^a-zA-Z0-9]\/.test(t.secret)){for(var s,r,n,a=l.querySelectorAll('iframe[data-secret=\"'+t.secret+'\"]'),o=l.querySelectorAll('blockquote[data-secret=\"'+t.secret+'\"]'),c=new RegExp(\"^https?:$\",\"i\"),i=0;i<o.length;i++)o[i].style.display=\"none\";for(i=0;i<a.length;i++)s=a[i],e.source===s.contentWindow&&(s.removeAttribute(\"style\"),\"height\"===t.message?(1e3<(r=parseInt(t.value,10))?r=1e3:~~r<200&&(r=200),s.height=r):\"link\"===t.message&&(r=new URL(s.getAttribute(\"src\")),n=new URL(t.value),c.test(n.protocol))&&n.host===r.host&&l.activeElement===s&&(d.top.location.href=t.value))}},d.addEventListener(\"message\",d.wp.receiveEmbedMessage,!1),l.addEventListener(\"DOMContentLoaded\",function(){for(var e,t,s=l.querySelectorAll(\"iframe.wp-embedded-content\"),r=0;r<s.length;r++)(t=(e=s[r]).getAttribute(\"data-secret\"))||(t=Math.random().toString(36).substring(2,12),e.src+=\"#?secret=\"+t,e.setAttribute(\"data-secret\",t)),e.contentWindow.postMessage({message:\"ready\",secret:t},\"*\")},!1)))}(window,document);\n\/\/# sourceURL=https:\/\/fjala.info\/2009-2015\/wp-includes\/js\/wp-embed.min.js\n\/* ]]> *\/\n<\/script>\n","description":"TemA Online, 26 Maj 2013 M\u00eb shum\u00eb se 66 p\u00ebr qind e maqedonasve vler\u00ebsojn\u00eb se Serbia \u00ebsht\u00eb vendi m\u00eb miq\u00ebsor ndaj Maqedonis\u00eb, nd\u00ebrsa mbi 66 p\u00ebr qind mendojn\u00eb se Shqip\u00ebria nuk \u00ebsht\u00eb vend miq\u00ebsor me Maqedonin\u00eb. Anketa \u00ebsht\u00eb realizuar nga Instituti p\u00ebr hulumtimin e opinionit publik \u201cDimitrije \u00c7upovski\u201d nga data 17 \u2013 21 maj, ku [&hellip;]","thumbnail_url":"http:\/\/www.fjala.info\/2013\/tifozat_maqedon.jpg"}