{"version":"1.0","provider_name":"FjALA e LIR\u00cb - Arkivi","provider_url":"https:\/\/fjala.info\/2009-2015","author_name":"admin","author_url":"https:\/\/fjala.info\/2009-2015\/author\/admin\/","title":"P\u00ebr demokracin\u00eb q\u00eb nuk e shterr p\u00ebrfaq\u00ebsimi - FjALA e LIR\u00cb - Arkivi","type":"rich","width":600,"height":338,"html":"<blockquote class=\"wp-embedded-content\" data-secret=\"Jqiqe4UnFf\"><a href=\"https:\/\/fjala.info\/2009-2015\/per-demokracine-qe-nuk-e-shterr-perfaqesimi\/\">P\u00ebr demokracin\u00eb q\u00eb nuk e shterr p\u00ebrfaq\u00ebsimi<\/a><\/blockquote><iframe sandbox=\"allow-scripts\" security=\"restricted\" src=\"https:\/\/fjala.info\/2009-2015\/per-demokracine-qe-nuk-e-shterr-perfaqesimi\/embed\/#?secret=Jqiqe4UnFf\" width=\"600\" height=\"338\" title=\"&#8220;P\u00ebr demokracin\u00eb q\u00eb nuk e shterr p\u00ebrfaq\u00ebsimi&#8221; &#8212; FjALA e LIR\u00cb - Arkivi\" data-secret=\"Jqiqe4UnFf\" frameborder=\"0\" marginwidth=\"0\" marginheight=\"0\" scrolling=\"no\" class=\"wp-embedded-content\"><\/iframe><script type=\"text\/javascript\">\n\/* <![CDATA[ *\/\n\/*! This file is auto-generated *\/\n!function(d,l){\"use strict\";l.querySelector&&d.addEventListener&&\"undefined\"!=typeof URL&&(d.wp=d.wp||{},d.wp.receiveEmbedMessage||(d.wp.receiveEmbedMessage=function(e){var t=e.data;if((t||t.secret||t.message||t.value)&&!\/[^a-zA-Z0-9]\/.test(t.secret)){for(var s,r,n,a=l.querySelectorAll('iframe[data-secret=\"'+t.secret+'\"]'),o=l.querySelectorAll('blockquote[data-secret=\"'+t.secret+'\"]'),c=new RegExp(\"^https?:$\",\"i\"),i=0;i<o.length;i++)o[i].style.display=\"none\";for(i=0;i<a.length;i++)s=a[i],e.source===s.contentWindow&&(s.removeAttribute(\"style\"),\"height\"===t.message?(1e3<(r=parseInt(t.value,10))?r=1e3:~~r<200&&(r=200),s.height=r):\"link\"===t.message&&(r=new URL(s.getAttribute(\"src\")),n=new URL(t.value),c.test(n.protocol))&&n.host===r.host&&l.activeElement===s&&(d.top.location.href=t.value))}},d.addEventListener(\"message\",d.wp.receiveEmbedMessage,!1),l.addEventListener(\"DOMContentLoaded\",function(){for(var e,t,s=l.querySelectorAll(\"iframe.wp-embedded-content\"),r=0;r<s.length;r++)(t=(e=s[r]).getAttribute(\"data-secret\"))||(t=Math.random().toString(36).substring(2,12),e.src+=\"#?secret=\"+t,e.setAttribute(\"data-secret\",t)),e.contentWindow.postMessage({message:\"ready\",secret:t},\"*\")},!1)))}(window,document);\n\/\/# sourceURL=https:\/\/fjala.info\/2009-2015\/wp-includes\/js\/wp-embed.min.js\n\/* ]]> *\/\n<\/script>\n","description":"Albin Kurti, 01.07.2010 Nuk ka akademik apo studiues serioz q\u00eb nuk thot\u00eb se demokracia e reduktuar n\u00eb demokraci p\u00ebrfaq\u00ebsuese \u00ebsht\u00eb gjithsesi e pamjaftueshme. Ajo demokraci q\u00eb n\u00ebnkupton vet\u00ebm zgjedhje periodike p\u00ebr qytetar\u00ebt dhe deputet\u00eb n\u00eb Kuvend si p\u00ebrfaq\u00ebsues t\u00eb tyre, nuk jeton gjat\u00eb. Demokracia si demokraci p\u00ebrfaq\u00ebsuese, pa m\u00ebnyrat tjera, si demokracia pjes\u00ebmarr\u00ebse dhe demokracia [&hellip;]","thumbnail_url":"http:\/\/www.shkoder.net\/images\/fjala\/2010\/albin_kurti.jpg"}