{"version":"1.0","provider_name":"FjALA e LIR\u00cb - Arkivi","provider_url":"https:\/\/fjala.info\/2009-2015","author_name":"admin","author_url":"https:\/\/fjala.info\/2009-2015\/author\/admin\/","title":"P\u00cbR \u00c7FAR\u00cb VLEJN\u00cb DIJET E ZOT\u00cbSIT\u00cb? - FjALA e LIR\u00cb - Arkivi","type":"rich","width":600,"height":338,"html":"<blockquote class=\"wp-embedded-content\" data-secret=\"H9cVJ824wK\"><a href=\"https:\/\/fjala.info\/2009-2015\/per-cfare-vlejne-dijet-e-zotesite\/\">P\u00cbR \u00c7FAR\u00cb VLEJN\u00cb DIJET E ZOT\u00cbSIT\u00cb?<\/a><\/blockquote><iframe sandbox=\"allow-scripts\" security=\"restricted\" src=\"https:\/\/fjala.info\/2009-2015\/per-cfare-vlejne-dijet-e-zotesite\/embed\/#?secret=H9cVJ824wK\" width=\"600\" height=\"338\" title=\"&#8220;P\u00cbR \u00c7FAR\u00cb VLEJN\u00cb DIJET E ZOT\u00cbSIT\u00cb?&#8221; &#8212; FjALA e LIR\u00cb - Arkivi\" data-secret=\"H9cVJ824wK\" frameborder=\"0\" marginwidth=\"0\" marginheight=\"0\" scrolling=\"no\" class=\"wp-embedded-content\"><\/iframe><script type=\"text\/javascript\">\n\/* <![CDATA[ *\/\n\/*! This file is auto-generated *\/\n!function(d,l){\"use strict\";l.querySelector&&d.addEventListener&&\"undefined\"!=typeof URL&&(d.wp=d.wp||{},d.wp.receiveEmbedMessage||(d.wp.receiveEmbedMessage=function(e){var t=e.data;if((t||t.secret||t.message||t.value)&&!\/[^a-zA-Z0-9]\/.test(t.secret)){for(var s,r,n,a=l.querySelectorAll('iframe[data-secret=\"'+t.secret+'\"]'),o=l.querySelectorAll('blockquote[data-secret=\"'+t.secret+'\"]'),c=new RegExp(\"^https?:$\",\"i\"),i=0;i<o.length;i++)o[i].style.display=\"none\";for(i=0;i<a.length;i++)s=a[i],e.source===s.contentWindow&&(s.removeAttribute(\"style\"),\"height\"===t.message?(1e3<(r=parseInt(t.value,10))?r=1e3:~~r<200&&(r=200),s.height=r):\"link\"===t.message&&(r=new URL(s.getAttribute(\"src\")),n=new URL(t.value),c.test(n.protocol))&&n.host===r.host&&l.activeElement===s&&(d.top.location.href=t.value))}},d.addEventListener(\"message\",d.wp.receiveEmbedMessage,!1),l.addEventListener(\"DOMContentLoaded\",function(){for(var e,t,s=l.querySelectorAll(\"iframe.wp-embedded-content\"),r=0;r<s.length;r++)(t=(e=s[r]).getAttribute(\"data-secret\"))||(t=Math.random().toString(36).substring(2,12),e.src+=\"#?secret=\"+t,e.setAttribute(\"data-secret\",t)),e.contentWindow.postMessage({message:\"ready\",secret:t},\"*\")},!1)))}(window,document);\n\/\/# sourceURL=https:\/\/fjala.info\/2009-2015\/wp-includes\/js\/wp-embed.min.js\n\/* ]]> *\/\n<\/script>\n","description":"Mustafa Nano Zululand Ka ndonj\u00eb shqiptar, t\u00eb cilit nuk i \u00ebsht\u00eb dashur t\u00eb b\u00ebj\u00eb ndonj\u00eb nd\u00ebrhyrje te funksionar\u00eb e dinjitar\u00eb shtet\u00ebror\u00eb me q\u00ebllim q\u00eb t\u00eb mund\u00ebsoj\u00eb pun\u00ebsimin e nj\u00eb t\u00eb af\u00ebrmi? Nuk besoj, se ka. Edhe kur t\u00eb af\u00ebrmit tan\u00eb jan\u00eb t\u00eb dalluar apo t\u00eb dalluesh\u00ebm prej zot\u00ebsive t\u00eb tyre, ne prap\u00ebseprap\u00eb jemi t\u00eb prirur [&hellip;]","thumbnail_url":"http:\/\/www.shkoder.net\/images\/fjala\/mustafa_nano.jpg"}