{"version":"1.0","provider_name":"FjALA e LIR\u00cb - Arkivi","provider_url":"https:\/\/fjala.info\/2009-2015","author_name":"admin","author_url":"https:\/\/fjala.info\/2009-2015\/author\/admin\/","title":"Pashallar\u00ebt e rinj q\u00eb kan\u00eb privatizuar Shqip\u00ebrin\u00eb - FjALA e LIR\u00cb - Arkivi","type":"rich","width":600,"height":338,"html":"<blockquote class=\"wp-embedded-content\" data-secret=\"p5KSGtkJLg\"><a href=\"https:\/\/fjala.info\/2009-2015\/pashallaret-e-rinj-qe-kane-privatizuar-shqiperine\/\">Pashallar\u00ebt e rinj q\u00eb kan\u00eb privatizuar Shqip\u00ebrin\u00eb<\/a><\/blockquote><iframe sandbox=\"allow-scripts\" security=\"restricted\" src=\"https:\/\/fjala.info\/2009-2015\/pashallaret-e-rinj-qe-kane-privatizuar-shqiperine\/embed\/#?secret=p5KSGtkJLg\" width=\"600\" height=\"338\" title=\"&#8220;Pashallar\u00ebt e rinj q\u00eb kan\u00eb privatizuar Shqip\u00ebrin\u00eb&#8221; &#8212; FjALA e LIR\u00cb - Arkivi\" data-secret=\"p5KSGtkJLg\" frameborder=\"0\" marginwidth=\"0\" marginheight=\"0\" scrolling=\"no\" class=\"wp-embedded-content\"><\/iframe><script type=\"text\/javascript\">\n\/* <![CDATA[ *\/\n\/*! This file is auto-generated *\/\n!function(d,l){\"use strict\";l.querySelector&&d.addEventListener&&\"undefined\"!=typeof URL&&(d.wp=d.wp||{},d.wp.receiveEmbedMessage||(d.wp.receiveEmbedMessage=function(e){var t=e.data;if((t||t.secret||t.message||t.value)&&!\/[^a-zA-Z0-9]\/.test(t.secret)){for(var s,r,n,a=l.querySelectorAll('iframe[data-secret=\"'+t.secret+'\"]'),o=l.querySelectorAll('blockquote[data-secret=\"'+t.secret+'\"]'),c=new RegExp(\"^https?:$\",\"i\"),i=0;i<o.length;i++)o[i].style.display=\"none\";for(i=0;i<a.length;i++)s=a[i],e.source===s.contentWindow&&(s.removeAttribute(\"style\"),\"height\"===t.message?(1e3<(r=parseInt(t.value,10))?r=1e3:~~r<200&&(r=200),s.height=r):\"link\"===t.message&&(r=new URL(s.getAttribute(\"src\")),n=new URL(t.value),c.test(n.protocol))&&n.host===r.host&&l.activeElement===s&&(d.top.location.href=t.value))}},d.addEventListener(\"message\",d.wp.receiveEmbedMessage,!1),l.addEventListener(\"DOMContentLoaded\",function(){for(var e,t,s=l.querySelectorAll(\"iframe.wp-embedded-content\"),r=0;r<s.length;r++)(t=(e=s[r]).getAttribute(\"data-secret\"))||(t=Math.random().toString(36).substring(2,12),e.src+=\"#?secret=\"+t,e.setAttribute(\"data-secret\",t)),e.contentWindow.postMessage({message:\"ready\",secret:t},\"*\")},!1)))}(window,document);\n\/\/# sourceURL=https:\/\/fjala.info\/2009-2015\/wp-includes\/js\/wp-embed.min.js\n\/* ]]> *\/\n<\/script>\n","description":"Mentor Kikia Nj\u00eb ftes\u00eb p\u00ebr prokurorin\u00eb Mbr\u00ebm\u00eb, \u201cTop Channel\u201d solli nj\u00eb nga shembujt m\u00eb flagrant\u00eb t\u00eb konfliktit t\u00eb interesit, t\u00eb abuzimit me pushtetin, t\u00eb shkeljes s\u00eb ligjit dhe karshill\u00ebkut t\u00eb paprecedent\u00eb ndaj organeve shtet\u00ebrore. Nj\u00eb duzin\u00eb kryetar\u00ebsh n\u00eb komunat e Ersek\u00ebs dhe Librazhdit, komuna q\u00eb zot\u00ebrojn\u00eb pron\u00ebsin\u00eb mbi sip\u00ebrfaqet m\u00eb t\u00eb m\u00ebdha pyjore t\u00eb vendit, [&hellip;]","thumbnail_url":"http:\/\/fjala.shkoder.net\/wp-content\/uploads\/2010\/09\/mentor_kikia.jpg"}