{"version":"1.0","provider_name":"FjALA e LIR\u00cb - Arkivi","provider_url":"https:\/\/fjala.info\/2009-2015","author_name":"admin","author_url":"https:\/\/fjala.info\/2009-2015\/author\/admin\/","title":"Orikumi, Kakomeja dhe Turizmi - FjALA e LIR\u00cb - Arkivi","type":"rich","width":600,"height":338,"html":"<blockquote class=\"wp-embedded-content\" data-secret=\"2cb6YsuB0b\"><a href=\"https:\/\/fjala.info\/2009-2015\/orikumi-kakomeja-dhe-turizmi\/\">Orikumi, Kakomeja dhe Turizmi<\/a><\/blockquote><iframe sandbox=\"allow-scripts\" security=\"restricted\" src=\"https:\/\/fjala.info\/2009-2015\/orikumi-kakomeja-dhe-turizmi\/embed\/#?secret=2cb6YsuB0b\" width=\"600\" height=\"338\" title=\"&#8220;Orikumi, Kakomeja dhe Turizmi&#8221; &#8212; FjALA e LIR\u00cb - Arkivi\" data-secret=\"2cb6YsuB0b\" frameborder=\"0\" marginwidth=\"0\" marginheight=\"0\" scrolling=\"no\" class=\"wp-embedded-content\"><\/iframe><script type=\"text\/javascript\">\n\/* <![CDATA[ *\/\n\/*! This file is auto-generated *\/\n!function(d,l){\"use strict\";l.querySelector&&d.addEventListener&&\"undefined\"!=typeof URL&&(d.wp=d.wp||{},d.wp.receiveEmbedMessage||(d.wp.receiveEmbedMessage=function(e){var t=e.data;if((t||t.secret||t.message||t.value)&&!\/[^a-zA-Z0-9]\/.test(t.secret)){for(var s,r,n,a=l.querySelectorAll('iframe[data-secret=\"'+t.secret+'\"]'),o=l.querySelectorAll('blockquote[data-secret=\"'+t.secret+'\"]'),c=new RegExp(\"^https?:$\",\"i\"),i=0;i<o.length;i++)o[i].style.display=\"none\";for(i=0;i<a.length;i++)s=a[i],e.source===s.contentWindow&&(s.removeAttribute(\"style\"),\"height\"===t.message?(1e3<(r=parseInt(t.value,10))?r=1e3:~~r<200&&(r=200),s.height=r):\"link\"===t.message&&(r=new URL(s.getAttribute(\"src\")),n=new URL(t.value),c.test(n.protocol))&&n.host===r.host&&l.activeElement===s&&(d.top.location.href=t.value))}},d.addEventListener(\"message\",d.wp.receiveEmbedMessage,!1),l.addEventListener(\"DOMContentLoaded\",function(){for(var e,t,s=l.querySelectorAll(\"iframe.wp-embedded-content\"),r=0;r<s.length;r++)(t=(e=s[r]).getAttribute(\"data-secret\"))||(t=Math.random().toString(36).substring(2,12),e.src+=\"#?secret=\"+t,e.setAttribute(\"data-secret\",t)),e.contentWindow.postMessage({message:\"ready\",secret:t},\"*\")},!1)))}(window,document);\n\/\/# sourceURL=https:\/\/fjala.info\/2009-2015\/wp-includes\/js\/wp-embed.min.js\n\/* ]]> *\/\n<\/script>\n","description":"Eduard Zaloshnja, 31.10.2009 Q\u00eb shumica e qeveritar\u00ebve dhe ligjv\u00ebn\u00ebsve shqiptar\u00eb e ka t\u00eb qart\u00eb se valuta e emigracionit dhe e trafiqeve ilegale eventualisht do t\u00eb shteroj\u00eb nj\u00eb dit\u00eb, nuk duhet v\u00ebn\u00eb n\u00eb dyshim. Dhe kur ajo dit\u00eb t\u00eb vij\u00eb, ata do ta kuptojn\u00eb se valuta q\u00eb futet aktualisht n\u00eb Shqip\u00ebri nga burime normale nuk do [&hellip;]","thumbnail_url":"http:\/\/www.shkoder.net\/images\/fjala\/zaloshnja.jpg"}