{"version":"1.0","provider_name":"FjALA e LIR\u00cb - Arkivi","provider_url":"https:\/\/fjala.info\/2009-2015","author_name":"admin","author_url":"https:\/\/fjala.info\/2009-2015\/author\/admin\/","title":"Nuk ka falje p\u00ebr Presidentin - FjALA e LIR\u00cb - Arkivi","type":"rich","width":600,"height":338,"html":"<blockquote class=\"wp-embedded-content\" data-secret=\"ZYbudF8Pt9\"><a href=\"https:\/\/fjala.info\/2009-2015\/nuk-ka-falje-per-presidentin\/\">Nuk ka falje p\u00ebr Presidentin<\/a><\/blockquote><iframe sandbox=\"allow-scripts\" security=\"restricted\" src=\"https:\/\/fjala.info\/2009-2015\/nuk-ka-falje-per-presidentin\/embed\/#?secret=ZYbudF8Pt9\" width=\"600\" height=\"338\" title=\"&#8220;Nuk ka falje p\u00ebr Presidentin&#8221; &#8212; FjALA e LIR\u00cb - Arkivi\" data-secret=\"ZYbudF8Pt9\" frameborder=\"0\" marginwidth=\"0\" marginheight=\"0\" scrolling=\"no\" class=\"wp-embedded-content\"><\/iframe><script type=\"text\/javascript\">\n\/* <![CDATA[ *\/\n\/*! This file is auto-generated *\/\n!function(d,l){\"use strict\";l.querySelector&&d.addEventListener&&\"undefined\"!=typeof URL&&(d.wp=d.wp||{},d.wp.receiveEmbedMessage||(d.wp.receiveEmbedMessage=function(e){var t=e.data;if((t||t.secret||t.message||t.value)&&!\/[^a-zA-Z0-9]\/.test(t.secret)){for(var s,r,n,a=l.querySelectorAll('iframe[data-secret=\"'+t.secret+'\"]'),o=l.querySelectorAll('blockquote[data-secret=\"'+t.secret+'\"]'),c=new RegExp(\"^https?:$\",\"i\"),i=0;i<o.length;i++)o[i].style.display=\"none\";for(i=0;i<a.length;i++)s=a[i],e.source===s.contentWindow&&(s.removeAttribute(\"style\"),\"height\"===t.message?(1e3<(r=parseInt(t.value,10))?r=1e3:~~r<200&&(r=200),s.height=r):\"link\"===t.message&&(r=new URL(s.getAttribute(\"src\")),n=new URL(t.value),c.test(n.protocol))&&n.host===r.host&&l.activeElement===s&&(d.top.location.href=t.value))}},d.addEventListener(\"message\",d.wp.receiveEmbedMessage,!1),l.addEventListener(\"DOMContentLoaded\",function(){for(var e,t,s=l.querySelectorAll(\"iframe.wp-embedded-content\"),r=0;r<s.length;r++)(t=(e=s[r]).getAttribute(\"data-secret\"))||(t=Math.random().toString(36).substring(2,12),e.src+=\"#?secret=\"+t,e.setAttribute(\"data-secret\",t)),e.contentWindow.postMessage({message:\"ready\",secret:t},\"*\")},!1)))}(window,document);\n\/\/# sourceURL=https:\/\/fjala.info\/2009-2015\/wp-includes\/js\/wp-embed.min.js\n\/* ]]> *\/\n<\/script>\n","description":"Nga Afrim Krasniqi, GSH, 12.06.2010 Dy partit\u00eb e m\u00ebdha politike, PD e PS, nuk kan\u00eb b\u00ebr\u00eb ende asnj\u00eb hap p\u00ebr arritjen e nj\u00eb kompromisi politik p\u00ebr kriz\u00ebn politike, por kur b\u00ebhet fjal\u00eb p\u00ebr marr\u00ebveshje t\u00eb p\u00ebrbashk\u00ebta kund\u00ebr t\u00eb tret\u00ebve, ato p\u00ebrs\u00ebri jan\u00eb gati p\u00ebr cdo kompromis. M\u00eb 2008 dy pal\u00ebt brenda pak or\u00ebsh ndryshuan kushtetut\u00ebn [&hellip;]","thumbnail_url":"http:\/\/www.shkoder.net\/images\/fjala\/afrim_krasniqi.jpg"}