{"version":"1.0","provider_name":"FjALA e LIR\u00cb - Arkivi","provider_url":"https:\/\/fjala.info\/2009-2015","author_name":"admin","author_url":"https:\/\/fjala.info\/2009-2015\/author\/admin\/","title":"'Normaliteti' i nj\u00eb p\u00ebrbind\u00ebshi - FjALA e LIR\u00cb - Arkivi","type":"rich","width":600,"height":338,"html":"<blockquote class=\"wp-embedded-content\" data-secret=\"QEhVk6xZWz\"><a href=\"https:\/\/fjala.info\/2009-2015\/normaliteti-i-nje-perbindeshi\/\">&#8216;Normaliteti&#8217; i nj\u00eb p\u00ebrbind\u00ebshi<\/a><\/blockquote><iframe sandbox=\"allow-scripts\" security=\"restricted\" src=\"https:\/\/fjala.info\/2009-2015\/normaliteti-i-nje-perbindeshi\/embed\/#?secret=QEhVk6xZWz\" width=\"600\" height=\"338\" title=\"&#8220;&#8216;Normaliteti&#8217; i nj\u00eb p\u00ebrbind\u00ebshi&#8221; &#8212; FjALA e LIR\u00cb - Arkivi\" data-secret=\"QEhVk6xZWz\" frameborder=\"0\" marginwidth=\"0\" marginheight=\"0\" scrolling=\"no\" class=\"wp-embedded-content\"><\/iframe><script type=\"text\/javascript\">\n\/* <![CDATA[ *\/\n\/*! This file is auto-generated *\/\n!function(d,l){\"use strict\";l.querySelector&&d.addEventListener&&\"undefined\"!=typeof URL&&(d.wp=d.wp||{},d.wp.receiveEmbedMessage||(d.wp.receiveEmbedMessage=function(e){var t=e.data;if((t||t.secret||t.message||t.value)&&!\/[^a-zA-Z0-9]\/.test(t.secret)){for(var s,r,n,a=l.querySelectorAll('iframe[data-secret=\"'+t.secret+'\"]'),o=l.querySelectorAll('blockquote[data-secret=\"'+t.secret+'\"]'),c=new RegExp(\"^https?:$\",\"i\"),i=0;i<o.length;i++)o[i].style.display=\"none\";for(i=0;i<a.length;i++)s=a[i],e.source===s.contentWindow&&(s.removeAttribute(\"style\"),\"height\"===t.message?(1e3<(r=parseInt(t.value,10))?r=1e3:~~r<200&&(r=200),s.height=r):\"link\"===t.message&&(r=new URL(s.getAttribute(\"src\")),n=new URL(t.value),c.test(n.protocol))&&n.host===r.host&&l.activeElement===s&&(d.top.location.href=t.value))}},d.addEventListener(\"message\",d.wp.receiveEmbedMessage,!1),l.addEventListener(\"DOMContentLoaded\",function(){for(var e,t,s=l.querySelectorAll(\"iframe.wp-embedded-content\"),r=0;r<s.length;r++)(t=(e=s[r]).getAttribute(\"data-secret\"))||(t=Math.random().toString(36).substring(2,12),e.src+=\"#?secret=\"+t,e.setAttribute(\"data-secret\",t)),e.contentWindow.postMessage({message:\"ready\",secret:t},\"*\")},!1)))}(window,document);\n\/\/# sourceURL=https:\/\/fjala.info\/2009-2015\/wp-includes\/js\/wp-embed.min.js\n\/* ]]> *\/\n<\/script>\n","description":"Gordana Knezheviq, 04.11.2009 Karaxhiq synonte t&#8217;i frik\u00ebsoj\u00eb njer\u00ebzit deri n\u00eb vdekje, p\u00ebr t\u00eb lejuar ushtrin\u00eb t\u00eb hyj\u00eb n\u00eb qytet. Serb\u00ebt do t\u00eb ishin n\u00eb nj\u00ebr\u00ebn an\u00eb, mysliman\u00ebt n\u00eb tjetr\u00ebn. Sa p\u00ebr kroat\u00ebt, ata do t\u00eb ktheheshin n\u00eb Kroaci. Ai madje kishte ofruar autobus\u00eb, si &#8220;akt zem\u00ebrgjer\u00ebsie&#8221;. Plumbat e par\u00eb q\u00eb jan\u00eb shkrepur, shkat\u00ebrruan dritaret e [&hellip;]","thumbnail_url":"http:\/\/www.shkoder.net\/images\/fjala\/2009\/karaxhic.jpg"}