{"version":"1.0","provider_name":"FjALA e LIR\u00cb - Arkivi","provider_url":"https:\/\/fjala.info\/2009-2015","author_name":"admin","author_url":"https:\/\/fjala.info\/2009-2015\/author\/admin\/","title":"Nj\u00eb arsye m\u00eb shum\u00eb p\u00ebr rrotacion politik - FjALA e LIR\u00cb - Arkivi","type":"rich","width":600,"height":338,"html":"<blockquote class=\"wp-embedded-content\" data-secret=\"nR4JTHQ5wD\"><a href=\"https:\/\/fjala.info\/2009-2015\/nje-arsye-me-shume-per-rrotacion-politik\/\">Nj\u00eb arsye m\u00eb shum\u00eb p\u00ebr rrotacion politik<\/a><\/blockquote><iframe sandbox=\"allow-scripts\" security=\"restricted\" src=\"https:\/\/fjala.info\/2009-2015\/nje-arsye-me-shume-per-rrotacion-politik\/embed\/#?secret=nR4JTHQ5wD\" width=\"600\" height=\"338\" title=\"&#8220;Nj\u00eb arsye m\u00eb shum\u00eb p\u00ebr rrotacion politik&#8221; &#8212; FjALA e LIR\u00cb - Arkivi\" data-secret=\"nR4JTHQ5wD\" frameborder=\"0\" marginwidth=\"0\" marginheight=\"0\" scrolling=\"no\" class=\"wp-embedded-content\"><\/iframe><script type=\"text\/javascript\">\n\/* <![CDATA[ *\/\n\/*! This file is auto-generated *\/\n!function(d,l){\"use strict\";l.querySelector&&d.addEventListener&&\"undefined\"!=typeof URL&&(d.wp=d.wp||{},d.wp.receiveEmbedMessage||(d.wp.receiveEmbedMessage=function(e){var t=e.data;if((t||t.secret||t.message||t.value)&&!\/[^a-zA-Z0-9]\/.test(t.secret)){for(var s,r,n,a=l.querySelectorAll('iframe[data-secret=\"'+t.secret+'\"]'),o=l.querySelectorAll('blockquote[data-secret=\"'+t.secret+'\"]'),c=new RegExp(\"^https?:$\",\"i\"),i=0;i<o.length;i++)o[i].style.display=\"none\";for(i=0;i<a.length;i++)s=a[i],e.source===s.contentWindow&&(s.removeAttribute(\"style\"),\"height\"===t.message?(1e3<(r=parseInt(t.value,10))?r=1e3:~~r<200&&(r=200),s.height=r):\"link\"===t.message&&(r=new URL(s.getAttribute(\"src\")),n=new URL(t.value),c.test(n.protocol))&&n.host===r.host&&l.activeElement===s&&(d.top.location.href=t.value))}},d.addEventListener(\"message\",d.wp.receiveEmbedMessage,!1),l.addEventListener(\"DOMContentLoaded\",function(){for(var e,t,s=l.querySelectorAll(\"iframe.wp-embedded-content\"),r=0;r<s.length;r++)(t=(e=s[r]).getAttribute(\"data-secret\"))||(t=Math.random().toString(36).substring(2,12),e.src+=\"#?secret=\"+t,e.setAttribute(\"data-secret\",t)),e.contentWindow.postMessage({message:\"ready\",secret:t},\"*\")},!1)))}(window,document);\n\/\/# sourceURL=https:\/\/fjala.info\/2009-2015\/wp-includes\/js\/wp-embed.min.js\n\/* ]]> *\/\n<\/script>\n","description":"Dr. VANGJEL TAVO, 17 Prill 2013 Gjat\u00eb dy dekadave t\u00eb fundit, pavar\u00ebsisht konflikteve politike t\u00eb shpeshta, ne kemi arritur q\u00eb t\u00eb gjith\u00eb s\u00eb bashku t\u00eb hedhim disa themele baz\u00eb t\u00eb demokracis\u00eb. N\u00eb k\u00ebto 22 vite kemi luftuar dhe punuar q\u00eb t\u00eb nd\u00ebrtojm\u00eb nj\u00eb shtet q\u00eb i p\u00ebrngjason sado pak vendeve t\u00eb zhvilluara t\u00eb Europ\u00ebs dhe [&hellip;]","thumbnail_url":"http:\/\/www.fjala.info\/2013\/vangjel_tavo.jpg"}