{"version":"1.0","provider_name":"FjALA e LIR\u00cb - Arkivi","provider_url":"https:\/\/fjala.info\/2009-2015","author_name":"admin","author_url":"https:\/\/fjala.info\/2009-2015\/author\/admin\/","title":"N\u00ebpun\u00ebs do t\u00eb festojn\u00eb p\u00ebr t\u00eb papun\u00ebt - FjALA e LIR\u00cb - Arkivi","type":"rich","width":600,"height":338,"html":"<blockquote class=\"wp-embedded-content\" data-secret=\"gIKvvEbFyA\"><a href=\"https:\/\/fjala.info\/2009-2015\/nepunes-do-te-festojne-per-te-papunet\/\">N\u00ebpun\u00ebs do t\u00eb festojn\u00eb p\u00ebr t\u00eb papun\u00ebt<\/a><\/blockquote><iframe sandbox=\"allow-scripts\" security=\"restricted\" src=\"https:\/\/fjala.info\/2009-2015\/nepunes-do-te-festojne-per-te-papunet\/embed\/#?secret=gIKvvEbFyA\" width=\"600\" height=\"338\" title=\"&#8220;N\u00ebpun\u00ebs do t\u00eb festojn\u00eb p\u00ebr t\u00eb papun\u00ebt&#8221; &#8212; FjALA e LIR\u00cb - Arkivi\" data-secret=\"gIKvvEbFyA\" frameborder=\"0\" marginwidth=\"0\" marginheight=\"0\" scrolling=\"no\" class=\"wp-embedded-content\"><\/iframe><script type=\"text\/javascript\">\n\/* <![CDATA[ *\/\n\/*! This file is auto-generated *\/\n!function(d,l){\"use strict\";l.querySelector&&d.addEventListener&&\"undefined\"!=typeof URL&&(d.wp=d.wp||{},d.wp.receiveEmbedMessage||(d.wp.receiveEmbedMessage=function(e){var t=e.data;if((t||t.secret||t.message||t.value)&&!\/[^a-zA-Z0-9]\/.test(t.secret)){for(var s,r,n,a=l.querySelectorAll('iframe[data-secret=\"'+t.secret+'\"]'),o=l.querySelectorAll('blockquote[data-secret=\"'+t.secret+'\"]'),c=new RegExp(\"^https?:$\",\"i\"),i=0;i<o.length;i++)o[i].style.display=\"none\";for(i=0;i<a.length;i++)s=a[i],e.source===s.contentWindow&&(s.removeAttribute(\"style\"),\"height\"===t.message?(1e3<(r=parseInt(t.value,10))?r=1e3:~~r<200&&(r=200),s.height=r):\"link\"===t.message&&(r=new URL(s.getAttribute(\"src\")),n=new URL(t.value),c.test(n.protocol))&&n.host===r.host&&l.activeElement===s&&(d.top.location.href=t.value))}},d.addEventListener(\"message\",d.wp.receiveEmbedMessage,!1),l.addEventListener(\"DOMContentLoaded\",function(){for(var e,t,s=l.querySelectorAll(\"iframe.wp-embedded-content\"),r=0;r<s.length;r++)(t=(e=s[r]).getAttribute(\"data-secret\"))||(t=Math.random().toString(36).substring(2,12),e.src+=\"#?secret=\"+t,e.setAttribute(\"data-secret\",t)),e.contentWindow.postMessage({message:\"ready\",secret:t},\"*\")},!1)))}(window,document);\n\/\/# sourceURL=https:\/\/fjala.info\/2009-2015\/wp-includes\/js\/wp-embed.min.js\n\/* ]]> *\/\n<\/script>\n","description":"nga Pre\u00e7 Zogaj, 29 Prill 2010 N\u00eb dat\u00ebn 1 maj, nj\u00eb dit\u00eb pas protest\u00ebs s\u00eb opozit\u00ebs, qeveria ka planifikuar t\u00eb organizoj\u00eb n\u00eb Tiran\u00eb nj\u00eb koncert festiv, t\u00eb cilin do ta paraqes\u00eb si nj\u00eb miting t\u00eb mb\u00ebshtetesve t\u00eb saj, ashtu si\u00e7 b\u00ebri n\u00eb 8 dhjetor t\u00eb vitit t\u00eb kaluar. Q\u00ebllimi \u00ebsht\u00eb po ai: t\u00eb kund\u00ebrballancohet protesta [&hellip;]","thumbnail_url":"http:\/\/www.shkoder.net\/images\/fjala\/prec_zogaj.jpg"}