{"version":"1.0","provider_name":"FjALA e LIR\u00cb - Arkivi","provider_url":"https:\/\/fjala.info\/2009-2015","author_name":"admin","author_url":"https:\/\/fjala.info\/2009-2015\/author\/admin\/","title":"Ndjell\u00ebsit e rinj t\u00eb fatkeq\u00ebsis\u00eb s\u00eb Kosov\u00ebs - FjALA e LIR\u00cb - Arkivi","type":"rich","width":600,"height":338,"html":"<blockquote class=\"wp-embedded-content\" data-secret=\"7AOnjNNQ1N\"><a href=\"https:\/\/fjala.info\/2009-2015\/ndjellesit-e-rinj-te-fatkeqesise-se-kosoves\/\">Ndjell\u00ebsit e rinj t\u00eb fatkeq\u00ebsis\u00eb s\u00eb Kosov\u00ebs<\/a><\/blockquote><iframe sandbox=\"allow-scripts\" security=\"restricted\" src=\"https:\/\/fjala.info\/2009-2015\/ndjellesit-e-rinj-te-fatkeqesise-se-kosoves\/embed\/#?secret=7AOnjNNQ1N\" width=\"600\" height=\"338\" title=\"&#8220;Ndjell\u00ebsit e rinj t\u00eb fatkeq\u00ebsis\u00eb s\u00eb Kosov\u00ebs&#8221; &#8212; FjALA e LIR\u00cb - Arkivi\" data-secret=\"7AOnjNNQ1N\" frameborder=\"0\" marginwidth=\"0\" marginheight=\"0\" scrolling=\"no\" class=\"wp-embedded-content\"><\/iframe><script type=\"text\/javascript\">\n\/* <![CDATA[ *\/\n\/*! This file is auto-generated *\/\n!function(d,l){\"use strict\";l.querySelector&&d.addEventListener&&\"undefined\"!=typeof URL&&(d.wp=d.wp||{},d.wp.receiveEmbedMessage||(d.wp.receiveEmbedMessage=function(e){var t=e.data;if((t||t.secret||t.message||t.value)&&!\/[^a-zA-Z0-9]\/.test(t.secret)){for(var s,r,n,a=l.querySelectorAll('iframe[data-secret=\"'+t.secret+'\"]'),o=l.querySelectorAll('blockquote[data-secret=\"'+t.secret+'\"]'),c=new RegExp(\"^https?:$\",\"i\"),i=0;i<o.length;i++)o[i].style.display=\"none\";for(i=0;i<a.length;i++)s=a[i],e.source===s.contentWindow&&(s.removeAttribute(\"style\"),\"height\"===t.message?(1e3<(r=parseInt(t.value,10))?r=1e3:~~r<200&&(r=200),s.height=r):\"link\"===t.message&&(r=new URL(s.getAttribute(\"src\")),n=new URL(t.value),c.test(n.protocol))&&n.host===r.host&&l.activeElement===s&&(d.top.location.href=t.value))}},d.addEventListener(\"message\",d.wp.receiveEmbedMessage,!1),l.addEventListener(\"DOMContentLoaded\",function(){for(var e,t,s=l.querySelectorAll(\"iframe.wp-embedded-content\"),r=0;r<s.length;r++)(t=(e=s[r]).getAttribute(\"data-secret\"))||(t=Math.random().toString(36).substring(2,12),e.src+=\"#?secret=\"+t,e.setAttribute(\"data-secret\",t)),e.contentWindow.postMessage({message:\"ready\",secret:t},\"*\")},!1)))}(window,document);\n\/\/# sourceURL=https:\/\/fjala.info\/2009-2015\/wp-includes\/js\/wp-embed.min.js\n\/* ]]> *\/\n<\/script>\n","description":"Nga Mero Baze, 8 janar 2011 Nj\u00eb organizat\u00eb veteran\u00ebsh, q\u00eb p\u00ebrfaq\u00ebson ish- ushtar\u00eb t\u00eb Ushtris\u00eb \u00c7lirimtare t\u00eb Kosov\u00ebs, ka b\u00ebr\u00eb k\u00ebrc\u00ebnime verbale ndaj nj\u00eb gazetari t\u00eb njohur n\u00eb Kosov\u00eb, Halil Matoshi, p\u00ebr shkak t\u00eb q\u00ebndrimit t\u00eb tij kritik kryesisht ndaj kryeministrit Hashim Tha\u00e7i, me t\u00eb cilin identifikohen politikisht k\u00ebta \u201cveteran\u00eb\u201d. K\u00ebrc\u00ebnimi ndaj Matoshit pasoi fjalorin [&hellip;]","thumbnail_url":"http:\/\/fjala.shkoder.net\/wp-content\/uploads\/2010\/10\/mero_baze1.jpg"}