{"version":"1.0","provider_name":"FjALA e LIR\u00cb - Arkivi","provider_url":"https:\/\/fjala.info\/2009-2015","author_name":"admin","author_url":"https:\/\/fjala.info\/2009-2015\/author\/admin\/","title":"\u201cMr. 20 p\u00ebrqind\u00ebshi\u201d i Familjes Berisha - FjALA e LIR\u00cb - Arkivi","type":"rich","width":600,"height":338,"html":"<blockquote class=\"wp-embedded-content\" data-secret=\"tfzcPp6zSU\"><a href=\"https:\/\/fjala.info\/2009-2015\/mr-20-perqindeshi-i-familjes-berisha\/\">\u201cMr. 20 p\u00ebrqind\u00ebshi\u201d i Familjes Berisha<\/a><\/blockquote><iframe sandbox=\"allow-scripts\" security=\"restricted\" src=\"https:\/\/fjala.info\/2009-2015\/mr-20-perqindeshi-i-familjes-berisha\/embed\/#?secret=tfzcPp6zSU\" width=\"600\" height=\"338\" title=\"&#8220;\u201cMr. 20 p\u00ebrqind\u00ebshi\u201d i Familjes Berisha&#8221; &#8212; FjALA e LIR\u00cb - Arkivi\" data-secret=\"tfzcPp6zSU\" frameborder=\"0\" marginwidth=\"0\" marginheight=\"0\" scrolling=\"no\" class=\"wp-embedded-content\"><\/iframe><script type=\"text\/javascript\">\n\/* <![CDATA[ *\/\n\/*! This file is auto-generated *\/\n!function(d,l){\"use strict\";l.querySelector&&d.addEventListener&&\"undefined\"!=typeof URL&&(d.wp=d.wp||{},d.wp.receiveEmbedMessage||(d.wp.receiveEmbedMessage=function(e){var t=e.data;if((t||t.secret||t.message||t.value)&&!\/[^a-zA-Z0-9]\/.test(t.secret)){for(var s,r,n,a=l.querySelectorAll('iframe[data-secret=\"'+t.secret+'\"]'),o=l.querySelectorAll('blockquote[data-secret=\"'+t.secret+'\"]'),c=new RegExp(\"^https?:$\",\"i\"),i=0;i<o.length;i++)o[i].style.display=\"none\";for(i=0;i<a.length;i++)s=a[i],e.source===s.contentWindow&&(s.removeAttribute(\"style\"),\"height\"===t.message?(1e3<(r=parseInt(t.value,10))?r=1e3:~~r<200&&(r=200),s.height=r):\"link\"===t.message&&(r=new URL(s.getAttribute(\"src\")),n=new URL(t.value),c.test(n.protocol))&&n.host===r.host&&l.activeElement===s&&(d.top.location.href=t.value))}},d.addEventListener(\"message\",d.wp.receiveEmbedMessage,!1),l.addEventListener(\"DOMContentLoaded\",function(){for(var e,t,s=l.querySelectorAll(\"iframe.wp-embedded-content\"),r=0;r<s.length;r++)(t=(e=s[r]).getAttribute(\"data-secret\"))||(t=Math.random().toString(36).substring(2,12),e.src+=\"#?secret=\"+t,e.setAttribute(\"data-secret\",t)),e.contentWindow.postMessage({message:\"ready\",secret:t},\"*\")},!1)))}(window,document);\n\/\/# sourceURL=https:\/\/fjala.info\/2009-2015\/wp-includes\/js\/wp-embed.min.js\n\/* ]]> *\/\n<\/script>\n","description":"Nga Mero Baze Nj\u00eb vit m\u00eb par\u00eb, n\u00eb zyr\u00ebn time trokit\u00ebn dy qytetar\u00eb t\u00eb Orikumit, zonja Me\u00e7aj dhe zoti Xhuveli. Ishin p\u00ebrleshur me policin\u00eb dy dit\u00eb m\u00eb par\u00eb, pasi kishin tentuar t\u00eb ndalonin nj\u00eb kompani nd\u00ebrtimi q\u00eb do ngrinte nj\u00eb bllok pallatesh mbi nj\u00eb tok\u00eb, t\u00eb cil\u00ebn ata e konsideronin ende tok\u00eb t\u00eb ish- NB [&hellip;]","thumbnail_url":"http:\/\/fjala.shkoder.net\/wp-content\/uploads\/2010\/10\/mero_baze1.jpg"}