{"version":"1.0","provider_name":"FjALA e LIR\u00cb - Arkivi","provider_url":"https:\/\/fjala.info\/2009-2015","author_name":"admin","author_url":"https:\/\/fjala.info\/2009-2015\/author\/admin\/","title":"Metafora e dhembjes s\u00eb nj\u00eb poezie - FjALA e LIR\u00cb - Arkivi","type":"rich","width":600,"height":338,"html":"<blockquote class=\"wp-embedded-content\" data-secret=\"NzK67BGe90\"><a href=\"https:\/\/fjala.info\/2009-2015\/metafora-e-dhembjes-se-nje-poezie\/\">Metafora e dhembjes s\u00eb nj\u00eb poezie<\/a><\/blockquote><iframe sandbox=\"allow-scripts\" security=\"restricted\" src=\"https:\/\/fjala.info\/2009-2015\/metafora-e-dhembjes-se-nje-poezie\/embed\/#?secret=NzK67BGe90\" width=\"600\" height=\"338\" title=\"&#8220;Metafora e dhembjes s\u00eb nj\u00eb poezie&#8221; &#8212; FjALA e LIR\u00cb - Arkivi\" data-secret=\"NzK67BGe90\" frameborder=\"0\" marginwidth=\"0\" marginheight=\"0\" scrolling=\"no\" class=\"wp-embedded-content\"><\/iframe><script type=\"text\/javascript\">\n\/* <![CDATA[ *\/\n\/*! This file is auto-generated *\/\n!function(d,l){\"use strict\";l.querySelector&&d.addEventListener&&\"undefined\"!=typeof URL&&(d.wp=d.wp||{},d.wp.receiveEmbedMessage||(d.wp.receiveEmbedMessage=function(e){var t=e.data;if((t||t.secret||t.message||t.value)&&!\/[^a-zA-Z0-9]\/.test(t.secret)){for(var s,r,n,a=l.querySelectorAll('iframe[data-secret=\"'+t.secret+'\"]'),o=l.querySelectorAll('blockquote[data-secret=\"'+t.secret+'\"]'),c=new RegExp(\"^https?:$\",\"i\"),i=0;i<o.length;i++)o[i].style.display=\"none\";for(i=0;i<a.length;i++)s=a[i],e.source===s.contentWindow&&(s.removeAttribute(\"style\"),\"height\"===t.message?(1e3<(r=parseInt(t.value,10))?r=1e3:~~r<200&&(r=200),s.height=r):\"link\"===t.message&&(r=new URL(s.getAttribute(\"src\")),n=new URL(t.value),c.test(n.protocol))&&n.host===r.host&&l.activeElement===s&&(d.top.location.href=t.value))}},d.addEventListener(\"message\",d.wp.receiveEmbedMessage,!1),l.addEventListener(\"DOMContentLoaded\",function(){for(var e,t,s=l.querySelectorAll(\"iframe.wp-embedded-content\"),r=0;r<s.length;r++)(t=(e=s[r]).getAttribute(\"data-secret\"))||(t=Math.random().toString(36).substring(2,12),e.src+=\"#?secret=\"+t,e.setAttribute(\"data-secret\",t)),e.contentWindow.postMessage({message:\"ready\",secret:t},\"*\")},!1)))}(window,document);\n\/\/# sourceURL=https:\/\/fjala.info\/2009-2015\/wp-includes\/js\/wp-embed.min.js\n\/* ]]> *\/\n<\/script>\n","description":"Shefqet Dibrani, \u201d\u00cbnd\u00ebrr e nj\u00ebjt\u00eb tok\u00eb tjet\u00ebr\u201d, poezi, 2007 Shkruan: Naim KELMENDI Poeti m\u00ebrgimtar, i cili jeton dhe vepron prej koh\u00ebsh n\u00eb Zvic\u00ebr, ka botuar, pas disa librave t\u00eb tjer\u00eb t\u00eb suksessh\u00ebm t\u00eb poezis\u00eb, t\u00eb kritik\u00ebs letrare, t\u00eb publicistik\u00ebs etj, edhe librin m\u00eb t\u00eb ri me poezi: \u201d\u00cbnd\u00ebrr e nj\u00ebjt\u00eb tok\u00eb tjet\u00ebr\u201d. Kjo vep\u00ebr poetike [&hellip;]","thumbnail_url":"http:\/\/www.shkoder.net\/images\/fjala\/2010\/naim_kelmendi.jpg"}