{"version":"1.0","provider_name":"FjALA e LIR\u00cb - Arkivi","provider_url":"https:\/\/fjala.info\/2009-2015","author_name":"admin","author_url":"https:\/\/fjala.info\/2009-2015\/author\/admin\/","title":"Marketingu politik\u00eb - FjALA e LIR\u00cb - Arkivi","type":"rich","width":600,"height":338,"html":"<blockquote class=\"wp-embedded-content\" data-secret=\"8NtUi27nwY\"><a href=\"https:\/\/fjala.info\/2009-2015\/marketingu-politike\/\">Marketingu politik\u00eb<\/a><\/blockquote><iframe sandbox=\"allow-scripts\" security=\"restricted\" src=\"https:\/\/fjala.info\/2009-2015\/marketingu-politike\/embed\/#?secret=8NtUi27nwY\" width=\"600\" height=\"338\" title=\"&#8220;Marketingu politik\u00eb&#8221; &#8212; FjALA e LIR\u00cb - Arkivi\" data-secret=\"8NtUi27nwY\" frameborder=\"0\" marginwidth=\"0\" marginheight=\"0\" scrolling=\"no\" class=\"wp-embedded-content\"><\/iframe><script type=\"text\/javascript\">\n\/* <![CDATA[ *\/\n\/*! This file is auto-generated *\/\n!function(d,l){\"use strict\";l.querySelector&&d.addEventListener&&\"undefined\"!=typeof URL&&(d.wp=d.wp||{},d.wp.receiveEmbedMessage||(d.wp.receiveEmbedMessage=function(e){var t=e.data;if((t||t.secret||t.message||t.value)&&!\/[^a-zA-Z0-9]\/.test(t.secret)){for(var s,r,n,a=l.querySelectorAll('iframe[data-secret=\"'+t.secret+'\"]'),o=l.querySelectorAll('blockquote[data-secret=\"'+t.secret+'\"]'),c=new RegExp(\"^https?:$\",\"i\"),i=0;i<o.length;i++)o[i].style.display=\"none\";for(i=0;i<a.length;i++)s=a[i],e.source===s.contentWindow&&(s.removeAttribute(\"style\"),\"height\"===t.message?(1e3<(r=parseInt(t.value,10))?r=1e3:~~r<200&&(r=200),s.height=r):\"link\"===t.message&&(r=new URL(s.getAttribute(\"src\")),n=new URL(t.value),c.test(n.protocol))&&n.host===r.host&&l.activeElement===s&&(d.top.location.href=t.value))}},d.addEventListener(\"message\",d.wp.receiveEmbedMessage,!1),l.addEventListener(\"DOMContentLoaded\",function(){for(var e,t,s=l.querySelectorAll(\"iframe.wp-embedded-content\"),r=0;r<s.length;r++)(t=(e=s[r]).getAttribute(\"data-secret\"))||(t=Math.random().toString(36).substring(2,12),e.src+=\"#?secret=\"+t,e.setAttribute(\"data-secret\",t)),e.contentWindow.postMessage({message:\"ready\",secret:t},\"*\")},!1)))}(window,document);\n\/\/# sourceURL=https:\/\/fjala.info\/2009-2015\/wp-includes\/js\/wp-embed.min.js\n\/* ]]> *\/\n<\/script>\n","description":"V\u00ebshtrim Nga Sk\u00ebnder MULLIQI Shum\u00eb her\u00eb gjat\u00eb k\u00ebtyre viteve d\u00ebgjuam nga udh\u00ebheq\u00ebsit shtet\u00ebror aq shum\u00eb deklarata kontradiktore sa v\u00ebshtir\u00eb \u00ebsht\u00eb t\u00eb mbah\u00ebn n\u00eb mend. Shum\u00eb her\u00eb deri me tash d\u00ebgjuam s\u00eb k\u00ebt\u00eb vit apo vitin vijues Kosova do t\u00eb k\u00ebt\u00eb liberalizim t\u00eb vizave, dhe nuk ndodhi ashtu. Shum\u00eb her\u00eb d\u00ebgjuam nga pushtet s\u00eb do t\u00eb [&hellip;]","thumbnail_url":"http:\/\/www.fjala.info\/2015\/skender_mulliqi.jpg"}