{"version":"1.0","provider_name":"FjALA e LIR\u00cb - Arkivi","provider_url":"https:\/\/fjala.info\/2009-2015","author_name":"admin","author_url":"https:\/\/fjala.info\/2009-2015\/author\/admin\/","title":"LES FEUILLES MORTES (Nji Kang\u00eb Vjeshtet) - FjALA e LIR\u00cb - Arkivi","type":"rich","width":600,"height":338,"html":"<blockquote class=\"wp-embedded-content\" data-secret=\"GHpMupHZIT\"><a href=\"https:\/\/fjala.info\/2009-2015\/les-feuilles-mortes-nji-kange-vjeshtet\/\">LES FEUILLES MORTES (Nji Kang\u00eb Vjeshtet)<\/a><\/blockquote><iframe sandbox=\"allow-scripts\" security=\"restricted\" src=\"https:\/\/fjala.info\/2009-2015\/les-feuilles-mortes-nji-kange-vjeshtet\/embed\/#?secret=GHpMupHZIT\" width=\"600\" height=\"338\" title=\"&#8220;LES FEUILLES MORTES (Nji Kang\u00eb Vjeshtet)&#8221; &#8212; FjALA e LIR\u00cb - Arkivi\" data-secret=\"GHpMupHZIT\" frameborder=\"0\" marginwidth=\"0\" marginheight=\"0\" scrolling=\"no\" class=\"wp-embedded-content\"><\/iframe><script type=\"text\/javascript\">\n\/* <![CDATA[ *\/\n\/*! This file is auto-generated *\/\n!function(d,l){\"use strict\";l.querySelector&&d.addEventListener&&\"undefined\"!=typeof URL&&(d.wp=d.wp||{},d.wp.receiveEmbedMessage||(d.wp.receiveEmbedMessage=function(e){var t=e.data;if((t||t.secret||t.message||t.value)&&!\/[^a-zA-Z0-9]\/.test(t.secret)){for(var s,r,n,a=l.querySelectorAll('iframe[data-secret=\"'+t.secret+'\"]'),o=l.querySelectorAll('blockquote[data-secret=\"'+t.secret+'\"]'),c=new RegExp(\"^https?:$\",\"i\"),i=0;i<o.length;i++)o[i].style.display=\"none\";for(i=0;i<a.length;i++)s=a[i],e.source===s.contentWindow&&(s.removeAttribute(\"style\"),\"height\"===t.message?(1e3<(r=parseInt(t.value,10))?r=1e3:~~r<200&&(r=200),s.height=r):\"link\"===t.message&&(r=new URL(s.getAttribute(\"src\")),n=new URL(t.value),c.test(n.protocol))&&n.host===r.host&&l.activeElement===s&&(d.top.location.href=t.value))}},d.addEventListener(\"message\",d.wp.receiveEmbedMessage,!1),l.addEventListener(\"DOMContentLoaded\",function(){for(var e,t,s=l.querySelectorAll(\"iframe.wp-embedded-content\"),r=0;r<s.length;r++)(t=(e=s[r]).getAttribute(\"data-secret\"))||(t=Math.random().toString(36).substring(2,12),e.src+=\"#?secret=\"+t,e.setAttribute(\"data-secret\",t)),e.contentWindow.postMessage({message:\"ready\",secret:t},\"*\")},!1)))}(window,document);\n\/\/# sourceURL=https:\/\/fjala.info\/2009-2015\/wp-includes\/js\/wp-embed.min.js\n\/* ]]> *\/\n<\/script>\n","description":"Koloreto Cukali, 10.10.2010 Vjeshta ka ardhur. Me depresionin e vet, me gjethet, divorcet, lag\u00ebshtir\u00ebn, p\u00ebrmbytjet dhe pik\u00ebpyetjet. N\u00eb Tiran\u00ebn ku t\u00eb gjith\u00eb vrapojm\u00eb, dhe po rendim p\u00ebr n\u00eb kafene ku do t\u00eb rrim\u00eb me or\u00eb, ka koh\u00eb q\u00eb nuk ia v\u00ebm\u00eb veshin stin\u00ebve. Gjith\u00e7ka na konvertohet n\u00eb Dim\u00ebr-mb\u00ebshtillu se u b\u00eb ftoht\u00eb, ose Ver\u00eb &#8211; [&hellip;]"}