{"version":"1.0","provider_name":"FjALA e LIR\u00cb - Arkivi","provider_url":"https:\/\/fjala.info\/2009-2015","author_name":"admin","author_url":"https:\/\/fjala.info\/2009-2015\/author\/admin\/","title":"Legjendat e \u201cUjit t\u00eb Madh\u201d - FjALA e LIR\u00cb - Arkivi","type":"rich","width":600,"height":338,"html":"<blockquote class=\"wp-embedded-content\" data-secret=\"u9PzVfES5T\"><a href=\"https:\/\/fjala.info\/2009-2015\/legjendat-e-ujit-te-madh\/\">Legjendat e \u201cUjit t\u00eb Madh\u201d<\/a><\/blockquote><iframe sandbox=\"allow-scripts\" security=\"restricted\" src=\"https:\/\/fjala.info\/2009-2015\/legjendat-e-ujit-te-madh\/embed\/#?secret=u9PzVfES5T\" width=\"600\" height=\"338\" title=\"&#8220;Legjendat e \u201cUjit t\u00eb Madh\u201d&#8221; &#8212; FjALA e LIR\u00cb - Arkivi\" data-secret=\"u9PzVfES5T\" frameborder=\"0\" marginwidth=\"0\" marginheight=\"0\" scrolling=\"no\" class=\"wp-embedded-content\"><\/iframe><script type=\"text\/javascript\">\n\/* <![CDATA[ *\/\n\/*! This file is auto-generated *\/\n!function(d,l){\"use strict\";l.querySelector&&d.addEventListener&&\"undefined\"!=typeof URL&&(d.wp=d.wp||{},d.wp.receiveEmbedMessage||(d.wp.receiveEmbedMessage=function(e){var t=e.data;if((t||t.secret||t.message||t.value)&&!\/[^a-zA-Z0-9]\/.test(t.secret)){for(var s,r,n,a=l.querySelectorAll('iframe[data-secret=\"'+t.secret+'\"]'),o=l.querySelectorAll('blockquote[data-secret=\"'+t.secret+'\"]'),c=new RegExp(\"^https?:$\",\"i\"),i=0;i<o.length;i++)o[i].style.display=\"none\";for(i=0;i<a.length;i++)s=a[i],e.source===s.contentWindow&&(s.removeAttribute(\"style\"),\"height\"===t.message?(1e3<(r=parseInt(t.value,10))?r=1e3:~~r<200&&(r=200),s.height=r):\"link\"===t.message&&(r=new URL(s.getAttribute(\"src\")),n=new URL(t.value),c.test(n.protocol))&&n.host===r.host&&l.activeElement===s&&(d.top.location.href=t.value))}},d.addEventListener(\"message\",d.wp.receiveEmbedMessage,!1),l.addEventListener(\"DOMContentLoaded\",function(){for(var e,t,s=l.querySelectorAll(\"iframe.wp-embedded-content\"),r=0;r<s.length;r++)(t=(e=s[r]).getAttribute(\"data-secret\"))||(t=Math.random().toString(36).substring(2,12),e.src+=\"#?secret=\"+t,e.setAttribute(\"data-secret\",t)),e.contentWindow.postMessage({message:\"ready\",secret:t},\"*\")},!1)))}(window,document);\n\/\/# sourceURL=https:\/\/fjala.info\/2009-2015\/wp-includes\/js\/wp-embed.min.js\n\/* ]]> *\/\n<\/script>\n","description":"Fatos Baxhaku \u201cUji i Madh\u201d, k\u00ebshtu e quanin shkodran\u00ebt e vjet\u00ebr nj\u00eb v\u00ebrshim t\u00eb papar\u00eb t\u00eb uj\u00ebrave q\u00eb kishte ndodhur andej nga vitet \u201870 t\u00eb shekullit XIX. Meqen\u00ebse, n\u00eb krahasim me k\u00ebt\u00eb v\u00ebrshim, t\u00eb gjith\u00eb t\u00eb tjer\u00ebt mund t\u00eb quheshin t\u00eb vegj\u00ebl, at\u00ebher\u00eb gjith\u00e7ka ishte n\u00eb rregull. Me p\u00ebrmbytjen q\u00eb vinte befas \u201cprej gjithkah\u201d, prej [&hellip;]"}