{"version":"1.0","provider_name":"FjALA e LIR\u00cb - Arkivi","provider_url":"https:\/\/fjala.info\/2009-2015","author_name":"admin","author_url":"https:\/\/fjala.info\/2009-2015\/author\/admin\/","title":"Kush na hedh kund\u00ebr nj\u00ebri-tjetrit? - FjALA e LIR\u00cb - Arkivi","type":"rich","width":600,"height":338,"html":"<blockquote class=\"wp-embedded-content\" data-secret=\"O1BvxjmcXW\"><a href=\"https:\/\/fjala.info\/2009-2015\/kush-na-hedh-kunder-njeri-tjetrit\/\">Kush na hedh kund\u00ebr nj\u00ebri-tjetrit?<\/a><\/blockquote><iframe sandbox=\"allow-scripts\" security=\"restricted\" src=\"https:\/\/fjala.info\/2009-2015\/kush-na-hedh-kunder-njeri-tjetrit\/embed\/#?secret=O1BvxjmcXW\" width=\"600\" height=\"338\" title=\"&#8220;Kush na hedh kund\u00ebr nj\u00ebri-tjetrit?&#8221; &#8212; FjALA e LIR\u00cb - Arkivi\" data-secret=\"O1BvxjmcXW\" frameborder=\"0\" marginwidth=\"0\" marginheight=\"0\" scrolling=\"no\" class=\"wp-embedded-content\"><\/iframe><script type=\"text\/javascript\">\n\/* <![CDATA[ *\/\n\/*! This file is auto-generated *\/\n!function(d,l){\"use strict\";l.querySelector&&d.addEventListener&&\"undefined\"!=typeof URL&&(d.wp=d.wp||{},d.wp.receiveEmbedMessage||(d.wp.receiveEmbedMessage=function(e){var t=e.data;if((t||t.secret||t.message||t.value)&&!\/[^a-zA-Z0-9]\/.test(t.secret)){for(var s,r,n,a=l.querySelectorAll('iframe[data-secret=\"'+t.secret+'\"]'),o=l.querySelectorAll('blockquote[data-secret=\"'+t.secret+'\"]'),c=new RegExp(\"^https?:$\",\"i\"),i=0;i<o.length;i++)o[i].style.display=\"none\";for(i=0;i<a.length;i++)s=a[i],e.source===s.contentWindow&&(s.removeAttribute(\"style\"),\"height\"===t.message?(1e3<(r=parseInt(t.value,10))?r=1e3:~~r<200&&(r=200),s.height=r):\"link\"===t.message&&(r=new URL(s.getAttribute(\"src\")),n=new URL(t.value),c.test(n.protocol))&&n.host===r.host&&l.activeElement===s&&(d.top.location.href=t.value))}},d.addEventListener(\"message\",d.wp.receiveEmbedMessage,!1),l.addEventListener(\"DOMContentLoaded\",function(){for(var e,t,s=l.querySelectorAll(\"iframe.wp-embedded-content\"),r=0;r<s.length;r++)(t=(e=s[r]).getAttribute(\"data-secret\"))||(t=Math.random().toString(36).substring(2,12),e.src+=\"#?secret=\"+t,e.setAttribute(\"data-secret\",t)),e.contentWindow.postMessage({message:\"ready\",secret:t},\"*\")},!1)))}(window,document);\n\/\/# sourceURL=https:\/\/fjala.info\/2009-2015\/wp-includes\/js\/wp-embed.min.js\n\/* ]]> *\/\n<\/script>\n","description":"Nga Kico Blushi, 10.11.2010 Th\u00ebnia e Konic\u00ebs \u201carmiku m\u00eb madh i shqiptarit \u00ebsht\u00eb vet\u00eb shqiptari\u201d, sot mund t\u00eb shqiptohet edhe: \u201carmiku m\u00eb i madh i shqiptarit po b\u00ebhet vetvetja\u201d. Kjo sepse prej 20 vitesh nuk po dalim dot nga ng\u00ebr\u00e7i i tranzicionit, por edhe se p\u00ebr ne shqiptar\u00ebt evropjan\u00eb t\u00eb liberalizuar, dmth pa viza, \u201cpun\u00eb [&hellip;]","thumbnail_url":"http:\/\/fjala.shkoder.net\/wp-content\/uploads\/2010\/11\/kico_blushi.jpg"}