{"version":"1.0","provider_name":"FjALA e LIR\u00cb - Arkivi","provider_url":"https:\/\/fjala.info\/2009-2015","author_name":"admin","author_url":"https:\/\/fjala.info\/2009-2015\/author\/admin\/","title":"KULTURA DHE POLITIKA - FjALA e LIR\u00cb - Arkivi","type":"rich","width":600,"height":338,"html":"<blockquote class=\"wp-embedded-content\" data-secret=\"9XslcqWN52\"><a href=\"https:\/\/fjala.info\/2009-2015\/kultura-dhe-politika\/\">KULTURA DHE POLITIKA<\/a><\/blockquote><iframe sandbox=\"allow-scripts\" security=\"restricted\" src=\"https:\/\/fjala.info\/2009-2015\/kultura-dhe-politika\/embed\/#?secret=9XslcqWN52\" width=\"600\" height=\"338\" title=\"&#8220;KULTURA DHE POLITIKA&#8221; &#8212; FjALA e LIR\u00cb - Arkivi\" data-secret=\"9XslcqWN52\" frameborder=\"0\" marginwidth=\"0\" marginheight=\"0\" scrolling=\"no\" class=\"wp-embedded-content\"><\/iframe><script type=\"text\/javascript\">\n\/* <![CDATA[ *\/\n\/*! This file is auto-generated *\/\n!function(d,l){\"use strict\";l.querySelector&&d.addEventListener&&\"undefined\"!=typeof URL&&(d.wp=d.wp||{},d.wp.receiveEmbedMessage||(d.wp.receiveEmbedMessage=function(e){var t=e.data;if((t||t.secret||t.message||t.value)&&!\/[^a-zA-Z0-9]\/.test(t.secret)){for(var s,r,n,a=l.querySelectorAll('iframe[data-secret=\"'+t.secret+'\"]'),o=l.querySelectorAll('blockquote[data-secret=\"'+t.secret+'\"]'),c=new RegExp(\"^https?:$\",\"i\"),i=0;i<o.length;i++)o[i].style.display=\"none\";for(i=0;i<a.length;i++)s=a[i],e.source===s.contentWindow&&(s.removeAttribute(\"style\"),\"height\"===t.message?(1e3<(r=parseInt(t.value,10))?r=1e3:~~r<200&&(r=200),s.height=r):\"link\"===t.message&&(r=new URL(s.getAttribute(\"src\")),n=new URL(t.value),c.test(n.protocol))&&n.host===r.host&&l.activeElement===s&&(d.top.location.href=t.value))}},d.addEventListener(\"message\",d.wp.receiveEmbedMessage,!1),l.addEventListener(\"DOMContentLoaded\",function(){for(var e,t,s=l.querySelectorAll(\"iframe.wp-embedded-content\"),r=0;r<s.length;r++)(t=(e=s[r]).getAttribute(\"data-secret\"))||(t=Math.random().toString(36).substring(2,12),e.src+=\"#?secret=\"+t,e.setAttribute(\"data-secret\",t)),e.contentWindow.postMessage({message:\"ready\",secret:t},\"*\")},!1)))}(window,document);\n\/\/# sourceURL=https:\/\/fjala.info\/2009-2015\/wp-includes\/js\/wp-embed.min.js\n\/* ]]> *\/\n<\/script>\n","description":"Diskursi sociopolitik Aty ku ka koordinime t\u00eb veprimeve \u00ebsht\u00eb d\u00ebshmuar n\u00eb praktik\u00eb s\u00eb kultura dhe politika nuk e p\u00ebrjashtojn\u00eb nj\u00ebra tjetren por \u00ebsht\u00eb e kund\u00ebrta sepse ata zhvillohen paralelisht dhe e stimulojun\u00eb nj\u00ebra tjer\u00ebn. Tjet\u00ebr gj\u00eb \u00ebsht\u00eb qasja subjektive n\u00eb ket\u00eb aspekt nga indvidet mediok\u00ebr t\u00eb cil\u00ebt n\u00eb vende t\u00eb ndryshme udh\u00ebheq\u00ebse jan\u00eb vendosur jo [&hellip;]","thumbnail_url":"http:\/\/fjala.shkoder.net\/wp-content\/uploads\/2010\/11\/nail_draga.jpg"}