{"version":"1.0","provider_name":"FjALA e LIR\u00cb - Arkivi","provider_url":"https:\/\/fjala.info\/2009-2015","author_name":"admin","author_url":"https:\/\/fjala.info\/2009-2015\/author\/admin\/","title":"Kthimi apo kultivimi i trurit - FjALA e LIR\u00cb - Arkivi","type":"rich","width":600,"height":338,"html":"<blockquote class=\"wp-embedded-content\" data-secret=\"KVn0qUFnXB\"><a href=\"https:\/\/fjala.info\/2009-2015\/kthimi-apo-kultivimi-i-trurit\/\">Kthimi apo kultivimi i trurit<\/a><\/blockquote><iframe sandbox=\"allow-scripts\" security=\"restricted\" src=\"https:\/\/fjala.info\/2009-2015\/kthimi-apo-kultivimi-i-trurit\/embed\/#?secret=KVn0qUFnXB\" width=\"600\" height=\"338\" title=\"&#8220;Kthimi apo kultivimi i trurit&#8221; &#8212; FjALA e LIR\u00cb - Arkivi\" data-secret=\"KVn0qUFnXB\" frameborder=\"0\" marginwidth=\"0\" marginheight=\"0\" scrolling=\"no\" class=\"wp-embedded-content\"><\/iframe><script type=\"text\/javascript\">\n\/* <![CDATA[ *\/\n\/*! This file is auto-generated *\/\n!function(d,l){\"use strict\";l.querySelector&&d.addEventListener&&\"undefined\"!=typeof URL&&(d.wp=d.wp||{},d.wp.receiveEmbedMessage||(d.wp.receiveEmbedMessage=function(e){var t=e.data;if((t||t.secret||t.message||t.value)&&!\/[^a-zA-Z0-9]\/.test(t.secret)){for(var s,r,n,a=l.querySelectorAll('iframe[data-secret=\"'+t.secret+'\"]'),o=l.querySelectorAll('blockquote[data-secret=\"'+t.secret+'\"]'),c=new RegExp(\"^https?:$\",\"i\"),i=0;i<o.length;i++)o[i].style.display=\"none\";for(i=0;i<a.length;i++)s=a[i],e.source===s.contentWindow&&(s.removeAttribute(\"style\"),\"height\"===t.message?(1e3<(r=parseInt(t.value,10))?r=1e3:~~r<200&&(r=200),s.height=r):\"link\"===t.message&&(r=new URL(s.getAttribute(\"src\")),n=new URL(t.value),c.test(n.protocol))&&n.host===r.host&&l.activeElement===s&&(d.top.location.href=t.value))}},d.addEventListener(\"message\",d.wp.receiveEmbedMessage,!1),l.addEventListener(\"DOMContentLoaded\",function(){for(var e,t,s=l.querySelectorAll(\"iframe.wp-embedded-content\"),r=0;r<s.length;r++)(t=(e=s[r]).getAttribute(\"data-secret\"))||(t=Math.random().toString(36).substring(2,12),e.src+=\"#?secret=\"+t,e.setAttribute(\"data-secret\",t)),e.contentWindow.postMessage({message:\"ready\",secret:t},\"*\")},!1)))}(window,document);\n\/\/# sourceURL=https:\/\/fjala.info\/2009-2015\/wp-includes\/js\/wp-embed.min.js\n\/* ]]> *\/\n<\/script>\n","description":"Adri Nurellari Qoft\u00eb si pasoj\u00eb e zhvillimeve historike t\u00eb turbullta vendase e qoft\u00eb edhe si pasoj\u00eb e nivelit t\u00eb lart\u00eb t\u00eb emigracionit mes shqiptar\u00ebve, \u00ebsht\u00eb b\u00ebr\u00eb tashm\u00eb tradit\u00eb nj\u00ebshekullore q\u00eb ne t\u00eb hedhim syt\u00eb nga diaspora kur b\u00ebhet fjal\u00eb p\u00ebr t\u00eb gjetur individ\u00eb t\u00eb kualifikuar. Nevojat dhe politikat e vendit ton\u00eb p\u00ebr t\u00eb ashtuquajtur\u00ebn brain [&hellip;]","thumbnail_url":"http:\/\/fjala.shkoder.net\/wp-content\/uploads\/2010\/10\/adri_nurellari-150x128.jpg"}